{"id":6394,"date":"2020-11-03T16:33:29","date_gmt":"2020-11-03T15:33:29","guid":{"rendered":"https:\/\/ht-ost.com\/?page_id=6394"},"modified":"2020-11-03T16:46:00","modified_gmt":"2020-11-03T15:46:00","slug":"berichte-evangelisation","status":"publish","type":"page","link":"https:\/\/ht-ost.com\/de\/aktuelles\/berichte-evangelisation\/","title":{"rendered":"Berichte Evangelisation"},"content":{"rendered":"\t\t<div data-elementor-type=\"wp-post\" data-elementor-id=\"6394\" class=\"elementor elementor-6394\">\n\t\t\t\t\t\t<section class=\"elementor-section elementor-top-section elementor-element elementor-element-6a05e48 elementor-section-full_width elementor-section-height-default elementor-section-height-default\" data-id=\"6a05e48\" data-element_type=\"section\" data-e-type=\"section\" data-settings=\"{&quot;background_background&quot;:&quot;classic&quot;}\">\n\t\t\t\t\t\t\t<div class=\"elementor-background-overlay\"><\/div>\n\t\t\t\t\t\t\t<div class=\"elementor-container elementor-column-gap-default\">\n\t\t\t\t\t<div class=\"elementor-column elementor-col-100 elementor-top-column elementor-element elementor-element-9552dda\" data-id=\"9552dda\" data-element_type=\"column\" data-e-type=\"column\">\n\t\t\t<div class=\"elementor-widget-wrap elementor-element-populated\">\n\t\t\t\t\t\t<div class=\"elementor-element elementor-element-1f2ade0 elementor-widget elementor-widget-spacer\" data-id=\"1f2ade0\" data-element_type=\"widget\" data-e-type=\"widget\" data-widget_type=\"spacer.default\">\n\t\t\t\t<div class=\"elementor-widget-container\">\n\t\t\t\t\t\t\t<div class=\"elementor-spacer\">\n\t\t\t<div class=\"elementor-spacer-inner\"><\/div>\n\t\t<\/div>\n\t\t\t\t\t\t<\/div>\n\t\t\t\t<\/div>\n\t\t\t\t<div class=\"elementor-element elementor-element-eacfbfb elementor-widget elementor-widget-heading\" data-id=\"eacfbfb\" data-element_type=\"widget\" data-e-type=\"widget\" data-widget_type=\"heading.default\">\n\t\t\t\t<div class=\"elementor-widget-container\">\n\t\t\t\t\t<h1 class=\"elementor-heading-title elementor-size-default\">Evangelisation<\/h1>\t\t\t\t<\/div>\n\t\t\t\t<\/div>\n\t\t\t\t<div class=\"elementor-element elementor-element-f97c80b elementor-widget elementor-widget-heading\" data-id=\"f97c80b\" data-element_type=\"widget\" data-e-type=\"widget\" data-widget_type=\"heading.default\">\n\t\t\t\t<div class=\"elementor-widget-container\">\n\t\t\t\t\t<h3 class=\"elementor-heading-title elementor-size-default\">Alle Berichte<\/h3>\t\t\t\t<\/div>\n\t\t\t\t<\/div>\n\t\t\t\t<div class=\"elementor-element elementor-element-4eb1364 elementor-widget elementor-widget-spacer\" data-id=\"4eb1364\" data-element_type=\"widget\" data-e-type=\"widget\" data-widget_type=\"spacer.default\">\n\t\t\t\t<div class=\"elementor-widget-container\">\n\t\t\t\t\t\t\t<div class=\"elementor-spacer\">\n\t\t\t<div class=\"elementor-spacer-inner\"><\/div>\n\t\t<\/div>\n\t\t\t\t\t\t<\/div>\n\t\t\t\t<\/div>\n\t\t\t\t\t<\/div>\n\t\t<\/div>\n\t\t\t\t\t<\/div>\n\t\t<\/section>\n\t\t\t\t<section class=\"elementor-section elementor-top-section elementor-element elementor-element-e279727 elementor-section-full_width elementor-section-height-default elementor-section-height-default\" data-id=\"e279727\" data-element_type=\"section\" data-e-type=\"section\">\n\t\t\t\t\t\t\t<div class=\"elementor-background-overlay\"><\/div>\n\t\t\t\t\t\t\t<div class=\"elementor-container elementor-column-gap-no\">\n\t\t\t\t\t<div class=\"elementor-column elementor-col-100 elementor-top-column elementor-element elementor-element-c69e5e2\" data-id=\"c69e5e2\" data-element_type=\"column\" data-e-type=\"column\">\n\t\t\t<div class=\"elementor-widget-wrap elementor-element-populated\">\n\t\t\t\t\t\t<div class=\"elementor-element elementor-element-2c713c5 elementor-widget elementor-widget-spacer\" data-id=\"2c713c5\" data-element_type=\"widget\" data-e-type=\"widget\" data-widget_type=\"spacer.default\">\n\t\t\t\t<div class=\"elementor-widget-container\">\n\t\t\t\t\t\t\t<div class=\"elementor-spacer\">\n\t\t\t<div class=\"elementor-spacer-inner\"><\/div>\n\t\t<\/div>\n\t\t\t\t\t\t<\/div>\n\t\t\t\t<\/div>\n\t\t\t\t<section class=\"elementor-section elementor-inner-section elementor-element elementor-element-31a2fba elementor-section-full_width elementor-section-height-default elementor-section-height-default\" data-id=\"31a2fba\" data-element_type=\"section\" data-e-type=\"section\">\n\t\t\t\t\t\t<div class=\"elementor-container elementor-column-gap-default\">\n\t\t\t\t\t<div class=\"elementor-column elementor-col-25 elementor-inner-column elementor-element elementor-element-fe4bdf0\" data-id=\"fe4bdf0\" data-element_type=\"column\" data-e-type=\"column\">\n\t\t\t<div class=\"elementor-widget-wrap\">\n\t\t\t\t\t\t\t<\/div>\n\t\t<\/div>\n\t\t\t\t<div class=\"elementor-column elementor-col-25 elementor-inner-column elementor-element elementor-element-1de5226\" data-id=\"1de5226\" data-element_type=\"column\" data-e-type=\"column\">\n\t\t\t<div class=\"elementor-widget-wrap elementor-element-populated\">\n\t\t\t\t\t\t<div class=\"elementor-element elementor-element-5190dfe uael-equal__height-yes uael-post__link-complete-yes uael-posts-thumbnail-ratio elementor-widget elementor-widget-uael-posts\" data-id=\"5190dfe\" data-element_type=\"widget\" data-e-type=\"widget\" data-settings=\"{&quot;classic_slides_to_show&quot;:3,&quot;classic_slides_to_show_tablet&quot;:2,&quot;classic_slides_to_show_mobile&quot;:1}\" data-widget_type=\"uael-posts.classic\">\n\t\t\t\t<div class=\"elementor-widget-container\">\n\t\t\t\t\t\t\t<div class=\"uael-post__header\">\n\t\t\t\t\t<\/div>\n\t\t<div class=\"uael-post__body\">\n\t\t\t\n\t\t\n\t\t<div class=\"uael-blog-terms-position-above_content uael-post-image-top uael-post-grid uael-posts\" data-query-type=\"custom\" data-structure=\"normal\" data-layout=\"\" data-page=\"6394\" data-skin=\"classic\" data-filter-default=\"\" data-offset-top=\"30\" >\n\n\t\t\t\t\t\t\t<div class=\"uael-post-grid__inner uael-post__columns-3 uael-post__columns-tablet-2 uael-post__columns-mobile-1\">\n\t\t\t\n<div class=\"uael-post-wrapper   evangelisation \">\n\t<div class=\"uael-post__bg-wrap uael-bg-wrap-disabled \">\n\n\t\t\t\t\t<a href=\"https:\/\/ht-ost.com\/de\/mitbeten-mittragen-hoffnung-weitergeben\/\" target=\"_self\" class=\"uael-post__complete-box-overlay\" aria-label=\"Link Komplettbox\"><\/a>\n\t\t\t\t\n\t\t<div class=\"uael-post__inner-wrap uael-inner-wrap-disabled\">\n\n\t\t\t\t<div class=\"uael-post__thumbnail\">\n\t\t\t\n\t\t\t<a href=\"https:\/\/ht-ost.com\/de\/mitbeten-mittragen-hoffnung-weitergeben\/\" target=\"_self\" title=\"Mitbeten, mittragen, Hoffnung weitergeben\"><img fetchpriority=\"high\" decoding=\"async\" width=\"768\" height=\"512\" src=\"https:\/\/ht-ost.com\/wp-content\/uploads\/2026\/02\/20260204_beten_web_beitragsbild-768x512.jpg\" class=\"attachment-medium_large size-medium_large wp-image-30631\" alt=\"\" srcset=\"https:\/\/ht-ost.com\/wp-content\/uploads\/2026\/02\/20260204_beten_web_beitragsbild-768x512.jpg 768w, https:\/\/ht-ost.com\/wp-content\/uploads\/2026\/02\/20260204_beten_web_beitragsbild-300x200.jpg 300w, https:\/\/ht-ost.com\/wp-content\/uploads\/2026\/02\/20260204_beten_web_beitragsbild.jpg 800w\" sizes=\"(max-width: 768px) 100vw, 768px\" \/><\/a>\n\t\t\t\t\t<\/div>\n\t\t\n\t\t\t\n\t\t\t<div class=\"uael-post__content-wrap uael-content-wrap-disabled\">\n\t\t\t\t\t\t\t<div class=\"uael-post__terms-wrap\"><span class=\"uael-post__terms\"><a href=\"https:\/\/ht-ost.com\/de\/category\/evangelisation\/\" class=\"uael-listing__terms-link\" id=\"uael-post-term-evangelisation\" aria-labelledby=\"uael-post-term-evangelisation\">Evangelisation<\/a><\/span><\/div>\n\t\t\t\t\t\t<h3 class=\"uael-post__title\">\n\n\t\t\n\t\t\t\t\t\t<a href=\"https:\/\/ht-ost.com\/de\/mitbeten-mittragen-hoffnung-weitergeben\/\" target=\"_self\">\n\t\t\t\tMitbeten, mittragen, Hoffnung weitergeben\t\t\t<\/a>\n\n\t\t\t\t<\/h3>\n\t\t\t\t\t<div class=\"uael-post__meta-data\">\n\t\t\t\t\t<span class=\"uael-post__date\">\n\t\t\t\t\t\t\t\t\t\t\t\t\t<i aria-hidden=\"true\" class=\"fa fa-calendar\"><\/i>\t\t\t\t\t\t\t\t\t\n\t\t\t3. Februar 2026\t\t<\/span>\n\t\t\t\t<\/div>\n\t\t\n\t\t<div class=\"uael-post__excerpt\">\n\t\t\tZwischen Krieg, Armut und Neubeginn bleibt Gebet die stille Kraft. Wo Menschen mittragen und hoffen, ver\u00e4ndert Gott Herzen \u2013 manchmal unscheinbar, aber nachhaltig!\t\t<\/div>\n\n\t\t\t\t\t<a class=\"uael-post__read-more elementor-button\" href=\"https:\/\/ht-ost.com\/de\/mitbeten-mittragen-hoffnung-weitergeben\/\" target=\"_self\" aria-labelledby=\"uael-post-30626\">\n\t\t\t\t\t<span class=\"elementor-button-content-wrapper\">\n\t\t\t\t\t\t\t\t\t\t\t\t\t\t<span class=\"elementor-button-icon elementor-align-icon-right\">\n\n\t\t\t\t\t\t\t\t\t<i aria-hidden=\"true\" class=\"fas fa-angle-right\"><\/i>\n\t\t\t\t\t\t\t\t<\/span>\n\t\t\t\t\t\t\t\t\t\t\t\t\t\n\t\t\t\t\t\t<span class=\"elementor-button-text\" id=uael-post-30626>Weiterlesen<\/span>\n\t\t\t\t\t<\/span>\n\t\t\t\t<\/a>\n\t\t\t\t\t\t<\/div>\n\t\t\t\n\t\t<\/div>\n\t\t\n\t<\/div>\n\n<\/div>\n\n<div class=\"uael-post-wrapper   evangelisation \">\n\t<div class=\"uael-post__bg-wrap uael-bg-wrap-disabled \">\n\n\t\t\t\t\t<a href=\"https:\/\/ht-ost.com\/de\/wir-bauen-haeuser-gott-baut-gemeinde\/\" target=\"_self\" class=\"uael-post__complete-box-overlay\" aria-label=\"Link Komplettbox\"><\/a>\n\t\t\t\t\n\t\t<div class=\"uael-post__inner-wrap uael-inner-wrap-disabled\">\n\n\t\t\t\t<div class=\"uael-post__thumbnail\">\n\t\t\t\n\t\t\t<a href=\"https:\/\/ht-ost.com\/de\/wir-bauen-haeuser-gott-baut-gemeinde\/\" target=\"_self\" title=\"Wir bauen H\u00e4user &#8211; Gott baut Gemeinde\"><img decoding=\"async\" width=\"750\" height=\"500\" src=\"https:\/\/ht-ost.com\/wp-content\/uploads\/2025\/11\/20251105001_beitragsbild_md.jpg\" class=\"attachment-medium_large size-medium_large wp-image-29565\" alt=\"\" srcset=\"https:\/\/ht-ost.com\/wp-content\/uploads\/2025\/11\/20251105001_beitragsbild_md.jpg 750w, https:\/\/ht-ost.com\/wp-content\/uploads\/2025\/11\/20251105001_beitragsbild_md-300x200.jpg 300w\" sizes=\"(max-width: 750px) 100vw, 750px\" \/><\/a>\n\t\t\t\t\t<\/div>\n\t\t\n\t\t\t\n\t\t\t<div class=\"uael-post__content-wrap uael-content-wrap-disabled\">\n\t\t\t\t\t\t\t<div class=\"uael-post__terms-wrap\"><span class=\"uael-post__terms\"><a href=\"https:\/\/ht-ost.com\/de\/category\/evangelisation\/\" class=\"uael-listing__terms-link\" id=\"uael-post-term-evangelisation\" aria-labelledby=\"uael-post-term-evangelisation\">Evangelisation<\/a><\/span><\/div>\n\t\t\t\t\t\t<h3 class=\"uael-post__title\">\n\n\t\t\n\t\t\t\t\t\t<a href=\"https:\/\/ht-ost.com\/de\/wir-bauen-haeuser-gott-baut-gemeinde\/\" target=\"_self\">\n\t\t\t\tWir bauen H\u00e4user &#8211; Gott baut Gemeinde\t\t\t<\/a>\n\n\t\t\t\t<\/h3>\n\t\t\t\t\t<div class=\"uael-post__meta-data\">\n\t\t\t\t\t<span class=\"uael-post__date\">\n\t\t\t\t\t\t\t\t\t\t\t\t\t<i aria-hidden=\"true\" class=\"fa fa-calendar\"><\/i>\t\t\t\t\t\t\t\t\t\n\t\t\t4. November 2025\t\t<\/span>\n\t\t\t\t<\/div>\n\t\t\n\t\t<div class=\"uael-post__excerpt\">\n\t\t\tGott kann uns immer wieder \u00fcberraschen: Beim Baueinsatz in Ma\u015fc\u0103u\u0163i f\u00fchrten die Renovierung und ein Gottesdienst zu einem gro\u00dfen Wunder! Lies, wie er Gebetserh\u00f6rungen schenkt ...\t\t<\/div>\n\n\t\t\t\t\t<a class=\"uael-post__read-more elementor-button\" href=\"https:\/\/ht-ost.com\/de\/wir-bauen-haeuser-gott-baut-gemeinde\/\" target=\"_self\" aria-labelledby=\"uael-post-29315\">\n\t\t\t\t\t<span class=\"elementor-button-content-wrapper\">\n\t\t\t\t\t\t\t\t\t\t\t\t\t\t<span class=\"elementor-button-icon elementor-align-icon-right\">\n\n\t\t\t\t\t\t\t\t\t<i aria-hidden=\"true\" class=\"fas fa-angle-right\"><\/i>\n\t\t\t\t\t\t\t\t<\/span>\n\t\t\t\t\t\t\t\t\t\t\t\t\t\n\t\t\t\t\t\t<span class=\"elementor-button-text\" id=uael-post-29315>Weiterlesen<\/span>\n\t\t\t\t\t<\/span>\n\t\t\t\t<\/a>\n\t\t\t\t\t\t<\/div>\n\t\t\t\n\t\t<\/div>\n\t\t\n\t<\/div>\n\n<\/div>\n\n<div class=\"uael-post-wrapper   evangelisation fl\u00fcchtlingshilfe \">\n\t<div class=\"uael-post__bg-wrap uael-bg-wrap-disabled \">\n\n\t\t\t\t\t<a href=\"https:\/\/ht-ost.com\/de\/die-arche-der-hoffnung\/\" target=\"_self\" class=\"uael-post__complete-box-overlay\" aria-label=\"Link Komplettbox\"><\/a>\n\t\t\t\t\n\t\t<div class=\"uael-post__inner-wrap uael-inner-wrap-disabled\">\n\n\t\t\t\t<div class=\"uael-post__thumbnail\">\n\t\t\t\n\t\t\t<a href=\"https:\/\/ht-ost.com\/de\/die-arche-der-hoffnung\/\" target=\"_self\" title=\"Die Arche der Hoffnung\"><img decoding=\"async\" width=\"750\" height=\"500\" src=\"https:\/\/ht-ost.com\/wp-content\/uploads\/2025\/11\/20251105001_beitragsbild_ua.jpg\" class=\"attachment-medium_large size-medium_large wp-image-29575\" alt=\"\" srcset=\"https:\/\/ht-ost.com\/wp-content\/uploads\/2025\/11\/20251105001_beitragsbild_ua.jpg 750w, https:\/\/ht-ost.com\/wp-content\/uploads\/2025\/11\/20251105001_beitragsbild_ua-300x200.jpg 300w\" sizes=\"(max-width: 750px) 100vw, 750px\" \/><\/a>\n\t\t\t\t\t<\/div>\n\t\t\n\t\t\t\n\t\t\t<div class=\"uael-post__content-wrap uael-content-wrap-disabled\">\n\t\t\t\t\t\t\t<div class=\"uael-post__terms-wrap\"><span class=\"uael-post__terms\"><a href=\"https:\/\/ht-ost.com\/de\/category\/evangelisation\/\" class=\"uael-listing__terms-link\" id=\"uael-post-term-evangelisation\" aria-labelledby=\"uael-post-term-evangelisation\">Evangelisation<\/a><a href=\"https:\/\/ht-ost.com\/de\/category\/fluechtlingshilfe\/\" class=\"uael-listing__terms-link\" id=\"uael-post-term-fluechtlingshilfe\" aria-labelledby=\"uael-post-term-fluechtlingshilfe\">Fl\u00fcchtlingshilfe<\/a><\/span><\/div>\n\t\t\t\t\t\t<h3 class=\"uael-post__title\">\n\n\t\t\n\t\t\t\t\t\t<a href=\"https:\/\/ht-ost.com\/de\/die-arche-der-hoffnung\/\" target=\"_self\">\n\t\t\t\tDie Arche der Hoffnung\t\t\t<\/a>\n\n\t\t\t\t<\/h3>\n\t\t\t\t\t<div class=\"uael-post__meta-data\">\n\t\t\t\t\t<span class=\"uael-post__date\">\n\t\t\t\t\t\t\t\t\t\t\t\t\t<i aria-hidden=\"true\" class=\"fa fa-calendar\"><\/i>\t\t\t\t\t\t\t\t\t\n\t\t\t1. November 2025\t\t<\/span>\n\t\t\t\t<\/div>\n\t\t\n\t\t<div class=\"uael-post__excerpt\">\n\t\t\tAus einem kleinen Hauskreis entstand in Chmelnitzkij eine neue Gemeinde f\u00fcr Fl\u00fcchtlinge. Hier finden Menschen Trost, Gemeinschaft und Hoffnung in Jesus. In diesem Bericht erf\u00e4hrst ...\t\t<\/div>\n\n\t\t\t\t\t<a class=\"uael-post__read-more elementor-button\" href=\"https:\/\/ht-ost.com\/de\/die-arche-der-hoffnung\/\" target=\"_self\" aria-labelledby=\"uael-post-29319\">\n\t\t\t\t\t<span class=\"elementor-button-content-wrapper\">\n\t\t\t\t\t\t\t\t\t\t\t\t\t\t<span class=\"elementor-button-icon elementor-align-icon-right\">\n\n\t\t\t\t\t\t\t\t\t<i aria-hidden=\"true\" class=\"fas fa-angle-right\"><\/i>\n\t\t\t\t\t\t\t\t<\/span>\n\t\t\t\t\t\t\t\t\t\t\t\t\t\n\t\t\t\t\t\t<span class=\"elementor-button-text\" id=uael-post-29319>Weiterlesen<\/span>\n\t\t\t\t\t<\/span>\n\t\t\t\t<\/a>\n\t\t\t\t\t\t<\/div>\n\t\t\t\n\t\t<\/div>\n\t\t\n\t<\/div>\n\n<\/div>\n\n<div class=\"uael-post-wrapper   evangelisation \">\n\t<div class=\"uael-post__bg-wrap uael-bg-wrap-disabled \">\n\n\t\t\t\t\t<a href=\"https:\/\/ht-ost.com\/de\/mit-broten-und-fischen-in-moldau\/\" target=\"_self\" class=\"uael-post__complete-box-overlay\" aria-label=\"Link Komplettbox\"><\/a>\n\t\t\t\t\n\t\t<div class=\"uael-post__inner-wrap uael-inner-wrap-disabled\">\n\n\t\t\t\t<div class=\"uael-post__thumbnail\">\n\t\t\t\n\t\t\t<a href=\"https:\/\/ht-ost.com\/de\/mit-broten-und-fischen-in-moldau\/\" target=\"_self\" title=\"Mit Broten und Fischen in Moldau\"><img loading=\"lazy\" decoding=\"async\" width=\"750\" height=\"500\" src=\"https:\/\/ht-ost.com\/wp-content\/uploads\/2025\/08\/20250f829001_beitragsbild_md.jpg\" class=\"attachment-medium_large size-medium_large wp-image-29096\" alt=\"\" srcset=\"https:\/\/ht-ost.com\/wp-content\/uploads\/2025\/08\/20250f829001_beitragsbild_md.jpg 750w, https:\/\/ht-ost.com\/wp-content\/uploads\/2025\/08\/20250f829001_beitragsbild_md-300x200.jpg 300w\" sizes=\"(max-width: 750px) 100vw, 750px\" \/><\/a>\n\t\t\t\t\t<\/div>\n\t\t\n\t\t\t\n\t\t\t<div class=\"uael-post__content-wrap uael-content-wrap-disabled\">\n\t\t\t\t\t\t\t<div class=\"uael-post__terms-wrap\"><span class=\"uael-post__terms\"><a href=\"https:\/\/ht-ost.com\/de\/category\/evangelisation\/\" class=\"uael-listing__terms-link\" id=\"uael-post-term-evangelisation\" aria-labelledby=\"uael-post-term-evangelisation\">Evangelisation<\/a><\/span><\/div>\n\t\t\t\t\t\t<h3 class=\"uael-post__title\">\n\n\t\t\n\t\t\t\t\t\t<a href=\"https:\/\/ht-ost.com\/de\/mit-broten-und-fischen-in-moldau\/\" target=\"_self\">\n\t\t\t\tMit Broten und Fischen in Moldau\t\t\t<\/a>\n\n\t\t\t\t<\/h3>\n\t\t\t\t\t<div class=\"uael-post__meta-data\">\n\t\t\t\t\t<span class=\"uael-post__date\">\n\t\t\t\t\t\t\t\t\t\t\t\t\t<i aria-hidden=\"true\" class=\"fa fa-calendar\"><\/i>\t\t\t\t\t\t\t\t\t\n\t\t\t23. August 2025\t\t<\/span>\n\t\t\t\t<\/div>\n\t\t\n\t\t<div class=\"uael-post__excerpt\">\n\t\t\tUnterwegs mit \u201eherzwerk\u201cVierzehn junge Erwachsene aus dem J\u00fcngerschaftsprogramm herzwerk Wiedenest reisten vom 9. bis 23. Mai 2025 nach Moldau \u2013 ...\t\t<\/div>\n\n\t\t\t\t\t<a class=\"uael-post__read-more elementor-button\" href=\"https:\/\/ht-ost.com\/de\/mit-broten-und-fischen-in-moldau\/\" target=\"_self\" aria-labelledby=\"uael-post-28985\">\n\t\t\t\t\t<span class=\"elementor-button-content-wrapper\">\n\t\t\t\t\t\t\t\t\t\t\t\t\t\t<span class=\"elementor-button-icon elementor-align-icon-right\">\n\n\t\t\t\t\t\t\t\t\t<i aria-hidden=\"true\" class=\"fas fa-angle-right\"><\/i>\n\t\t\t\t\t\t\t\t<\/span>\n\t\t\t\t\t\t\t\t\t\t\t\t\t\n\t\t\t\t\t\t<span class=\"elementor-button-text\" id=uael-post-28985>Weiterlesen<\/span>\n\t\t\t\t\t<\/span>\n\t\t\t\t<\/a>\n\t\t\t\t\t\t<\/div>\n\t\t\t\n\t\t<\/div>\n\t\t\n\t<\/div>\n\n<\/div>\n\n<div class=\"uael-post-wrapper   evangelisation krieg-in-der-ukraine \">\n\t<div class=\"uael-post__bg-wrap uael-bg-wrap-disabled \">\n\n\t\t\t\t\t<a href=\"https:\/\/ht-ost.com\/de\/mission-suppenpower\/\" target=\"_self\" class=\"uael-post__complete-box-overlay\" aria-label=\"Link Komplettbox\"><\/a>\n\t\t\t\t\n\t\t<div class=\"uael-post__inner-wrap uael-inner-wrap-disabled\">\n\n\t\t\t\t<div class=\"uael-post__thumbnail\">\n\t\t\t\n\t\t\t<a href=\"https:\/\/ht-ost.com\/de\/mission-suppenpower\/\" target=\"_self\" title=\"Mission Suppenpower\"><img loading=\"lazy\" decoding=\"async\" width=\"750\" height=\"500\" src=\"https:\/\/ht-ost.com\/wp-content\/uploads\/2025\/05\/20250522001_beitragsbild_ua.jpg\" class=\"attachment-medium_large size-medium_large wp-image-28280\" alt=\"\" srcset=\"https:\/\/ht-ost.com\/wp-content\/uploads\/2025\/05\/20250522001_beitragsbild_ua.jpg 750w, https:\/\/ht-ost.com\/wp-content\/uploads\/2025\/05\/20250522001_beitragsbild_ua-300x200.jpg 300w\" sizes=\"(max-width: 750px) 100vw, 750px\" \/><\/a>\n\t\t\t\t\t<\/div>\n\t\t\n\t\t\t\n\t\t\t<div class=\"uael-post__content-wrap uael-content-wrap-disabled\">\n\t\t\t\t\t\t\t<div class=\"uael-post__terms-wrap\"><span class=\"uael-post__terms\"><a href=\"https:\/\/ht-ost.com\/de\/category\/evangelisation\/\" class=\"uael-listing__terms-link\" id=\"uael-post-term-evangelisation\" aria-labelledby=\"uael-post-term-evangelisation\">Evangelisation<\/a><a href=\"https:\/\/ht-ost.com\/de\/category\/krieg-in-der-ukraine\/\" class=\"uael-listing__terms-link\" id=\"uael-post-term-krieg-in-der-ukraine\" aria-labelledby=\"uael-post-term-krieg-in-der-ukraine\">Krieg in der Ukraine<\/a><\/span><\/div>\n\t\t\t\t\t\t<h3 class=\"uael-post__title\">\n\n\t\t\n\t\t\t\t\t\t<a href=\"https:\/\/ht-ost.com\/de\/mission-suppenpower\/\" target=\"_self\">\n\t\t\t\tMission Suppenpower\t\t\t<\/a>\n\n\t\t\t\t<\/h3>\n\t\t\t\t\t<div class=\"uael-post__meta-data\">\n\t\t\t\t\t<span class=\"uael-post__date\">\n\t\t\t\t\t\t\t\t\t\t\t\t\t<i aria-hidden=\"true\" class=\"fa fa-calendar\"><\/i>\t\t\t\t\t\t\t\t\t\n\t\t\t22. Mai 2025\t\t<\/span>\n\t\t\t\t<\/div>\n\t\t\n\t\t<div class=\"uael-post__excerpt\">\n\t\t\tSeit \u00fcber zwei Jahren engagiert sich ein Team von freiwilligen Frauen mit gro\u00dfem Einsatz f\u00fcr ein ganz besonderes Hilfsprojekt in der Ukraine.\u00a0 Es soll Leib ...\t\t<\/div>\n\n\t\t\t\t\t<a class=\"uael-post__read-more elementor-button\" href=\"https:\/\/ht-ost.com\/de\/mission-suppenpower\/\" target=\"_self\" aria-labelledby=\"uael-post-28321\">\n\t\t\t\t\t<span class=\"elementor-button-content-wrapper\">\n\t\t\t\t\t\t\t\t\t\t\t\t\t\t<span class=\"elementor-button-icon elementor-align-icon-right\">\n\n\t\t\t\t\t\t\t\t\t<i aria-hidden=\"true\" class=\"fas fa-angle-right\"><\/i>\n\t\t\t\t\t\t\t\t<\/span>\n\t\t\t\t\t\t\t\t\t\t\t\t\t\n\t\t\t\t\t\t<span class=\"elementor-button-text\" id=uael-post-28321>Weiterlesen<\/span>\n\t\t\t\t\t<\/span>\n\t\t\t\t<\/a>\n\t\t\t\t\t\t<\/div>\n\t\t\t\n\t\t<\/div>\n\t\t\n\t<\/div>\n\n<\/div>\n\n<div class=\"uael-post-wrapper   evangelisation \">\n\t<div class=\"uael-post__bg-wrap uael-bg-wrap-disabled \">\n\n\t\t\t\t\t<a href=\"https:\/\/ht-ost.com\/de\/gemeindegruendung-zwischen-armut-und-tradition\/\" target=\"_self\" class=\"uael-post__complete-box-overlay\" aria-label=\"Link Komplettbox\"><\/a>\n\t\t\t\t\n\t\t<div class=\"uael-post__inner-wrap uael-inner-wrap-disabled\">\n\n\t\t\t\t<div class=\"uael-post__thumbnail\">\n\t\t\t\n\t\t\t<a href=\"https:\/\/ht-ost.com\/de\/gemeindegruendung-zwischen-armut-und-tradition\/\" target=\"_self\" title=\"Gemeindegr\u00fcndung zwischen Armut und Tradition\"><img loading=\"lazy\" decoding=\"async\" width=\"750\" height=\"501\" src=\"https:\/\/ht-ost.com\/wp-content\/uploads\/2025\/05\/20250522001a_beitragsbild_md.jpg\" class=\"attachment-medium_large size-medium_large wp-image-28285\" alt=\"\" srcset=\"https:\/\/ht-ost.com\/wp-content\/uploads\/2025\/05\/20250522001a_beitragsbild_md.jpg 750w, https:\/\/ht-ost.com\/wp-content\/uploads\/2025\/05\/20250522001a_beitragsbild_md-300x200.jpg 300w\" sizes=\"(max-width: 750px) 100vw, 750px\" \/><\/a>\n\t\t\t\t\t<\/div>\n\t\t\n\t\t\t\n\t\t\t<div class=\"uael-post__content-wrap uael-content-wrap-disabled\">\n\t\t\t\t\t\t\t<div class=\"uael-post__terms-wrap\"><span class=\"uael-post__terms\"><a href=\"https:\/\/ht-ost.com\/de\/category\/evangelisation\/\" class=\"uael-listing__terms-link\" id=\"uael-post-term-evangelisation\" aria-labelledby=\"uael-post-term-evangelisation\">Evangelisation<\/a><\/span><\/div>\n\t\t\t\t\t\t<h3 class=\"uael-post__title\">\n\n\t\t\n\t\t\t\t\t\t<a href=\"https:\/\/ht-ost.com\/de\/gemeindegruendung-zwischen-armut-und-tradition\/\" target=\"_self\">\n\t\t\t\tGemeindegr\u00fcndung zwischen Armut und Tradition\t\t\t<\/a>\n\n\t\t\t\t<\/h3>\n\t\t\t\t\t<div class=\"uael-post__meta-data\">\n\t\t\t\t\t<span class=\"uael-post__date\">\n\t\t\t\t\t\t\t\t\t\t\t\t\t<i aria-hidden=\"true\" class=\"fa fa-calendar\"><\/i>\t\t\t\t\t\t\t\t\t\n\t\t\t22. Mai 2025\t\t<\/span>\n\t\t\t\t<\/div>\n\t\t\n\t\t<div class=\"uael-post__excerpt\">\n\t\t\tEin interessanter Anblick bietet sich, wenn man in das Dorf Ma\u0219c\u0103u\u021bi f\u00e4hrt. Die H\u00e4user sind verfallen. Sch\u00e4tzungsweise 1.500 Menschen leben hier, viele von ihnen gefangen ...\t\t<\/div>\n\n\t\t\t\t\t<a class=\"uael-post__read-more elementor-button\" href=\"https:\/\/ht-ost.com\/de\/gemeindegruendung-zwischen-armut-und-tradition\/\" target=\"_self\" aria-labelledby=\"uael-post-28269\">\n\t\t\t\t\t<span class=\"elementor-button-content-wrapper\">\n\t\t\t\t\t\t\t\t\t\t\t\t\t\t<span class=\"elementor-button-icon elementor-align-icon-right\">\n\n\t\t\t\t\t\t\t\t\t<i aria-hidden=\"true\" class=\"fas fa-angle-right\"><\/i>\n\t\t\t\t\t\t\t\t<\/span>\n\t\t\t\t\t\t\t\t\t\t\t\t\t\n\t\t\t\t\t\t<span class=\"elementor-button-text\" id=uael-post-28269>Weiterlesen<\/span>\n\t\t\t\t\t<\/span>\n\t\t\t\t<\/a>\n\t\t\t\t\t\t<\/div>\n\t\t\t\n\t\t<\/div>\n\t\t\n\t<\/div>\n\n<\/div>\n\n<div class=\"uael-post-wrapper   evangelisation \">\n\t<div class=\"uael-post__bg-wrap uael-bg-wrap-disabled \">\n\n\t\t\t\t\t<a href=\"https:\/\/ht-ost.com\/de\/sie-werden-seine-arbeit-fortsetzen\/\" target=\"_self\" class=\"uael-post__complete-box-overlay\" aria-label=\"Link Komplettbox\"><\/a>\n\t\t\t\t\n\t\t<div class=\"uael-post__inner-wrap uael-inner-wrap-disabled\">\n\n\t\t\t\t<div class=\"uael-post__thumbnail\">\n\t\t\t\n\t\t\t<a href=\"https:\/\/ht-ost.com\/de\/sie-werden-seine-arbeit-fortsetzen\/\" target=\"_self\" title=\"&#8222;Sie werden seine Arbeit fortsetzen&#8230;&#8220;\"><img loading=\"lazy\" decoding=\"async\" width=\"750\" height=\"500\" src=\"https:\/\/ht-ost.com\/wp-content\/uploads\/2025\/02\/20250206001_beitragsbild_md.jpg\" class=\"attachment-medium_large size-medium_large wp-image-27661\" alt=\"\" srcset=\"https:\/\/ht-ost.com\/wp-content\/uploads\/2025\/02\/20250206001_beitragsbild_md.jpg 750w, https:\/\/ht-ost.com\/wp-content\/uploads\/2025\/02\/20250206001_beitragsbild_md-300x200.jpg 300w\" sizes=\"(max-width: 750px) 100vw, 750px\" \/><\/a>\n\t\t\t\t\t<\/div>\n\t\t\n\t\t\t\n\t\t\t<div class=\"uael-post__content-wrap uael-content-wrap-disabled\">\n\t\t\t\t\t\t\t<div class=\"uael-post__terms-wrap\"><span class=\"uael-post__terms\"><a href=\"https:\/\/ht-ost.com\/de\/category\/evangelisation\/\" class=\"uael-listing__terms-link\" id=\"uael-post-term-evangelisation\" aria-labelledby=\"uael-post-term-evangelisation\">Evangelisation<\/a><\/span><\/div>\n\t\t\t\t\t\t<h3 class=\"uael-post__title\">\n\n\t\t\n\t\t\t\t\t\t<a href=\"https:\/\/ht-ost.com\/de\/sie-werden-seine-arbeit-fortsetzen\/\" target=\"_self\">\n\t\t\t\t&#8222;Sie werden seine Arbeit fortsetzen&#8230;&#8220;\t\t\t<\/a>\n\n\t\t\t\t<\/h3>\n\t\t\t\t\t<div class=\"uael-post__meta-data\">\n\t\t\t\t\t<span class=\"uael-post__date\">\n\t\t\t\t\t\t\t\t\t\t\t\t\t<i aria-hidden=\"true\" class=\"fa fa-calendar\"><\/i>\t\t\t\t\t\t\t\t\t\n\t\t\t7. Februar 2025\t\t<\/span>\n\t\t\t\t<\/div>\n\t\t\n\t\t<div class=\"uael-post__excerpt\">\n\t\t\tDie bewegende Geschichte von unserem Missionar Pawel, dessen Leben durch das Opfer von Wanja gepr\u00e4gt wurde. Pawel erz\u00e4hlt von seinem Leben und seiner Vision.\t\t<\/div>\n\n\t\t\t\t\t<a class=\"uael-post__read-more elementor-button\" href=\"https:\/\/ht-ost.com\/de\/sie-werden-seine-arbeit-fortsetzen\/\" target=\"_self\" aria-labelledby=\"uael-post-27657\">\n\t\t\t\t\t<span class=\"elementor-button-content-wrapper\">\n\t\t\t\t\t\t\t\t\t\t\t\t\t\t<span class=\"elementor-button-icon elementor-align-icon-right\">\n\n\t\t\t\t\t\t\t\t\t<i aria-hidden=\"true\" class=\"fas fa-angle-right\"><\/i>\n\t\t\t\t\t\t\t\t<\/span>\n\t\t\t\t\t\t\t\t\t\t\t\t\t\n\t\t\t\t\t\t<span class=\"elementor-button-text\" id=uael-post-27657>Weiterlesen<\/span>\n\t\t\t\t\t<\/span>\n\t\t\t\t<\/a>\n\t\t\t\t\t\t<\/div>\n\t\t\t\n\t\t<\/div>\n\t\t\n\t<\/div>\n\n<\/div>\n\n<div class=\"uael-post-wrapper   evangelisation fl\u00fcchtlingshilfe krieg-in-der-ukraine \">\n\t<div class=\"uael-post__bg-wrap uael-bg-wrap-disabled \">\n\n\t\t\t\t\t<a href=\"https:\/\/ht-ost.com\/de\/tiger-gegen-trauma\/\" target=\"_self\" class=\"uael-post__complete-box-overlay\" aria-label=\"Link Komplettbox\"><\/a>\n\t\t\t\t\n\t\t<div class=\"uael-post__inner-wrap uael-inner-wrap-disabled\">\n\n\t\t\t\t<div class=\"uael-post__thumbnail\">\n\t\t\t\n\t\t\t<a href=\"https:\/\/ht-ost.com\/de\/tiger-gegen-trauma\/\" target=\"_self\" title=\"Tiger gegen Trauma\"><img loading=\"lazy\" decoding=\"async\" width=\"750\" height=\"500\" src=\"https:\/\/ht-ost.com\/wp-content\/uploads\/2024\/11\/20241113001_beitragsbild_ua2.jpg\" class=\"attachment-medium_large size-medium_large wp-image-25762\" alt=\"\" srcset=\"https:\/\/ht-ost.com\/wp-content\/uploads\/2024\/11\/20241113001_beitragsbild_ua2.jpg 750w, https:\/\/ht-ost.com\/wp-content\/uploads\/2024\/11\/20241113001_beitragsbild_ua2-300x200.jpg 300w\" sizes=\"(max-width: 750px) 100vw, 750px\" \/><\/a>\n\t\t\t\t\t<\/div>\n\t\t\n\t\t\t\n\t\t\t<div class=\"uael-post__content-wrap uael-content-wrap-disabled\">\n\t\t\t\t\t\t\t<div class=\"uael-post__terms-wrap\"><span class=\"uael-post__terms\"><a href=\"https:\/\/ht-ost.com\/de\/category\/evangelisation\/\" class=\"uael-listing__terms-link\" id=\"uael-post-term-evangelisation\" aria-labelledby=\"uael-post-term-evangelisation\">Evangelisation<\/a><a href=\"https:\/\/ht-ost.com\/de\/category\/fluechtlingshilfe\/\" class=\"uael-listing__terms-link\" id=\"uael-post-term-fluechtlingshilfe\" aria-labelledby=\"uael-post-term-fluechtlingshilfe\">Fl\u00fcchtlingshilfe<\/a><a href=\"https:\/\/ht-ost.com\/de\/category\/krieg-in-der-ukraine\/\" class=\"uael-listing__terms-link\" id=\"uael-post-term-krieg-in-der-ukraine\" aria-labelledby=\"uael-post-term-krieg-in-der-ukraine\">Krieg in der Ukraine<\/a><\/span><\/div>\n\t\t\t\t\t\t<h3 class=\"uael-post__title\">\n\n\t\t\n\t\t\t\t\t\t<a href=\"https:\/\/ht-ost.com\/de\/tiger-gegen-trauma\/\" target=\"_self\">\n\t\t\t\tTiger gegen Trauma\t\t\t<\/a>\n\n\t\t\t\t<\/h3>\n\t\t\t\t\t<div class=\"uael-post__meta-data\">\n\t\t\t\t\t<span class=\"uael-post__date\">\n\t\t\t\t\t\t\t\t\t\t\t\t\t<i aria-hidden=\"true\" class=\"fa fa-calendar\"><\/i>\t\t\t\t\t\t\t\t\t\n\t\t\t20. November 2024\t\t<\/span>\n\t\t\t\t<\/div>\n\t\t\n\t\t<div class=\"uael-post__excerpt\">\n\t\t\tTumi, der kleine sprechende Pl\u00fcschtiger, hat eine besondere Mission: Kindern in schwierigen Lebenssituationen Trost und Hoffnung zu schenken. Doch was macht ihn so einzigartig, und ...\t\t<\/div>\n\n\t\t\t\t\t<a class=\"uael-post__read-more elementor-button\" href=\"https:\/\/ht-ost.com\/de\/tiger-gegen-trauma\/\" target=\"_self\" aria-labelledby=\"uael-post-25761\">\n\t\t\t\t\t<span class=\"elementor-button-content-wrapper\">\n\t\t\t\t\t\t\t\t\t\t\t\t\t\t<span class=\"elementor-button-icon elementor-align-icon-right\">\n\n\t\t\t\t\t\t\t\t\t<i aria-hidden=\"true\" class=\"fas fa-angle-right\"><\/i>\n\t\t\t\t\t\t\t\t<\/span>\n\t\t\t\t\t\t\t\t\t\t\t\t\t\n\t\t\t\t\t\t<span class=\"elementor-button-text\" id=uael-post-25761>Weiterlesen<\/span>\n\t\t\t\t\t<\/span>\n\t\t\t\t<\/a>\n\t\t\t\t\t\t<\/div>\n\t\t\t\n\t\t<\/div>\n\t\t\n\t<\/div>\n\n<\/div>\n\n<div class=\"uael-post-wrapper   evangelisation \">\n\t<div class=\"uael-post__bg-wrap uael-bg-wrap-disabled \">\n\n\t\t\t\t\t<a href=\"https:\/\/ht-ost.com\/de\/baueinsatz-in-criuleni\/\" target=\"_self\" class=\"uael-post__complete-box-overlay\" aria-label=\"Link Komplettbox\"><\/a>\n\t\t\t\t\n\t\t<div class=\"uael-post__inner-wrap uael-inner-wrap-disabled\">\n\n\t\t\t\t<div class=\"uael-post__thumbnail\">\n\t\t\t\n\t\t\t<a href=\"https:\/\/ht-ost.com\/de\/baueinsatz-in-criuleni\/\" target=\"_self\" title=\"Baueinsatz in Criuleni\"><img loading=\"lazy\" decoding=\"async\" width=\"750\" height=\"500\" src=\"https:\/\/ht-ost.com\/wp-content\/uploads\/2024\/11\/20241113001_beitragsbild_md.jpg\" class=\"attachment-medium_large size-medium_large wp-image-26004\" alt=\"\" srcset=\"https:\/\/ht-ost.com\/wp-content\/uploads\/2024\/11\/20241113001_beitragsbild_md.jpg 750w, https:\/\/ht-ost.com\/wp-content\/uploads\/2024\/11\/20241113001_beitragsbild_md-300x200.jpg 300w\" sizes=\"(max-width: 750px) 100vw, 750px\" \/><\/a>\n\t\t\t\t\t<\/div>\n\t\t\n\t\t\t\n\t\t\t<div class=\"uael-post__content-wrap uael-content-wrap-disabled\">\n\t\t\t\t\t\t\t<div class=\"uael-post__terms-wrap\"><span class=\"uael-post__terms\"><a href=\"https:\/\/ht-ost.com\/de\/category\/evangelisation\/\" class=\"uael-listing__terms-link\" id=\"uael-post-term-evangelisation\" aria-labelledby=\"uael-post-term-evangelisation\">Evangelisation<\/a><\/span><\/div>\n\t\t\t\t\t\t<h3 class=\"uael-post__title\">\n\n\t\t\n\t\t\t\t\t\t<a href=\"https:\/\/ht-ost.com\/de\/baueinsatz-in-criuleni\/\" target=\"_self\">\n\t\t\t\tBaueinsatz in Criuleni\t\t\t<\/a>\n\n\t\t\t\t<\/h3>\n\t\t\t\t\t<div class=\"uael-post__meta-data\">\n\t\t\t\t\t<span class=\"uael-post__date\">\n\t\t\t\t\t\t\t\t\t\t\t\t\t<i aria-hidden=\"true\" class=\"fa fa-calendar\"><\/i>\t\t\t\t\t\t\t\t\t\n\t\t\t20. November 2024\t\t<\/span>\n\t\t\t\t<\/div>\n\t\t\n\t\t<div class=\"uael-post__excerpt\">\n\t\t\tEin deutsches Bauteam reiste nach Moldawien, um in Criuleni ein dringend ben\u00f6tigtes Gemeindehaus zu bauen Trotz schwei\u00dftreibender Temperaturen wurden beeindruckende Fortschritte erzielt.\t\t<\/div>\n\n\t\t\t\t\t<a class=\"uael-post__read-more elementor-button\" href=\"https:\/\/ht-ost.com\/de\/baueinsatz-in-criuleni\/\" target=\"_self\" aria-labelledby=\"uael-post-25805\">\n\t\t\t\t\t<span class=\"elementor-button-content-wrapper\">\n\t\t\t\t\t\t\t\t\t\t\t\t\t\t<span class=\"elementor-button-icon elementor-align-icon-right\">\n\n\t\t\t\t\t\t\t\t\t<i aria-hidden=\"true\" class=\"fas fa-angle-right\"><\/i>\n\t\t\t\t\t\t\t\t<\/span>\n\t\t\t\t\t\t\t\t\t\t\t\t\t\n\t\t\t\t\t\t<span class=\"elementor-button-text\" id=uael-post-25805>Weiterlesen<\/span>\n\t\t\t\t\t<\/span>\n\t\t\t\t<\/a>\n\t\t\t\t\t\t<\/div>\n\t\t\t\n\t\t<\/div>\n\t\t\n\t<\/div>\n\n<\/div>\n\n<div class=\"uael-post-wrapper   evangelisation kinderfreizeiten \">\n\t<div class=\"uael-post__bg-wrap uael-bg-wrap-disabled \">\n\n\t\t\t\t\t<a href=\"https:\/\/ht-ost.com\/de\/herzwerk-einsatz\/\" target=\"_self\" class=\"uael-post__complete-box-overlay\" aria-label=\"Link Komplettbox\"><\/a>\n\t\t\t\t\n\t\t<div class=\"uael-post__inner-wrap uael-inner-wrap-disabled\">\n\n\t\t\t\t<div class=\"uael-post__thumbnail\">\n\t\t\t\n\t\t\t<a href=\"https:\/\/ht-ost.com\/de\/herzwerk-einsatz\/\" target=\"_self\" title=\"Herzwerk-Einsatz\"><img loading=\"lazy\" decoding=\"async\" width=\"750\" height=\"500\" src=\"https:\/\/ht-ost.com\/wp-content\/uploads\/2024\/08\/20240809001_beitragsbild_mda.jpg\" class=\"attachment-medium_large size-medium_large wp-image-25149\" alt=\"\" srcset=\"https:\/\/ht-ost.com\/wp-content\/uploads\/2024\/08\/20240809001_beitragsbild_mda.jpg 750w, https:\/\/ht-ost.com\/wp-content\/uploads\/2024\/08\/20240809001_beitragsbild_mda-300x200.jpg 300w\" sizes=\"(max-width: 750px) 100vw, 750px\" \/><\/a>\n\t\t\t\t\t<\/div>\n\t\t\n\t\t\t\n\t\t\t<div class=\"uael-post__content-wrap uael-content-wrap-disabled\">\n\t\t\t\t\t\t\t<div class=\"uael-post__terms-wrap\"><span class=\"uael-post__terms\"><a href=\"https:\/\/ht-ost.com\/de\/category\/evangelisation\/\" class=\"uael-listing__terms-link\" id=\"uael-post-term-evangelisation\" aria-labelledby=\"uael-post-term-evangelisation\">Evangelisation<\/a><a href=\"https:\/\/ht-ost.com\/de\/category\/kinderfreizeiten\/\" class=\"uael-listing__terms-link\" id=\"uael-post-term-kinderfreizeiten\" aria-labelledby=\"uael-post-term-kinderfreizeiten\">Kinderfreizeiten<\/a><\/span><\/div>\n\t\t\t\t\t\t<h3 class=\"uael-post__title\">\n\n\t\t\n\t\t\t\t\t\t<a href=\"https:\/\/ht-ost.com\/de\/herzwerk-einsatz\/\" target=\"_self\">\n\t\t\t\tHerzwerk-Einsatz\t\t\t<\/a>\n\n\t\t\t\t<\/h3>\n\t\t\t\t\t<div class=\"uael-post__meta-data\">\n\t\t\t\t\t<span class=\"uael-post__date\">\n\t\t\t\t\t\t\t\t\t\t\t\t\t<i aria-hidden=\"true\" class=\"fa fa-calendar\"><\/i>\t\t\t\t\t\t\t\t\t\n\t\t\t9. August 2024\t\t<\/span>\n\t\t\t\t<\/div>\n\t\t\n\t\t<div class=\"uael-post__excerpt\">\n\t\t\tDem Herrn alle Ehre geben \u2013 und erleben, was ER tutIm April startete ein junges Team von \u201eHerzwerk\u201c (Forum Wiedenest) ...\t\t<\/div>\n\n\t\t\t\t\t<a class=\"uael-post__read-more elementor-button\" href=\"https:\/\/ht-ost.com\/de\/herzwerk-einsatz\/\" target=\"_self\" aria-labelledby=\"uael-post-25353\">\n\t\t\t\t\t<span class=\"elementor-button-content-wrapper\">\n\t\t\t\t\t\t\t\t\t\t\t\t\t\t<span class=\"elementor-button-icon elementor-align-icon-right\">\n\n\t\t\t\t\t\t\t\t\t<i aria-hidden=\"true\" class=\"fas fa-angle-right\"><\/i>\n\t\t\t\t\t\t\t\t<\/span>\n\t\t\t\t\t\t\t\t\t\t\t\t\t\n\t\t\t\t\t\t<span class=\"elementor-button-text\" id=uael-post-25353>Weiterlesen<\/span>\n\t\t\t\t\t<\/span>\n\t\t\t\t<\/a>\n\t\t\t\t\t\t<\/div>\n\t\t\t\n\t\t<\/div>\n\t\t\n\t<\/div>\n\n<\/div>\n\n<div class=\"uael-post-wrapper   evangelisation krieg-in-der-ukraine \">\n\t<div class=\"uael-post__bg-wrap uael-bg-wrap-disabled \">\n\n\t\t\t\t\t<a href=\"https:\/\/ht-ost.com\/de\/herausfordernd-gemeindegruendung-im-kriegsgebiet\/\" target=\"_self\" class=\"uael-post__complete-box-overlay\" aria-label=\"Link Komplettbox\"><\/a>\n\t\t\t\t\n\t\t<div class=\"uael-post__inner-wrap uael-inner-wrap-disabled\">\n\n\t\t\t\t<div class=\"uael-post__thumbnail\">\n\t\t\t\n\t\t\t<a href=\"https:\/\/ht-ost.com\/de\/herausfordernd-gemeindegruendung-im-kriegsgebiet\/\" target=\"_self\" title=\"Herausfordernd &#8211; Gemeindegr\u00fcndung im Kriegsgebiet\"><img loading=\"lazy\" decoding=\"async\" width=\"750\" height=\"500\" src=\"https:\/\/ht-ost.com\/wp-content\/uploads\/2024\/08\/20240809001_beitragsbild_uaa.jpg\" class=\"attachment-medium_large size-medium_large wp-image-25154\" alt=\"\" srcset=\"https:\/\/ht-ost.com\/wp-content\/uploads\/2024\/08\/20240809001_beitragsbild_uaa.jpg 750w, https:\/\/ht-ost.com\/wp-content\/uploads\/2024\/08\/20240809001_beitragsbild_uaa-300x200.jpg 300w\" sizes=\"(max-width: 750px) 100vw, 750px\" \/><\/a>\n\t\t\t\t\t<\/div>\n\t\t\n\t\t\t\n\t\t\t<div class=\"uael-post__content-wrap uael-content-wrap-disabled\">\n\t\t\t\t\t\t\t<div class=\"uael-post__terms-wrap\"><span class=\"uael-post__terms\"><a href=\"https:\/\/ht-ost.com\/de\/category\/evangelisation\/\" class=\"uael-listing__terms-link\" id=\"uael-post-term-evangelisation\" aria-labelledby=\"uael-post-term-evangelisation\">Evangelisation<\/a><a href=\"https:\/\/ht-ost.com\/de\/category\/krieg-in-der-ukraine\/\" class=\"uael-listing__terms-link\" id=\"uael-post-term-krieg-in-der-ukraine\" aria-labelledby=\"uael-post-term-krieg-in-der-ukraine\">Krieg in der Ukraine<\/a><\/span><\/div>\n\t\t\t\t\t\t<h3 class=\"uael-post__title\">\n\n\t\t\n\t\t\t\t\t\t<a href=\"https:\/\/ht-ost.com\/de\/herausfordernd-gemeindegruendung-im-kriegsgebiet\/\" target=\"_self\">\n\t\t\t\tHerausfordernd &#8211; Gemeindegr\u00fcndung im Kriegsgebiet\t\t\t<\/a>\n\n\t\t\t\t<\/h3>\n\t\t\t\t\t<div class=\"uael-post__meta-data\">\n\t\t\t\t\t<span class=\"uael-post__date\">\n\t\t\t\t\t\t\t\t\t\t\t\t\t<i aria-hidden=\"true\" class=\"fa fa-calendar\"><\/i>\t\t\t\t\t\t\t\t\t\n\t\t\t2. August 2024\t\t<\/span>\n\t\t\t\t<\/div>\n\t\t\n\t\t<div class=\"uael-post__excerpt\">\n\t\t\tIm Mai fand in Izyum (Ostukraine) ein besonderes Ereignis statt.Eines unserer Teams begab sich auf den Weg in die Ostukraine, ...\t\t<\/div>\n\n\t\t\t\t\t<a class=\"uael-post__read-more elementor-button\" href=\"https:\/\/ht-ost.com\/de\/herausfordernd-gemeindegruendung-im-kriegsgebiet\/\" target=\"_self\" aria-labelledby=\"uael-post-25134\">\n\t\t\t\t\t<span class=\"elementor-button-content-wrapper\">\n\t\t\t\t\t\t\t\t\t\t\t\t\t\t<span class=\"elementor-button-icon elementor-align-icon-right\">\n\n\t\t\t\t\t\t\t\t\t<i aria-hidden=\"true\" class=\"fas fa-angle-right\"><\/i>\n\t\t\t\t\t\t\t\t<\/span>\n\t\t\t\t\t\t\t\t\t\t\t\t\t\n\t\t\t\t\t\t<span class=\"elementor-button-text\" id=uael-post-25134>Weiterlesen<\/span>\n\t\t\t\t\t<\/span>\n\t\t\t\t<\/a>\n\t\t\t\t\t\t<\/div>\n\t\t\t\n\t\t<\/div>\n\t\t\n\t<\/div>\n\n<\/div>\n\n<div class=\"uael-post-wrapper   evangelisation \">\n\t<div class=\"uael-post__bg-wrap uael-bg-wrap-disabled \">\n\n\t\t\t\t\t<a href=\"https:\/\/ht-ost.com\/de\/juengerschaftsschule\/\" target=\"_self\" class=\"uael-post__complete-box-overlay\" aria-label=\"Link Komplettbox\"><\/a>\n\t\t\t\t\n\t\t<div class=\"uael-post__inner-wrap uael-inner-wrap-disabled\">\n\n\t\t\t\t<div class=\"uael-post__thumbnail\">\n\t\t\t\n\t\t\t<a href=\"https:\/\/ht-ost.com\/de\/juengerschaftsschule\/\" target=\"_self\" title=\"J\u00fcngerschaftsschule\"><img loading=\"lazy\" decoding=\"async\" width=\"768\" height=\"512\" src=\"https:\/\/ht-ost.com\/wp-content\/uploads\/2024\/04\/20240411_signal-2024-04-02-140545_web_beitragsbild-768x512.jpg\" class=\"attachment-medium_large size-medium_large wp-image-24557\" alt=\"\" srcset=\"https:\/\/ht-ost.com\/wp-content\/uploads\/2024\/04\/20240411_signal-2024-04-02-140545_web_beitragsbild-768x512.jpg 768w, https:\/\/ht-ost.com\/wp-content\/uploads\/2024\/04\/20240411_signal-2024-04-02-140545_web_beitragsbild-300x200.jpg 300w, https:\/\/ht-ost.com\/wp-content\/uploads\/2024\/04\/20240411_signal-2024-04-02-140545_web_beitragsbild-1024x683.jpg 1024w, https:\/\/ht-ost.com\/wp-content\/uploads\/2024\/04\/20240411_signal-2024-04-02-140545_web_beitragsbild.jpg 1200w\" sizes=\"(max-width: 768px) 100vw, 768px\" \/><\/a>\n\t\t\t\t\t<\/div>\n\t\t\n\t\t\t\n\t\t\t<div class=\"uael-post__content-wrap uael-content-wrap-disabled\">\n\t\t\t\t\t\t\t<div class=\"uael-post__terms-wrap\"><span class=\"uael-post__terms\"><a href=\"https:\/\/ht-ost.com\/de\/category\/evangelisation\/\" class=\"uael-listing__terms-link\" id=\"uael-post-term-evangelisation\" aria-labelledby=\"uael-post-term-evangelisation\">Evangelisation<\/a><\/span><\/div>\n\t\t\t\t\t\t<h3 class=\"uael-post__title\">\n\n\t\t\n\t\t\t\t\t\t<a href=\"https:\/\/ht-ost.com\/de\/juengerschaftsschule\/\" target=\"_self\">\n\t\t\t\tJ\u00fcngerschaftsschule\t\t\t<\/a>\n\n\t\t\t\t<\/h3>\n\t\t\t\t\t<div class=\"uael-post__meta-data\">\n\t\t\t\t\t<span class=\"uael-post__date\">\n\t\t\t\t\t\t\t\t\t\t\t\t\t<i aria-hidden=\"true\" class=\"fa fa-calendar\"><\/i>\t\t\t\t\t\t\t\t\t\n\t\t\t29. April 2024\t\t<\/span>\n\t\t\t\t<\/div>\n\t\t\n\t\t<div class=\"uael-post__excerpt\">\n\t\t\tDie Missionare von Hoffnungstr\u00e4ger Ost kommen aus vielf\u00e4ltigen Hintergr\u00fcnden und Berufen, vereint durch ihren Wunsch, Gott zu dienen. Eine mobile J\u00fcngerschaftsschule unterst\u00fctzt sie dabei effektiv.\t\t<\/div>\n\n\t\t\t\t\t<a class=\"uael-post__read-more elementor-button\" href=\"https:\/\/ht-ost.com\/de\/juengerschaftsschule\/\" target=\"_self\" aria-labelledby=\"uael-post-24495\">\n\t\t\t\t\t<span class=\"elementor-button-content-wrapper\">\n\t\t\t\t\t\t\t\t\t\t\t\t\t\t<span class=\"elementor-button-icon elementor-align-icon-right\">\n\n\t\t\t\t\t\t\t\t\t<i aria-hidden=\"true\" class=\"fas fa-angle-right\"><\/i>\n\t\t\t\t\t\t\t\t<\/span>\n\t\t\t\t\t\t\t\t\t\t\t\t\t\n\t\t\t\t\t\t<span class=\"elementor-button-text\" id=uael-post-24495>Weiterlesen<\/span>\n\t\t\t\t\t<\/span>\n\t\t\t\t<\/a>\n\t\t\t\t\t\t<\/div>\n\t\t\t\n\t\t<\/div>\n\t\t\n\t<\/div>\n\n<\/div>\n\n<div class=\"uael-post-wrapper   evangelisation suppenk\u00fcchen \">\n\t<div class=\"uael-post__bg-wrap uael-bg-wrap-disabled \">\n\n\t\t\t\t\t<a href=\"https:\/\/ht-ost.com\/de\/die-zweite-heimat\/\" target=\"_self\" class=\"uael-post__complete-box-overlay\" aria-label=\"Link Komplettbox\"><\/a>\n\t\t\t\t\n\t\t<div class=\"uael-post__inner-wrap uael-inner-wrap-disabled\">\n\n\t\t\t\t<div class=\"uael-post__thumbnail\">\n\t\t\t\n\t\t\t<a href=\"https:\/\/ht-ost.com\/de\/die-zweite-heimat\/\" target=\"_self\" title=\"Die zweite Heimat\"><img loading=\"lazy\" decoding=\"async\" width=\"768\" height=\"576\" src=\"https:\/\/ht-ost.com\/wp-content\/uploads\/2024\/04\/20240215_20240215_163635web_web_beitragsbild-768x576.jpg\" class=\"attachment-medium_large size-medium_large wp-image-24552\" alt=\"\" srcset=\"https:\/\/ht-ost.com\/wp-content\/uploads\/2024\/04\/20240215_20240215_163635web_web_beitragsbild-768x576.jpg 768w, https:\/\/ht-ost.com\/wp-content\/uploads\/2024\/04\/20240215_20240215_163635web_web_beitragsbild-300x225.jpg 300w, https:\/\/ht-ost.com\/wp-content\/uploads\/2024\/04\/20240215_20240215_163635web_web_beitragsbild-1024x768.jpg 1024w, https:\/\/ht-ost.com\/wp-content\/uploads\/2024\/04\/20240215_20240215_163635web_web_beitragsbild.jpg 1200w\" sizes=\"(max-width: 768px) 100vw, 768px\" \/><\/a>\n\t\t\t\t\t<\/div>\n\t\t\n\t\t\t\n\t\t\t<div class=\"uael-post__content-wrap uael-content-wrap-disabled\">\n\t\t\t\t\t\t\t<div class=\"uael-post__terms-wrap\"><span class=\"uael-post__terms\"><a href=\"https:\/\/ht-ost.com\/de\/category\/evangelisation\/\" class=\"uael-listing__terms-link\" id=\"uael-post-term-evangelisation\" aria-labelledby=\"uael-post-term-evangelisation\">Evangelisation<\/a><a href=\"https:\/\/ht-ost.com\/de\/category\/suppenkuechen\/\" class=\"uael-listing__terms-link\" id=\"uael-post-term-suppenkuechen\" aria-labelledby=\"uael-post-term-suppenkuechen\">Suppenk\u00fcchen<\/a><\/span><\/div>\n\t\t\t\t\t\t<h3 class=\"uael-post__title\">\n\n\t\t\n\t\t\t\t\t\t<a href=\"https:\/\/ht-ost.com\/de\/die-zweite-heimat\/\" target=\"_self\">\n\t\t\t\tDie zweite Heimat\t\t\t<\/a>\n\n\t\t\t\t<\/h3>\n\t\t\t\t\t<div class=\"uael-post__meta-data\">\n\t\t\t\t\t<span class=\"uael-post__date\">\n\t\t\t\t\t\t\t\t\t\t\t\t\t<i aria-hidden=\"true\" class=\"fa fa-calendar\"><\/i>\t\t\t\t\t\t\t\t\t\n\t\t\t25. April 2024\t\t<\/span>\n\t\t\t\t<\/div>\n\t\t\n\t\t<div class=\"uael-post__excerpt\">\n\t\t\tW\u00e4hrend viele Kinder ihr zuhause verlieren und in die Westukraine fl\u00fcchten m\u00fcssen, finden sie Chmelnitzky ein neues Zuhause. Hier erfahren sie Trost und Hoffnung in ...\t\t<\/div>\n\n\t\t\t\t\t<a class=\"uael-post__read-more elementor-button\" href=\"https:\/\/ht-ost.com\/de\/die-zweite-heimat\/\" target=\"_self\" aria-labelledby=\"uael-post-24489\">\n\t\t\t\t\t<span class=\"elementor-button-content-wrapper\">\n\t\t\t\t\t\t\t\t\t\t\t\t\t\t<span class=\"elementor-button-icon elementor-align-icon-right\">\n\n\t\t\t\t\t\t\t\t\t<i aria-hidden=\"true\" class=\"fas fa-angle-right\"><\/i>\n\t\t\t\t\t\t\t\t<\/span>\n\t\t\t\t\t\t\t\t\t\t\t\t\t\n\t\t\t\t\t\t<span class=\"elementor-button-text\" id=uael-post-24489>Weiterlesen<\/span>\n\t\t\t\t\t<\/span>\n\t\t\t\t<\/a>\n\t\t\t\t\t\t<\/div>\n\t\t\t\n\t\t<\/div>\n\t\t\n\t<\/div>\n\n<\/div>\n\n<div class=\"uael-post-wrapper   evangelisation suppenk\u00fcchen \">\n\t<div class=\"uael-post__bg-wrap uael-bg-wrap-disabled \">\n\n\t\t\t\t\t<a href=\"https:\/\/ht-ost.com\/de\/eine-suppenkueche-fuer-die-letzte-sowjetrepublik\/\" target=\"_self\" class=\"uael-post__complete-box-overlay\" aria-label=\"Link Komplettbox\"><\/a>\n\t\t\t\t\n\t\t<div class=\"uael-post__inner-wrap uael-inner-wrap-disabled\">\n\n\t\t\t\t<div class=\"uael-post__thumbnail\">\n\t\t\t\n\t\t\t<a href=\"https:\/\/ht-ost.com\/de\/eine-suppenkueche-fuer-die-letzte-sowjetrepublik\/\" target=\"_self\" title=\"Eine Suppenk\u00fcche f\u00fcr die \u201eletzte Sowjetrepublik\u201c\"><img loading=\"lazy\" decoding=\"async\" width=\"750\" height=\"500\" src=\"https:\/\/ht-ost.com\/wp-content\/uploads\/2023\/10\/20231003001_beitragsbild1_md.jpg\" class=\"attachment-medium_large size-medium_large wp-image-21977\" alt=\"\" srcset=\"https:\/\/ht-ost.com\/wp-content\/uploads\/2023\/10\/20231003001_beitragsbild1_md.jpg 750w, https:\/\/ht-ost.com\/wp-content\/uploads\/2023\/10\/20231003001_beitragsbild1_md-300x200.jpg 300w\" sizes=\"(max-width: 750px) 100vw, 750px\" \/><\/a>\n\t\t\t\t\t<\/div>\n\t\t\n\t\t\t\n\t\t\t<div class=\"uael-post__content-wrap uael-content-wrap-disabled\">\n\t\t\t\t\t\t\t<div class=\"uael-post__terms-wrap\"><span class=\"uael-post__terms\"><a href=\"https:\/\/ht-ost.com\/de\/category\/evangelisation\/\" class=\"uael-listing__terms-link\" id=\"uael-post-term-evangelisation\" aria-labelledby=\"uael-post-term-evangelisation\">Evangelisation<\/a><a href=\"https:\/\/ht-ost.com\/de\/category\/suppenkuechen\/\" class=\"uael-listing__terms-link\" id=\"uael-post-term-suppenkuechen\" aria-labelledby=\"uael-post-term-suppenkuechen\">Suppenk\u00fcchen<\/a><\/span><\/div>\n\t\t\t\t\t\t<h3 class=\"uael-post__title\">\n\n\t\t\n\t\t\t\t\t\t<a href=\"https:\/\/ht-ost.com\/de\/eine-suppenkueche-fuer-die-letzte-sowjetrepublik\/\" target=\"_self\">\n\t\t\t\tEine Suppenk\u00fcche f\u00fcr die \u201eletzte Sowjetrepublik\u201c\t\t\t<\/a>\n\n\t\t\t\t<\/h3>\n\t\t\t\t\t<div class=\"uael-post__meta-data\">\n\t\t\t\t\t<span class=\"uael-post__date\">\n\t\t\t\t\t\t\t\t\t\t\t\t\t<i aria-hidden=\"true\" class=\"fa fa-calendar\"><\/i>\t\t\t\t\t\t\t\t\t\n\t\t\t3. Oktober 2023\t\t<\/span>\n\t\t\t\t<\/div>\n\t\t\n\t\t<div class=\"uael-post__excerpt\">\n\t\t\tDer kleine De-facto-Staat Transnistrien war lange Zeit Teil der damaligen Sowjetrepublik Moldau und befindet sich seit dem Zusammenbruch der Sowjetunion ...\t\t<\/div>\n\n\t\t\t\t\t<a class=\"uael-post__read-more elementor-button\" href=\"https:\/\/ht-ost.com\/de\/eine-suppenkueche-fuer-die-letzte-sowjetrepublik\/\" target=\"_self\" aria-labelledby=\"uael-post-21961\">\n\t\t\t\t\t<span class=\"elementor-button-content-wrapper\">\n\t\t\t\t\t\t\t\t\t\t\t\t\t\t<span class=\"elementor-button-icon elementor-align-icon-right\">\n\n\t\t\t\t\t\t\t\t\t<i aria-hidden=\"true\" class=\"fas fa-angle-right\"><\/i>\n\t\t\t\t\t\t\t\t<\/span>\n\t\t\t\t\t\t\t\t\t\t\t\t\t\n\t\t\t\t\t\t<span class=\"elementor-button-text\" id=uael-post-21961>Weiterlesen<\/span>\n\t\t\t\t\t<\/span>\n\t\t\t\t<\/a>\n\t\t\t\t\t\t<\/div>\n\t\t\t\n\t\t<\/div>\n\t\t\n\t<\/div>\n\n<\/div>\n\n<div class=\"uael-post-wrapper   evangelisation \">\n\t<div class=\"uael-post__bg-wrap uael-bg-wrap-disabled \">\n\n\t\t\t\t\t<a href=\"https:\/\/ht-ost.com\/de\/spielplatz-holercani\/\" target=\"_self\" class=\"uael-post__complete-box-overlay\" aria-label=\"Link Komplettbox\"><\/a>\n\t\t\t\t\n\t\t<div class=\"uael-post__inner-wrap uael-inner-wrap-disabled\">\n\n\t\t\t\t<div class=\"uael-post__thumbnail\">\n\t\t\t\n\t\t\t<a href=\"https:\/\/ht-ost.com\/de\/spielplatz-holercani\/\" target=\"_self\" title=\"Spielplatz Holercani\"><img loading=\"lazy\" decoding=\"async\" width=\"750\" height=\"500\" src=\"https:\/\/ht-ost.com\/wp-content\/uploads\/2023\/10\/20231003001_beitragsbild4_md.jpg\" class=\"attachment-medium_large size-medium_large wp-image-21987\" alt=\"\" srcset=\"https:\/\/ht-ost.com\/wp-content\/uploads\/2023\/10\/20231003001_beitragsbild4_md.jpg 750w, https:\/\/ht-ost.com\/wp-content\/uploads\/2023\/10\/20231003001_beitragsbild4_md-300x200.jpg 300w\" sizes=\"(max-width: 750px) 100vw, 750px\" \/><\/a>\n\t\t\t\t\t<\/div>\n\t\t\n\t\t\t\n\t\t\t<div class=\"uael-post__content-wrap uael-content-wrap-disabled\">\n\t\t\t\t\t\t\t<div class=\"uael-post__terms-wrap\"><span class=\"uael-post__terms\"><a href=\"https:\/\/ht-ost.com\/de\/category\/evangelisation\/\" class=\"uael-listing__terms-link\" id=\"uael-post-term-evangelisation\" aria-labelledby=\"uael-post-term-evangelisation\">Evangelisation<\/a><\/span><\/div>\n\t\t\t\t\t\t<h3 class=\"uael-post__title\">\n\n\t\t\n\t\t\t\t\t\t<a href=\"https:\/\/ht-ost.com\/de\/spielplatz-holercani\/\" target=\"_self\">\n\t\t\t\tSpielplatz Holercani\t\t\t<\/a>\n\n\t\t\t\t<\/h3>\n\t\t\t\t\t<div class=\"uael-post__meta-data\">\n\t\t\t\t\t<span class=\"uael-post__date\">\n\t\t\t\t\t\t\t\t\t\t\t\t\t<i aria-hidden=\"true\" class=\"fa fa-calendar\"><\/i>\t\t\t\t\t\t\t\t\t\n\t\t\t15. September 2023\t\t<\/span>\n\t\t\t\t<\/div>\n\t\t\n\t\t<div class=\"uael-post__excerpt\">\n\t\t\tGottes Ma\u00dfarbeit In der letzten Zeitschrift berichteten wir von dem anstehenden Spielplatz-Baueinsatz im Ort Holercani im Osten Moldawiens. Nun k\u00f6nnen ...\t\t<\/div>\n\n\t\t\t\t\t<a class=\"uael-post__read-more elementor-button\" href=\"https:\/\/ht-ost.com\/de\/spielplatz-holercani\/\" target=\"_self\" aria-labelledby=\"uael-post-22165\">\n\t\t\t\t\t<span class=\"elementor-button-content-wrapper\">\n\t\t\t\t\t\t\t\t\t\t\t\t\t\t<span class=\"elementor-button-icon elementor-align-icon-right\">\n\n\t\t\t\t\t\t\t\t\t<i aria-hidden=\"true\" class=\"fas fa-angle-right\"><\/i>\n\t\t\t\t\t\t\t\t<\/span>\n\t\t\t\t\t\t\t\t\t\t\t\t\t\n\t\t\t\t\t\t<span class=\"elementor-button-text\" id=uael-post-22165>Weiterlesen<\/span>\n\t\t\t\t\t<\/span>\n\t\t\t\t<\/a>\n\t\t\t\t\t\t<\/div>\n\t\t\t\n\t\t<\/div>\n\t\t\n\t<\/div>\n\n<\/div>\n\n<div class=\"uael-post-wrapper   evangelisation kinderfreizeiten \">\n\t<div class=\"uael-post__bg-wrap uael-bg-wrap-disabled \">\n\n\t\t\t\t\t<a href=\"https:\/\/ht-ost.com\/de\/wiederbelebung-der-sommereinsaetze\/\" target=\"_self\" class=\"uael-post__complete-box-overlay\" aria-label=\"Link Komplettbox\"><\/a>\n\t\t\t\t\n\t\t<div class=\"uael-post__inner-wrap uael-inner-wrap-disabled\">\n\n\t\t\t\t<div class=\"uael-post__thumbnail\">\n\t\t\t\n\t\t\t<a href=\"https:\/\/ht-ost.com\/de\/wiederbelebung-der-sommereinsaetze\/\" target=\"_self\" title=\"Wiederbelebung der Sommereins\u00e4tze\"><img loading=\"lazy\" decoding=\"async\" width=\"750\" height=\"500\" src=\"https:\/\/ht-ost.com\/wp-content\/uploads\/2023\/07\/20230724001_beitragsbild_md1.jpg\" class=\"attachment-medium_large size-medium_large wp-image-21459\" alt=\"\" srcset=\"https:\/\/ht-ost.com\/wp-content\/uploads\/2023\/07\/20230724001_beitragsbild_md1.jpg 750w, https:\/\/ht-ost.com\/wp-content\/uploads\/2023\/07\/20230724001_beitragsbild_md1-300x200.jpg 300w\" sizes=\"(max-width: 750px) 100vw, 750px\" \/><\/a>\n\t\t\t\t\t<\/div>\n\t\t\n\t\t\t\n\t\t\t<div class=\"uael-post__content-wrap uael-content-wrap-disabled\">\n\t\t\t\t\t\t\t<div class=\"uael-post__terms-wrap\"><span class=\"uael-post__terms\"><a href=\"https:\/\/ht-ost.com\/de\/category\/evangelisation\/\" class=\"uael-listing__terms-link\" id=\"uael-post-term-evangelisation\" aria-labelledby=\"uael-post-term-evangelisation\">Evangelisation<\/a><a href=\"https:\/\/ht-ost.com\/de\/category\/kinderfreizeiten\/\" class=\"uael-listing__terms-link\" id=\"uael-post-term-kinderfreizeiten\" aria-labelledby=\"uael-post-term-kinderfreizeiten\">Kinderfreizeiten<\/a><\/span><\/div>\n\t\t\t\t\t\t<h3 class=\"uael-post__title\">\n\n\t\t\n\t\t\t\t\t\t<a href=\"https:\/\/ht-ost.com\/de\/wiederbelebung-der-sommereinsaetze\/\" target=\"_self\">\n\t\t\t\tWiederbelebung der Sommereins\u00e4tze\t\t\t<\/a>\n\n\t\t\t\t<\/h3>\n\t\t\t\t\t<div class=\"uael-post__meta-data\">\n\t\t\t\t\t<span class=\"uael-post__date\">\n\t\t\t\t\t\t\t\t\t\t\t\t\t<i aria-hidden=\"true\" class=\"fa fa-calendar\"><\/i>\t\t\t\t\t\t\t\t\t\n\t\t\t24. Juli 2023\t\t<\/span>\n\t\t\t\t<\/div>\n\t\t\n\t\t<div class=\"uael-post__excerpt\">\n\t\t\tFast vier lange Jahre konnten wir aufgrund der Coronabeschr\u00e4nkungen keine Sommereins\u00e4tze f\u00fcr Jugendgruppen anbieten \u2013 bis wir im Mai dieses Jahres endlich wieder die M\u00f6glichkeit ...\t\t<\/div>\n\n\t\t\t\t\t<a class=\"uael-post__read-more elementor-button\" href=\"https:\/\/ht-ost.com\/de\/wiederbelebung-der-sommereinsaetze\/\" target=\"_self\" aria-labelledby=\"uael-post-21470\">\n\t\t\t\t\t<span class=\"elementor-button-content-wrapper\">\n\t\t\t\t\t\t\t\t\t\t\t\t\t\t<span class=\"elementor-button-icon elementor-align-icon-right\">\n\n\t\t\t\t\t\t\t\t\t<i aria-hidden=\"true\" class=\"fas fa-angle-right\"><\/i>\n\t\t\t\t\t\t\t\t<\/span>\n\t\t\t\t\t\t\t\t\t\t\t\t\t\n\t\t\t\t\t\t<span class=\"elementor-button-text\" id=uael-post-21470>Weiterlesen<\/span>\n\t\t\t\t\t<\/span>\n\t\t\t\t<\/a>\n\t\t\t\t\t\t<\/div>\n\t\t\t\n\t\t<\/div>\n\t\t\n\t<\/div>\n\n<\/div>\n\n<div class=\"uael-post-wrapper   evangelisation missionare \">\n\t<div class=\"uael-post__bg-wrap uael-bg-wrap-disabled \">\n\n\t\t\t\t\t<a href=\"https:\/\/ht-ost.com\/de\/der-nicht-wirklich-neue-mitarbeiter\/\" target=\"_self\" class=\"uael-post__complete-box-overlay\" aria-label=\"Link Komplettbox\"><\/a>\n\t\t\t\t\n\t\t<div class=\"uael-post__inner-wrap uael-inner-wrap-disabled\">\n\n\t\t\t\t<div class=\"uael-post__thumbnail\">\n\t\t\t\n\t\t\t<a href=\"https:\/\/ht-ost.com\/de\/der-nicht-wirklich-neue-mitarbeiter\/\" target=\"_self\" title=\"Der (nicht wirklich) neue Mitarbeiter\u00a0\"><img loading=\"lazy\" decoding=\"async\" width=\"750\" height=\"500\" src=\"https:\/\/ht-ost.com\/wp-content\/uploads\/2023\/07\/20230724001_beitragsbild_ua2.jpg\" class=\"attachment-medium_large size-medium_large wp-image-21444\" alt=\"\" srcset=\"https:\/\/ht-ost.com\/wp-content\/uploads\/2023\/07\/20230724001_beitragsbild_ua2.jpg 750w, https:\/\/ht-ost.com\/wp-content\/uploads\/2023\/07\/20230724001_beitragsbild_ua2-300x200.jpg 300w\" sizes=\"(max-width: 750px) 100vw, 750px\" \/><\/a>\n\t\t\t\t\t<\/div>\n\t\t\n\t\t\t\n\t\t\t<div class=\"uael-post__content-wrap uael-content-wrap-disabled\">\n\t\t\t\t\t\t\t<div class=\"uael-post__terms-wrap\"><span class=\"uael-post__terms\"><a href=\"https:\/\/ht-ost.com\/de\/category\/evangelisation\/\" class=\"uael-listing__terms-link\" id=\"uael-post-term-evangelisation\" aria-labelledby=\"uael-post-term-evangelisation\">Evangelisation<\/a><a href=\"https:\/\/ht-ost.com\/de\/category\/missionare\/\" class=\"uael-listing__terms-link\" id=\"uael-post-term-missionare\" aria-labelledby=\"uael-post-term-missionare\">Missionare<\/a><\/span><\/div>\n\t\t\t\t\t\t<h3 class=\"uael-post__title\">\n\n\t\t\n\t\t\t\t\t\t<a href=\"https:\/\/ht-ost.com\/de\/der-nicht-wirklich-neue-mitarbeiter\/\" target=\"_self\">\n\t\t\t\tDer (nicht wirklich) neue Mitarbeiter\u00a0\t\t\t<\/a>\n\n\t\t\t\t<\/h3>\n\t\t\t\t\t<div class=\"uael-post__meta-data\">\n\t\t\t\t\t<span class=\"uael-post__date\">\n\t\t\t\t\t\t\t\t\t\t\t\t\t<i aria-hidden=\"true\" class=\"fa fa-calendar\"><\/i>\t\t\t\t\t\t\t\t\t\n\t\t\t24. Juli 2023\t\t<\/span>\n\t\t\t\t<\/div>\n\t\t\n\t\t<div class=\"uael-post__excerpt\">\n\t\t\tOlga und Igor sind seit vielen Jahren mit dem Dienst von HTO verbunden. Sie stellen sich mit ihren beiden S\u00f6hnen mutig den Herausforderungen, die der ...\t\t<\/div>\n\n\t\t\t\t\t<a class=\"uael-post__read-more elementor-button\" href=\"https:\/\/ht-ost.com\/de\/der-nicht-wirklich-neue-mitarbeiter\/\" target=\"_self\" aria-labelledby=\"uael-post-21473\">\n\t\t\t\t\t<span class=\"elementor-button-content-wrapper\">\n\t\t\t\t\t\t\t\t\t\t\t\t\t\t<span class=\"elementor-button-icon elementor-align-icon-right\">\n\n\t\t\t\t\t\t\t\t\t<i aria-hidden=\"true\" class=\"fas fa-angle-right\"><\/i>\n\t\t\t\t\t\t\t\t<\/span>\n\t\t\t\t\t\t\t\t\t\t\t\t\t\n\t\t\t\t\t\t<span class=\"elementor-button-text\" id=uael-post-21473>Weiterlesen<\/span>\n\t\t\t\t\t<\/span>\n\t\t\t\t<\/a>\n\t\t\t\t\t\t<\/div>\n\t\t\t\n\t\t<\/div>\n\t\t\n\t<\/div>\n\n<\/div>\n\n<div class=\"uael-post-wrapper   evangelisation suppenk\u00fcchen \">\n\t<div class=\"uael-post__bg-wrap uael-bg-wrap-disabled \">\n\n\t\t\t\t\t<a href=\"https:\/\/ht-ost.com\/de\/eine-mobile-suppenkueche\/\" target=\"_self\" class=\"uael-post__complete-box-overlay\" aria-label=\"Link Komplettbox\"><\/a>\n\t\t\t\t\n\t\t<div class=\"uael-post__inner-wrap uael-inner-wrap-disabled\">\n\n\t\t\t\t<div class=\"uael-post__thumbnail\">\n\t\t\t\n\t\t\t<a href=\"https:\/\/ht-ost.com\/de\/eine-mobile-suppenkueche\/\" target=\"_self\" title=\"Eine mobile Suppenk\u00fcche\"><img loading=\"lazy\" decoding=\"async\" width=\"750\" height=\"500\" src=\"https:\/\/ht-ost.com\/wp-content\/uploads\/2023\/07\/20230724001_beitragsbild_ua.jpg\" class=\"attachment-medium_large size-medium_large wp-image-21434\" alt=\"\" srcset=\"https:\/\/ht-ost.com\/wp-content\/uploads\/2023\/07\/20230724001_beitragsbild_ua.jpg 750w, https:\/\/ht-ost.com\/wp-content\/uploads\/2023\/07\/20230724001_beitragsbild_ua-300x200.jpg 300w\" sizes=\"(max-width: 750px) 100vw, 750px\" \/><\/a>\n\t\t\t\t\t<\/div>\n\t\t\n\t\t\t\n\t\t\t<div class=\"uael-post__content-wrap uael-content-wrap-disabled\">\n\t\t\t\t\t\t\t<div class=\"uael-post__terms-wrap\"><span class=\"uael-post__terms\"><a href=\"https:\/\/ht-ost.com\/de\/category\/evangelisation\/\" class=\"uael-listing__terms-link\" id=\"uael-post-term-evangelisation\" aria-labelledby=\"uael-post-term-evangelisation\">Evangelisation<\/a><a href=\"https:\/\/ht-ost.com\/de\/category\/suppenkuechen\/\" class=\"uael-listing__terms-link\" id=\"uael-post-term-suppenkuechen\" aria-labelledby=\"uael-post-term-suppenkuechen\">Suppenk\u00fcchen<\/a><\/span><\/div>\n\t\t\t\t\t\t<h3 class=\"uael-post__title\">\n\n\t\t\n\t\t\t\t\t\t<a href=\"https:\/\/ht-ost.com\/de\/eine-mobile-suppenkueche\/\" target=\"_self\">\n\t\t\t\tEine mobile Suppenk\u00fcche\t\t\t<\/a>\n\n\t\t\t\t<\/h3>\n\t\t\t\t\t<div class=\"uael-post__meta-data\">\n\t\t\t\t\t<span class=\"uael-post__date\">\n\t\t\t\t\t\t\t\t\t\t\t\t\t<i aria-hidden=\"true\" class=\"fa fa-calendar\"><\/i>\t\t\t\t\t\t\t\t\t\n\t\t\t24. Juli 2023\t\t<\/span>\n\t\t\t\t<\/div>\n\t\t\n\t\t<div class=\"uael-post__excerpt\">\n\t\t\tDie neue Idee entstand aus der \u00dcberlegung, wie man das Vorhandene und Bew\u00e4hrte gegenw\u00e4rtig in der Ukraine sinnvoll einsetzen kann. Gemeinsam k\u00f6nnen wir dieses wertvolle ...\t\t<\/div>\n\n\t\t\t\t\t<a class=\"uael-post__read-more elementor-button\" href=\"https:\/\/ht-ost.com\/de\/eine-mobile-suppenkueche\/\" target=\"_self\" aria-labelledby=\"uael-post-21478\">\n\t\t\t\t\t<span class=\"elementor-button-content-wrapper\">\n\t\t\t\t\t\t\t\t\t\t\t\t\t\t<span class=\"elementor-button-icon elementor-align-icon-right\">\n\n\t\t\t\t\t\t\t\t\t<i aria-hidden=\"true\" class=\"fas fa-angle-right\"><\/i>\n\t\t\t\t\t\t\t\t<\/span>\n\t\t\t\t\t\t\t\t\t\t\t\t\t\n\t\t\t\t\t\t<span class=\"elementor-button-text\" id=uael-post-21478>Weiterlesen<\/span>\n\t\t\t\t\t<\/span>\n\t\t\t\t<\/a>\n\t\t\t\t\t\t<\/div>\n\t\t\t\n\t\t<\/div>\n\t\t\n\t<\/div>\n\n<\/div>\n\n<div class=\"uael-post-wrapper   evangelisation missionare \">\n\t<div class=\"uael-post__bg-wrap uael-bg-wrap-disabled \">\n\n\t\t\t\t\t<a href=\"https:\/\/ht-ost.com\/de\/neue-gemeinde-in-criuleni\/\" target=\"_self\" class=\"uael-post__complete-box-overlay\" aria-label=\"Link Komplettbox\"><\/a>\n\t\t\t\t\n\t\t<div class=\"uael-post__inner-wrap uael-inner-wrap-disabled\">\n\n\t\t\t\t<div class=\"uael-post__thumbnail\">\n\t\t\t\n\t\t\t<a href=\"https:\/\/ht-ost.com\/de\/neue-gemeinde-in-criuleni\/\" target=\"_self\" title=\"Neue gemeinde in Criuleni\"><img loading=\"lazy\" decoding=\"async\" width=\"750\" height=\"500\" src=\"https:\/\/ht-ost.com\/wp-content\/uploads\/2023\/04\/20230424001_beitragsbild_md.jpg\" class=\"attachment-medium_large size-medium_large wp-image-20588\" alt=\"\" srcset=\"https:\/\/ht-ost.com\/wp-content\/uploads\/2023\/04\/20230424001_beitragsbild_md.jpg 750w, https:\/\/ht-ost.com\/wp-content\/uploads\/2023\/04\/20230424001_beitragsbild_md-300x200.jpg 300w\" sizes=\"(max-width: 750px) 100vw, 750px\" \/><\/a>\n\t\t\t\t\t<\/div>\n\t\t\n\t\t\t\n\t\t\t<div class=\"uael-post__content-wrap uael-content-wrap-disabled\">\n\t\t\t\t\t\t\t<div class=\"uael-post__terms-wrap\"><span class=\"uael-post__terms\"><a href=\"https:\/\/ht-ost.com\/de\/category\/evangelisation\/\" class=\"uael-listing__terms-link\" id=\"uael-post-term-evangelisation\" aria-labelledby=\"uael-post-term-evangelisation\">Evangelisation<\/a><a href=\"https:\/\/ht-ost.com\/de\/category\/missionare\/\" class=\"uael-listing__terms-link\" id=\"uael-post-term-missionare\" aria-labelledby=\"uael-post-term-missionare\">Missionare<\/a><\/span><\/div>\n\t\t\t\t\t\t<h3 class=\"uael-post__title\">\n\n\t\t\n\t\t\t\t\t\t<a href=\"https:\/\/ht-ost.com\/de\/neue-gemeinde-in-criuleni\/\" target=\"_self\">\n\t\t\t\tNeue gemeinde in Criuleni\t\t\t<\/a>\n\n\t\t\t\t<\/h3>\n\t\t\t\t\t<div class=\"uael-post__meta-data\">\n\t\t\t\t\t<span class=\"uael-post__date\">\n\t\t\t\t\t\t\t\t\t\t\t\t\t<i aria-hidden=\"true\" class=\"fa fa-calendar\"><\/i>\t\t\t\t\t\t\t\t\t\n\t\t\t22. April 2023\t\t<\/span>\n\t\t\t\t<\/div>\n\t\t\n\t\t<div class=\"uael-post__excerpt\">\n\t\t\t\u201eEine T\u00fcr hat sich mir aufgetan, weit und vielversprechend\u201c 1. Korinther 16,9 Im Jahr 2022 durften wir eine neue Missionarsfamilie ...\t\t<\/div>\n\n\t\t\t\t\t<a class=\"uael-post__read-more elementor-button\" href=\"https:\/\/ht-ost.com\/de\/neue-gemeinde-in-criuleni\/\" target=\"_self\" aria-labelledby=\"uael-post-20859\">\n\t\t\t\t\t<span class=\"elementor-button-content-wrapper\">\n\t\t\t\t\t\t\t\t\t\t\t\t\t\t<span class=\"elementor-button-icon elementor-align-icon-right\">\n\n\t\t\t\t\t\t\t\t\t<i aria-hidden=\"true\" class=\"fas fa-angle-right\"><\/i>\n\t\t\t\t\t\t\t\t<\/span>\n\t\t\t\t\t\t\t\t\t\t\t\t\t\n\t\t\t\t\t\t<span class=\"elementor-button-text\" id=uael-post-20859>Weiterlesen<\/span>\n\t\t\t\t\t<\/span>\n\t\t\t\t<\/a>\n\t\t\t\t\t\t<\/div>\n\t\t\t\n\t\t<\/div>\n\t\t\n\t<\/div>\n\n<\/div>\n\n<div class=\"uael-post-wrapper   evangelisation fl\u00fcchtlingshilfe missionare \">\n\t<div class=\"uael-post__bg-wrap uael-bg-wrap-disabled \">\n\n\t\t\t\t\t<a href=\"https:\/\/ht-ost.com\/de\/geistlicher-aufbruch\/\" target=\"_self\" class=\"uael-post__complete-box-overlay\" aria-label=\"Link Komplettbox\"><\/a>\n\t\t\t\t\n\t\t<div class=\"uael-post__inner-wrap uael-inner-wrap-disabled\">\n\n\t\t\t\t<div class=\"uael-post__thumbnail\">\n\t\t\t\n\t\t\t<a href=\"https:\/\/ht-ost.com\/de\/geistlicher-aufbruch\/\" target=\"_self\" title=\"Geistlicher Aufbruch\"><img loading=\"lazy\" decoding=\"async\" width=\"750\" height=\"500\" src=\"https:\/\/ht-ost.com\/wp-content\/uploads\/2023\/04\/20230424001_beitragsbild_ua.jpg\" class=\"attachment-medium_large size-medium_large wp-image-20598\" alt=\"\" srcset=\"https:\/\/ht-ost.com\/wp-content\/uploads\/2023\/04\/20230424001_beitragsbild_ua.jpg 750w, https:\/\/ht-ost.com\/wp-content\/uploads\/2023\/04\/20230424001_beitragsbild_ua-300x200.jpg 300w\" sizes=\"(max-width: 750px) 100vw, 750px\" \/><\/a>\n\t\t\t\t\t<\/div>\n\t\t\n\t\t\t\n\t\t\t<div class=\"uael-post__content-wrap uael-content-wrap-disabled\">\n\t\t\t\t\t\t\t<div class=\"uael-post__terms-wrap\"><span class=\"uael-post__terms\"><a href=\"https:\/\/ht-ost.com\/de\/category\/evangelisation\/\" class=\"uael-listing__terms-link\" id=\"uael-post-term-evangelisation\" aria-labelledby=\"uael-post-term-evangelisation\">Evangelisation<\/a><a href=\"https:\/\/ht-ost.com\/de\/category\/fluechtlingshilfe\/\" class=\"uael-listing__terms-link\" id=\"uael-post-term-fluechtlingshilfe\" aria-labelledby=\"uael-post-term-fluechtlingshilfe\">Fl\u00fcchtlingshilfe<\/a><a href=\"https:\/\/ht-ost.com\/de\/category\/missionare\/\" class=\"uael-listing__terms-link\" id=\"uael-post-term-missionare\" aria-labelledby=\"uael-post-term-missionare\">Missionare<\/a><\/span><\/div>\n\t\t\t\t\t\t<h3 class=\"uael-post__title\">\n\n\t\t\n\t\t\t\t\t\t<a href=\"https:\/\/ht-ost.com\/de\/geistlicher-aufbruch\/\" target=\"_self\">\n\t\t\t\tGeistlicher Aufbruch\t\t\t<\/a>\n\n\t\t\t\t<\/h3>\n\t\t\t\t\t<div class=\"uael-post__meta-data\">\n\t\t\t\t\t<span class=\"uael-post__date\">\n\t\t\t\t\t\t\t\t\t\t\t\t\t<i aria-hidden=\"true\" class=\"fa fa-calendar\"><\/i>\t\t\t\t\t\t\t\t\t\n\t\t\t20. April 2023\t\t<\/span>\n\t\t\t\t<\/div>\n\t\t\n\t\t<div class=\"uael-post__excerpt\">\n\t\t\tLemberg \u2013 eine Stadt im Ausnahmezustand 300.000 Fl\u00fcchtlinge haben das Leben der Stadt Lemberg v\u00f6llig ver\u00e4ndert: \u00dcberwiegend sind es Frauen ...\t\t<\/div>\n\n\t\t\t\t\t<a class=\"uael-post__read-more elementor-button\" href=\"https:\/\/ht-ost.com\/de\/geistlicher-aufbruch\/\" target=\"_self\" aria-labelledby=\"uael-post-20876\">\n\t\t\t\t\t<span class=\"elementor-button-content-wrapper\">\n\t\t\t\t\t\t\t\t\t\t\t\t\t\t<span class=\"elementor-button-icon elementor-align-icon-right\">\n\n\t\t\t\t\t\t\t\t\t<i aria-hidden=\"true\" class=\"fas fa-angle-right\"><\/i>\n\t\t\t\t\t\t\t\t<\/span>\n\t\t\t\t\t\t\t\t\t\t\t\t\t\n\t\t\t\t\t\t<span class=\"elementor-button-text\" id=uael-post-20876>Weiterlesen<\/span>\n\t\t\t\t\t<\/span>\n\t\t\t\t<\/a>\n\t\t\t\t\t\t<\/div>\n\t\t\t\n\t\t<\/div>\n\t\t\n\t<\/div>\n\n<\/div>\n\t\t\t\t<\/div>\n\t\t\t\t\t\t\n\t\t<\/div>\n\n\t\t\t\t\t\t<\/div>\n\t\t<div class=\"uael-post__footer\">\n\t\t\t\t\t<\/div>\n\t\t\t\t\t\t<\/div>\n\t\t\t\t<\/div>\n\t\t\t\t\t<\/div>\n\t\t<\/div>\n\t\t\t\t<div class=\"elementor-column elementor-col-25 elementor-inner-column elementor-element elementor-element-faf9c6b\" data-id=\"faf9c6b\" data-element_type=\"column\" data-e-type=\"column\">\n\t\t\t<div class=\"elementor-widget-wrap elementor-element-populated\">\n\t\t\t\t\t\t<div class=\"elementor-element elementor-element-58e711f elementor-widget elementor-widget-heading\" data-id=\"58e711f\" data-element_type=\"widget\" data-e-type=\"widget\" data-widget_type=\"heading.default\">\n\t\t\t\t<div class=\"elementor-widget-container\">\n\t\t\t\t\t<h4 class=\"elementor-heading-title elementor-size-default\">Artikel<\/h4>\t\t\t\t<\/div>\n\t\t\t\t<\/div>\n\t\t\t\t<div class=\"elementor-element elementor-element-36b2f32 uael-nav-menu__align-left uael-submenu-icon-arrow uael-link-redirect-child uael-nav-menu__breakpoint-tablet uael-nav-menu-toggle-label-no elementor-widget elementor-widget-uael-nav-menu\" data-id=\"36b2f32\" data-element_type=\"widget\" data-e-type=\"widget\" data-widget_type=\"uael-nav-menu.default\">\n\t\t\t\t<div class=\"elementor-widget-container\">\n\t\t\t\t\t\t\t<div class=\"uael-nav-menu uael-layout-vertical uael-nav-menu-layout\" data-layout=\"vertical\">\n\t\t\t\t<div role=\"button\" class=\"uael-nav-menu__toggle elementor-clickable\">\n\t\t\t\t\t<span class=\"screen-reader-text\">Main Menu<\/span>\n\t\t\t\t\t<div class=\"uael-nav-menu-icon\">\n\t\t\t\t\t\t<i aria-hidden=\"true\" class=\"fas fa-align-justify\"><\/i>\t\t\t\t\t<\/div>\n\t\t\t\t\t\t\t\t\t<\/div>\n\t\t\t\t\t\t\t<nav class=\"uael-nav-menu__layout-vertical uael-nav-menu__submenu-arrow\" data-toggle-icon=\"&lt;i aria-hidden=&quot;true&quot; class=&quot;fas fa-align-justify&quot;&gt;&lt;\/i&gt;\" data-close-icon=\"&lt;i aria-hidden=&quot;true&quot; class=&quot;far fa-window-close&quot;&gt;&lt;\/i&gt;\" data-full-width=\"yes\"><ul id=\"menu-1-36b2f32\" class=\"uael-nav-menu\"><li id=\"menu-item-6319\" class=\"menu-item menu-item-type-post_type menu-item-object-page parent uael-creative-menu\"><a href=\"https:\/\/ht-ost.com\/de\/aktuelles\/berichte-wpa\/\" class = \"uael-menu-item\">Weihnachtsp\u00e4ckchen<\/a><\/li>\n<li id=\"menu-item-6417\" class=\"menu-item menu-item-type-post_type menu-item-object-page parent uael-creative-menu\"><a href=\"https:\/\/ht-ost.com\/de\/aktuelles\/berichte-evangelisation\/\" class = \"uael-menu-item\">Evangelisation<\/a><\/li>\n<li id=\"menu-item-6418\" class=\"menu-item menu-item-type-post_type menu-item-object-page parent uael-creative-menu\"><a href=\"https:\/\/ht-ost.com\/de\/aktuelles\/berichte-kowtscheg\/\" class = \"uael-menu-item\">Kowtscheg<\/a><\/li>\n<li id=\"menu-item-6419\" class=\"menu-item menu-item-type-post_type menu-item-object-page parent uael-creative-menu\"><a href=\"https:\/\/ht-ost.com\/de\/aktuelles\/berichte-patenschaften\/\" class = \"uael-menu-item\">Patenschaften<\/a><\/li>\n<li id=\"menu-item-6420\" class=\"menu-item menu-item-type-post_type menu-item-object-page parent uael-creative-menu\"><a href=\"https:\/\/ht-ost.com\/de\/aktuelles\/berichte-suppenkuechen\/\" class = \"uael-menu-item\">Suppenk\u00fcchen<\/a><\/li>\n<\/ul><\/nav>\n\t\t\t\t\t<\/div>\n\t\t\t\t\t\t\t<\/div>\n\t\t\t\t<\/div>\n\t\t\t\t\t<\/div>\n\t\t<\/div>\n\t\t\t\t<div class=\"elementor-column elementor-col-25 elementor-inner-column elementor-element elementor-element-ddf3a8d\" data-id=\"ddf3a8d\" data-element_type=\"column\" data-e-type=\"column\">\n\t\t\t<div class=\"elementor-widget-wrap\">\n\t\t\t\t\t\t\t<\/div>\n\t\t<\/div>\n\t\t\t\t\t<\/div>\n\t\t<\/section>\n\t\t\t\t<div class=\"elementor-element elementor-element-b577f79 elementor-widget elementor-widget-spacer\" data-id=\"b577f79\" data-element_type=\"widget\" data-e-type=\"widget\" data-widget_type=\"spacer.default\">\n\t\t\t\t<div class=\"elementor-widget-container\">\n\t\t\t\t\t\t\t<div class=\"elementor-spacer\">\n\t\t\t<div class=\"elementor-spacer-inner\"><\/div>\n\t\t<\/div>\n\t\t\t\t\t\t<\/div>\n\t\t\t\t<\/div>\n\t\t\t\t<div class=\"elementor-element elementor-element-579bea4 elementor-widget elementor-widget-spacer\" data-id=\"579bea4\" data-element_type=\"widget\" data-e-type=\"widget\" data-widget_type=\"spacer.default\">\n\t\t\t\t<div class=\"elementor-widget-container\">\n\t\t\t\t\t\t\t<div class=\"elementor-spacer\">\n\t\t\t<div class=\"elementor-spacer-inner\"><\/div>\n\t\t<\/div>\n\t\t\t\t\t\t<\/div>\n\t\t\t\t<\/div>\n\t\t\t\t\t<\/div>\n\t\t<\/div>\n\t\t\t\t\t<\/div>\n\t\t<\/section>\n\t\t\t\t<\/div>\n\t\t","protected":false},"excerpt":{"rendered":"<p>Evangelisation Alle Berichte EvangelisationKowtscheg Zu Besuch in einem abgebrannten Dorf 15. August 2020 Die Pandemie bestimmt inzwischen unseren Alltag &#8211; auch in der Ostukraine, wo zudem der Krieg w\u00fctet und kein Ende zu &#8230; Weiterlesen Evangelisation Von Gott gesegnet! 15. [&hellip;]<\/p>\n","protected":false},"author":1,"featured_media":0,"parent":5691,"menu_order":0,"comment_status":"closed","ping_status":"closed","template":"elementor_header_footer","meta":{"site-sidebar-layout":"right-sidebar","site-content-layout":"page-builder","ast-site-content-layout":"default","site-content-style":"default","site-sidebar-style":"default","ast-global-header-display":"","ast-banner-title-visibility":"","ast-main-header-display":"","ast-hfb-above-header-display":"","ast-hfb-below-header-display":"","ast-hfb-mobile-header-display":"","site-post-title":"disabled","ast-breadcrumbs-content":"","ast-featured-img":"disabled","footer-sml-layout":"","ast-disable-related-posts":"","theme-transparent-header-meta":"enabled","adv-header-id-meta":"3193","stick-header-meta":"default","header-above-stick-meta":"","header-main-stick-meta":"","header-below-stick-meta":"","astra-migrate-meta-layouts":"default","ast-page-background-enabled":"default","ast-page-background-meta":{"desktop":{"background-color":"","background-image":"","background-repeat":"repeat","background-position":"center center","background-size":"auto","background-attachment":"scroll","background-type":"","background-media":"","overlay-type":"","overlay-color":"","overlay-opacity":"","overlay-gradient":""},"tablet":{"background-color":"","background-image":"","background-repeat":"repeat","background-position":"center center","background-size":"auto","background-attachment":"scroll","background-type":"","background-media":"","overlay-type":"","overlay-color":"","overlay-opacity":"","overlay-gradient":""},"mobile":{"background-color":"","background-image":"","background-repeat":"repeat","background-position":"center center","background-size":"auto","background-attachment":"scroll","background-type":"","background-media":"","overlay-type":"","overlay-color":"","overlay-opacity":"","overlay-gradient":""}},"ast-content-background-meta":{"desktop":{"background-color":"var(--ast-global-color-5)","background-image":"","background-repeat":"repeat","background-position":"center center","background-size":"auto","background-attachment":"scroll","background-type":"","background-media":"","overlay-type":"","overlay-color":"","overlay-opacity":"","overlay-gradient":""},"tablet":{"background-color":"var(--ast-global-color-5)","background-image":"","background-repeat":"repeat","background-position":"center center","background-size":"auto","background-attachment":"scroll","background-type":"","background-media":"","overlay-type":"","overlay-color":"","overlay-opacity":"","overlay-gradient":""},"mobile":{"background-color":"var(--ast-global-color-5)","background-image":"","background-repeat":"repeat","background-position":"center center","background-size":"auto","background-attachment":"scroll","background-type":"","background-media":"","overlay-type":"","overlay-color":"","overlay-opacity":"","overlay-gradient":""}},"footnotes":""},"class_list":["post-6394","page","type-page","status-publish","hentry"],"_links":{"self":[{"href":"https:\/\/ht-ost.com\/de\/wp-json\/wp\/v2\/pages\/6394","targetHints":{"allow":["GET"]}}],"collection":[{"href":"https:\/\/ht-ost.com\/de\/wp-json\/wp\/v2\/pages"}],"about":[{"href":"https:\/\/ht-ost.com\/de\/wp-json\/wp\/v2\/types\/page"}],"author":[{"embeddable":true,"href":"https:\/\/ht-ost.com\/de\/wp-json\/wp\/v2\/users\/1"}],"replies":[{"embeddable":true,"href":"https:\/\/ht-ost.com\/de\/wp-json\/wp\/v2\/comments?post=6394"}],"version-history":[{"count":10,"href":"https:\/\/ht-ost.com\/de\/wp-json\/wp\/v2\/pages\/6394\/revisions"}],"predecessor-version":[{"id":6422,"href":"https:\/\/ht-ost.com\/de\/wp-json\/wp\/v2\/pages\/6394\/revisions\/6422"}],"up":[{"embeddable":true,"href":"https:\/\/ht-ost.com\/de\/wp-json\/wp\/v2\/pages\/5691"}],"wp:attachment":[{"href":"https:\/\/ht-ost.com\/de\/wp-json\/wp\/v2\/media?parent=6394"}],"curies":[{"name":"wp","href":"https:\/\/api.w.org\/{rel}","templated":true}]}}