{"id":7936,"date":"2020-10-02T13:04:53","date_gmt":"2020-10-02T11:04:53","guid":{"rendered":"https:\/\/ht-ost.com\/attualita\/"},"modified":"2025-06-10T22:04:33","modified_gmt":"2025-06-10T20:04:33","slug":"attualita","status":"publish","type":"page","link":"https:\/\/ht-ost.com\/it\/attualita\/","title":{"rendered":"Attualit\u00e0"},"content":{"rendered":"\t\t<div data-elementor-type=\"wp-post\" data-elementor-id=\"7936\" class=\"elementor elementor-7936 elementor-5691\">\n\t\t\t\t\t\t<section class=\"elementor-section elementor-top-section elementor-element elementor-element-6a05e48 elementor-section-full_width elementor-section-height-default elementor-section-height-default\" data-id=\"6a05e48\" data-element_type=\"section\" data-e-type=\"section\" data-settings=\"{&quot;background_background&quot;:&quot;classic&quot;}\">\n\t\t\t\t\t\t\t<div class=\"elementor-background-overlay\"><\/div>\n\t\t\t\t\t\t\t<div class=\"elementor-container elementor-column-gap-default\">\n\t\t\t\t\t<div class=\"elementor-column elementor-col-100 elementor-top-column elementor-element elementor-element-9552dda\" data-id=\"9552dda\" data-element_type=\"column\" data-e-type=\"column\">\n\t\t\t<div class=\"elementor-widget-wrap elementor-element-populated\">\n\t\t\t\t\t\t<div class=\"elementor-element elementor-element-1f2ade0 elementor-widget elementor-widget-spacer\" data-id=\"1f2ade0\" data-element_type=\"widget\" data-e-type=\"widget\" data-widget_type=\"spacer.default\">\n\t\t\t\t<div class=\"elementor-widget-container\">\n\t\t\t\t\t\t\t<div class=\"elementor-spacer\">\n\t\t\t<div class=\"elementor-spacer-inner\"><\/div>\n\t\t<\/div>\n\t\t\t\t\t\t<\/div>\n\t\t\t\t<\/div>\n\t\t\t\t<div class=\"elementor-element elementor-element-eacfbfb elementor-widget elementor-widget-heading\" data-id=\"eacfbfb\" data-element_type=\"widget\" data-e-type=\"widget\" data-widget_type=\"heading.default\">\n\t\t\t\t<div class=\"elementor-widget-container\">\n\t\t\t\t\t<h1 class=\"elementor-heading-title elementor-size-default\">Attualit\u00e0<\/h1>\t\t\t\t<\/div>\n\t\t\t\t<\/div>\n\t\t\t\t<div class=\"elementor-element elementor-element-f97c80b elementor-widget elementor-widget-heading\" data-id=\"f97c80b\" data-element_type=\"widget\" data-e-type=\"widget\" data-widget_type=\"heading.default\">\n\t\t\t\t<div class=\"elementor-widget-container\">\n\t\t\t\t\t<h3 class=\"elementor-heading-title elementor-size-default\">Tutte le novit\u00e0<\/h3>\t\t\t\t<\/div>\n\t\t\t\t<\/div>\n\t\t\t\t<div class=\"elementor-element elementor-element-4eb1364 elementor-widget elementor-widget-spacer\" data-id=\"4eb1364\" data-element_type=\"widget\" data-e-type=\"widget\" data-widget_type=\"spacer.default\">\n\t\t\t\t<div class=\"elementor-widget-container\">\n\t\t\t\t\t\t\t<div class=\"elementor-spacer\">\n\t\t\t<div class=\"elementor-spacer-inner\"><\/div>\n\t\t<\/div>\n\t\t\t\t\t\t<\/div>\n\t\t\t\t<\/div>\n\t\t\t\t\t<\/div>\n\t\t<\/div>\n\t\t\t\t\t<\/div>\n\t\t<\/section>\n\t\t\t\t<section class=\"elementor-section elementor-top-section elementor-element elementor-element-e279727 elementor-section-full_width elementor-section-height-default elementor-section-height-default\" data-id=\"e279727\" data-element_type=\"section\" data-e-type=\"section\">\n\t\t\t\t\t\t\t<div class=\"elementor-background-overlay\"><\/div>\n\t\t\t\t\t\t\t<div class=\"elementor-container elementor-column-gap-no\">\n\t\t\t\t\t<div class=\"elementor-column elementor-col-100 elementor-top-column elementor-element elementor-element-c69e5e2\" data-id=\"c69e5e2\" data-element_type=\"column\" data-e-type=\"column\">\n\t\t\t<div class=\"elementor-widget-wrap elementor-element-populated\">\n\t\t\t\t\t\t<div class=\"elementor-element elementor-element-2c713c5 elementor-widget elementor-widget-spacer\" data-id=\"2c713c5\" data-element_type=\"widget\" data-e-type=\"widget\" data-widget_type=\"spacer.default\">\n\t\t\t\t<div class=\"elementor-widget-container\">\n\t\t\t\t\t\t\t<div class=\"elementor-spacer\">\n\t\t\t<div class=\"elementor-spacer-inner\"><\/div>\n\t\t<\/div>\n\t\t\t\t\t\t<\/div>\n\t\t\t\t<\/div>\n\t\t\t\t<section class=\"elementor-section elementor-inner-section elementor-element elementor-element-31a2fba elementor-section-full_width elementor-section-height-default elementor-section-height-default\" data-id=\"31a2fba\" data-element_type=\"section\" data-e-type=\"section\">\n\t\t\t\t\t\t<div class=\"elementor-container elementor-column-gap-default\">\n\t\t\t\t\t<div class=\"elementor-column elementor-col-33 elementor-inner-column elementor-element elementor-element-fe4bdf0\" data-id=\"fe4bdf0\" data-element_type=\"column\" data-e-type=\"column\">\n\t\t\t<div class=\"elementor-widget-wrap\">\n\t\t\t\t\t\t\t<\/div>\n\t\t<\/div>\n\t\t\t\t<div class=\"elementor-column elementor-col-33 elementor-inner-column elementor-element elementor-element-1de5226\" data-id=\"1de5226\" data-element_type=\"column\" data-e-type=\"column\">\n\t\t\t<div class=\"elementor-widget-wrap elementor-element-populated\">\n\t\t\t\t\t\t<div class=\"elementor-element elementor-element-5190dfe uael-equal__height-yes uael-post__link-complete-yes uael-posts-thumbnail-ratio elementor-widget elementor-widget-uael-posts\" data-id=\"5190dfe\" data-element_type=\"widget\" data-e-type=\"widget\" data-settings=\"{&quot;classic_slides_to_show&quot;:3,&quot;classic_slides_to_show_tablet&quot;:2,&quot;classic_slides_to_show_mobile&quot;:1}\" data-widget_type=\"uael-posts.classic\">\n\t\t\t\t<div class=\"elementor-widget-container\">\n\t\t\t\t\t\t\t<div class=\"uael-post__header\">\n\t\t\t\t\t<\/div>\n\t\t<div class=\"uael-post__body\">\n\t\t\t\n\t\t\n\t\t<div class=\"uael-blog-terms-position-above_content uael-post-image-top uael-post-grid uael-posts\" data-query-type=\"custom\" data-structure=\"normal\" data-layout=\"\" data-page=\"7936\" data-skin=\"classic\" data-filter-default=\"\" data-offset-top=\"30\" >\n\n\t\t\t\t\t\t\t<div class=\"uael-post-grid__inner uael-post__columns-3 uael-post__columns-tablet-2 uael-post__columns-mobile-1\">\n\t\t\t\n<div class=\"uael-post-wrapper   aiuto-per-l\u2019autoaiuto \">\n\t<div class=\"uael-post__bg-wrap uael-bg-wrap-disabled \">\n\n\t\t\t\t\t<a href=\"https:\/\/ht-ost.com\/it\/iniziativa-di-autosostegno-per-la-moldova\/\" target=\"_self\" class=\"uael-post__complete-box-overlay\" aria-label=\"Link Complete Box\"><\/a>\n\t\t\t\t\n\t\t<div class=\"uael-post__inner-wrap uael-inner-wrap-disabled\">\n\n\t\t\t\t<div class=\"uael-post__thumbnail\">\n\t\t\t\n\t\t\t<a href=\"https:\/\/ht-ost.com\/it\/iniziativa-di-autosostegno-per-la-moldova\/\" target=\"_self\" title=\"Iniziativa di autosostegno per la Moldova\"><img fetchpriority=\"high\" decoding=\"async\" width=\"768\" height=\"512\" src=\"https:\/\/ht-ost.com\/wp-content\/uploads\/2026\/02\/20250412_1S3A9268_web_beitragsbild-768x512.jpg\" class=\"attachment-medium_large size-medium_large wp-image-30975\" alt=\"\" srcset=\"https:\/\/ht-ost.com\/wp-content\/uploads\/2026\/02\/20250412_1S3A9268_web_beitragsbild-768x512.jpg 768w, https:\/\/ht-ost.com\/wp-content\/uploads\/2026\/02\/20250412_1S3A9268_web_beitragsbild-300x200.jpg 300w, https:\/\/ht-ost.com\/wp-content\/uploads\/2026\/02\/20250412_1S3A9268_web_beitragsbild.jpg 800w\" sizes=\"(max-width: 768px) 100vw, 768px\" \/><\/a>\n\t\t\t\t\t<\/div>\n\t\t\n\t\t\t\n\t\t\t<div class=\"uael-post__content-wrap uael-content-wrap-disabled\">\n\t\t\t\t\t\t\t<div class=\"uael-post__terms-wrap\"><span class=\"uael-post__terms\"><a href=\"https:\/\/ht-ost.com\/it\/category\/aiuto-per-lautoaiuto\/\" class=\"uael-listing__terms-link\" id=\"uael-post-term-aiuto-per-lautoaiuto\" aria-labelledby=\"uael-post-term-aiuto-per-lautoaiuto\">Aiuto per l\u2019autoaiuto<\/a><\/span><\/div>\n\t\t\t\t\t\t<h3 class=\"uael-post__title\">\n\n\t\t\n\t\t\t\t\t\t<a href=\"https:\/\/ht-ost.com\/it\/iniziativa-di-autosostegno-per-la-moldova\/\" target=\"_self\">\n\t\t\t\tIniziativa di autosostegno per la Moldova\t\t\t<\/a>\n\n\t\t\t\t<\/h3>\n\t\t\t\t\t<div class=\"uael-post__meta-data\">\n\t\t\t\t\t<span class=\"uael-post__date\">\n\t\t\t\t\t\t\t\t\t\t\t\t\t<i aria-hidden=\"true\" class=\"fa fa-calendar\"><\/i>\t\t\t\t\t\t\t\t\t\n\t\t\t4 Febbraio 2026\t\t<\/span>\n\t\t\t\t<\/div>\n\t\t\n\t\t<div class=\"uael-post__excerpt\">\n\t\t\tQuando la povert\u00e0 fa parte della quotidianit\u00e0, anche un piccolo gesto pu\u00f2 trasformarsi in qualcosa di grande. In Moldova, dei semplici pulcini donano alle famiglie cibo, dignit\u00e0 \u2013 e una nuova speranza per ...\t\t<\/div>\n\n\t\t\t\t\t<a class=\"uael-post__read-more elementor-button\" href=\"https:\/\/ht-ost.com\/it\/iniziativa-di-autosostegno-per-la-moldova\/\" target=\"_blank\" aria-labelledby=\"uael-post-30976\">\n\t\t\t\t\t<span class=\"elementor-button-content-wrapper\">\n\t\t\t\t\t\t\t\t\t\t\t\t\t\t<span class=\"elementor-button-icon elementor-align-icon-right\">\n\n\t\t\t\t\t\t\t\t\t<i aria-hidden=\"true\" class=\"fas fa-angle-right\"><\/i>\n\t\t\t\t\t\t\t\t<\/span>\n\t\t\t\t\t\t\t\t\t\t\t\t\t\n\t\t\t\t\t\t<span class=\"elementor-button-text\" id=uael-post-30976>Continua a leggere<\/span>\n\t\t\t\t\t<\/span>\n\t\t\t\t<\/a>\n\t\t\t\t\t\t<\/div>\n\t\t\t\n\t\t<\/div>\n\t\t\n\t<\/div>\n\n<\/div>\n\n<div class=\"uael-post-wrapper   pacchetto-di-natale-25\/26 \">\n\t<div class=\"uael-post__bg-wrap uael-bg-wrap-disabled \">\n\n\t\t\t\t\t<a href=\"https:\/\/ht-ost.com\/it\/das-ganze-dorf-kommt-zusammen\/\" target=\"_self\" class=\"uael-post__complete-box-overlay\" aria-label=\"Link Complete Box\"><\/a>\n\t\t\t\t\n\t\t<div class=\"uael-post__inner-wrap uael-inner-wrap-disabled\">\n\n\t\t\t\t<div class=\"uael-post__thumbnail\">\n\t\t\t\n\t\t\t<a href=\"https:\/\/ht-ost.com\/it\/das-ganze-dorf-kommt-zusammen\/\" target=\"_self\" title=\"L&#8217;intero villaggio si riunisce\"><img decoding=\"async\" width=\"750\" height=\"500\" src=\"https:\/\/ht-ost.com\/wp-content\/uploads\/2026\/01\/20260107001_beitragsbild_md.jpg\" class=\"attachment-medium_large size-medium_large wp-image-30269\" alt=\"\" srcset=\"https:\/\/ht-ost.com\/wp-content\/uploads\/2026\/01\/20260107001_beitragsbild_md.jpg 750w, https:\/\/ht-ost.com\/wp-content\/uploads\/2026\/01\/20260107001_beitragsbild_md-300x200.jpg 300w\" sizes=\"(max-width: 750px) 100vw, 750px\" \/><\/a>\n\t\t\t\t\t<\/div>\n\t\t\n\t\t\t\n\t\t\t<div class=\"uael-post__content-wrap uael-content-wrap-disabled\">\n\t\t\t\t\t\t\t<div class=\"uael-post__terms-wrap\"><span class=\"uael-post__terms\"><a href=\"https:\/\/ht-ost.com\/it\/category\/pacchetto-di-natale-25-26\/\" class=\"uael-listing__terms-link\" id=\"uael-post-term-pacchetto-di-natale-25-26\" aria-labelledby=\"uael-post-term-pacchetto-di-natale-25-26\">Pacchetto di Natale 25\/26<\/a><\/span><\/div>\n\t\t\t\t\t\t<h3 class=\"uael-post__title\">\n\n\t\t\n\t\t\t\t\t\t<a href=\"https:\/\/ht-ost.com\/it\/das-ganze-dorf-kommt-zusammen\/\" target=\"_self\">\n\t\t\t\tL&#8217;intero villaggio si riunisce\t\t\t<\/a>\n\n\t\t\t\t<\/h3>\n\t\t\t\t\t<div class=\"uael-post__meta-data\">\n\t\t\t\t\t<span class=\"uael-post__date\">\n\t\t\t\t\t\t\t\t\t\t\t\t\t<i aria-hidden=\"true\" class=\"fa fa-calendar\"><\/i>\t\t\t\t\t\t\t\t\t\n\t\t\t7 Gennaio 2026\t\t<\/span>\n\t\t\t\t<\/div>\n\t\t\n\t\t<div class=\"uael-post__excerpt\">\n\t\t\tLa nostra missione ci ha portati oggi a Cioropcani, un villaggio di circa 1.600 abitanti. Dopo quasi due ore di viaggio siamo stati accolti calorosamente da alcuni giovani e dalla coppia pastorale, Vasilij ...\t\t<\/div>\n\n\t\t\t\t\t<a class=\"uael-post__read-more elementor-button\" href=\"https:\/\/ht-ost.com\/it\/das-ganze-dorf-kommt-zusammen\/\" target=\"_blank\" aria-labelledby=\"uael-post-30270\">\n\t\t\t\t\t<span class=\"elementor-button-content-wrapper\">\n\t\t\t\t\t\t\t\t\t\t\t\t\t\t<span class=\"elementor-button-icon elementor-align-icon-right\">\n\n\t\t\t\t\t\t\t\t\t<i aria-hidden=\"true\" class=\"fas fa-angle-right\"><\/i>\n\t\t\t\t\t\t\t\t<\/span>\n\t\t\t\t\t\t\t\t\t\t\t\t\t\n\t\t\t\t\t\t<span class=\"elementor-button-text\" id=uael-post-30270>Continua a leggere<\/span>\n\t\t\t\t\t<\/span>\n\t\t\t\t<\/a>\n\t\t\t\t\t\t<\/div>\n\t\t\t\n\t\t<\/div>\n\t\t\n\t<\/div>\n\n<\/div>\n\n<div class=\"uael-post-wrapper   pacchetto-di-natale-25\/26 \">\n\t<div class=\"uael-post__bg-wrap uael-bg-wrap-disabled \">\n\n\t\t\t\t\t<a href=\"https:\/\/ht-ost.com\/it\/grosaska-e-zazuleni\/\" target=\"_self\" class=\"uael-post__complete-box-overlay\" aria-label=\"Link Complete Box\"><\/a>\n\t\t\t\t\n\t\t<div class=\"uael-post__inner-wrap uael-inner-wrap-disabled\">\n\n\t\t\t\t<div class=\"uael-post__thumbnail\">\n\t\t\t\n\t\t\t<a href=\"https:\/\/ht-ost.com\/it\/grosaska-e-zazuleni\/\" target=\"_self\" title=\"Grosaska e Z\u0103zuleni\"><img decoding=\"async\" width=\"750\" height=\"500\" src=\"https:\/\/ht-ost.com\/wp-content\/uploads\/2026\/01\/20260106001_beitragsbild_md.jpg\" class=\"attachment-medium_large size-medium_large wp-image-30191\" alt=\"\" srcset=\"https:\/\/ht-ost.com\/wp-content\/uploads\/2026\/01\/20260106001_beitragsbild_md.jpg 750w, https:\/\/ht-ost.com\/wp-content\/uploads\/2026\/01\/20260106001_beitragsbild_md-300x200.jpg 300w\" sizes=\"(max-width: 750px) 100vw, 750px\" \/><\/a>\n\t\t\t\t\t<\/div>\n\t\t\n\t\t\t\n\t\t\t<div class=\"uael-post__content-wrap uael-content-wrap-disabled\">\n\t\t\t\t\t\t\t<div class=\"uael-post__terms-wrap\"><span class=\"uael-post__terms\"><a href=\"https:\/\/ht-ost.com\/it\/category\/pacchetto-di-natale-25-26\/\" class=\"uael-listing__terms-link\" id=\"uael-post-term-pacchetto-di-natale-25-26\" aria-labelledby=\"uael-post-term-pacchetto-di-natale-25-26\">Pacchetto di Natale 25\/26<\/a><\/span><\/div>\n\t\t\t\t\t\t<h3 class=\"uael-post__title\">\n\n\t\t\n\t\t\t\t\t\t<a href=\"https:\/\/ht-ost.com\/it\/grosaska-e-zazuleni\/\" target=\"_self\">\n\t\t\t\tGrosaska e Z\u0103zuleni\t\t\t<\/a>\n\n\t\t\t\t<\/h3>\n\t\t\t\t\t<div class=\"uael-post__meta-data\">\n\t\t\t\t\t<span class=\"uael-post__date\">\n\t\t\t\t\t\t\t\t\t\t\t\t\t<i aria-hidden=\"true\" class=\"fa fa-calendar\"><\/i>\t\t\t\t\t\t\t\t\t\n\t\t\t6 Gennaio 2026\t\t<\/span>\n\t\t\t\t<\/div>\n\t\t\n\t\t<div class=\"uael-post__excerpt\">\n\t\t\tOggi abbiamo diviso il nostro team in due gruppi: uno \u00e8 andato a Grosaska, l\u2019altro a Z\u0103zuleni, due villaggi a nord-ovest di Chi\u0219in\u0103u.Con una leggera nevicata, dopo una colazione calorosa e abbondante, ci ...\t\t<\/div>\n\n\t\t\t\t\t<a class=\"uael-post__read-more elementor-button\" href=\"https:\/\/ht-ost.com\/it\/grosaska-e-zazuleni\/\" target=\"_blank\" aria-labelledby=\"uael-post-30192\">\n\t\t\t\t\t<span class=\"elementor-button-content-wrapper\">\n\t\t\t\t\t\t\t\t\t\t\t\t\t\t<span class=\"elementor-button-icon elementor-align-icon-right\">\n\n\t\t\t\t\t\t\t\t\t<i aria-hidden=\"true\" class=\"fas fa-angle-right\"><\/i>\n\t\t\t\t\t\t\t\t<\/span>\n\t\t\t\t\t\t\t\t\t\t\t\t\t\n\t\t\t\t\t\t<span class=\"elementor-button-text\" id=uael-post-30192>Continua a leggere<\/span>\n\t\t\t\t\t<\/span>\n\t\t\t\t<\/a>\n\t\t\t\t\t\t<\/div>\n\t\t\t\n\t\t<\/div>\n\t\t\n\t<\/div>\n\n<\/div>\n\n<div class=\"uael-post-wrapper   pacchetto-di-natale-25\/26 \">\n\t<div class=\"uael-post__bg-wrap uael-bg-wrap-disabled \">\n\n\t\t\t\t\t<a href=\"https:\/\/ht-ost.com\/it\/il-nostro-primo-giorno-di-lavoro\/\" target=\"_self\" class=\"uael-post__complete-box-overlay\" aria-label=\"Link Complete Box\"><\/a>\n\t\t\t\t\n\t\t<div class=\"uael-post__inner-wrap uael-inner-wrap-disabled\">\n\n\t\t\t\t<div class=\"uael-post__thumbnail\">\n\t\t\t\n\t\t\t<a href=\"https:\/\/ht-ost.com\/it\/il-nostro-primo-giorno-di-lavoro\/\" target=\"_self\" title=\"Il nostro primo giorno di lavoro!\"><img loading=\"lazy\" decoding=\"async\" width=\"750\" height=\"500\" src=\"https:\/\/ht-ost.com\/wp-content\/uploads\/2026\/01\/20260105001_beitragsbild_md.jpg\" class=\"attachment-medium_large size-medium_large wp-image-30058\" alt=\"\" srcset=\"https:\/\/ht-ost.com\/wp-content\/uploads\/2026\/01\/20260105001_beitragsbild_md.jpg 750w, https:\/\/ht-ost.com\/wp-content\/uploads\/2026\/01\/20260105001_beitragsbild_md-300x200.jpg 300w\" sizes=\"(max-width: 750px) 100vw, 750px\" \/><\/a>\n\t\t\t\t\t<\/div>\n\t\t\n\t\t\t\n\t\t\t<div class=\"uael-post__content-wrap uael-content-wrap-disabled\">\n\t\t\t\t\t\t\t<div class=\"uael-post__terms-wrap\"><span class=\"uael-post__terms\"><a href=\"https:\/\/ht-ost.com\/it\/category\/pacchetto-di-natale-25-26\/\" class=\"uael-listing__terms-link\" id=\"uael-post-term-pacchetto-di-natale-25-26\" aria-labelledby=\"uael-post-term-pacchetto-di-natale-25-26\">Pacchetto di Natale 25\/26<\/a><\/span><\/div>\n\t\t\t\t\t\t<h3 class=\"uael-post__title\">\n\n\t\t\n\t\t\t\t\t\t<a href=\"https:\/\/ht-ost.com\/it\/il-nostro-primo-giorno-di-lavoro\/\" target=\"_self\">\n\t\t\t\tIl nostro primo giorno di lavoro!\t\t\t<\/a>\n\n\t\t\t\t<\/h3>\n\t\t\t\t\t<div class=\"uael-post__meta-data\">\n\t\t\t\t\t<span class=\"uael-post__date\">\n\t\t\t\t\t\t\t\t\t\t\t\t\t<i aria-hidden=\"true\" class=\"fa fa-calendar\"><\/i>\t\t\t\t\t\t\t\t\t\n\t\t\t5 Gennaio 2026\t\t<\/span>\n\t\t\t\t<\/div>\n\t\t\n\t\t<div class=\"uael-post__excerpt\">\n\t\t\tOggi abbiamo potuto iniziare il nostro primo giorno di servizio! Dopo una devozione condivisa e una specialit\u00e0 moldava a colazione, ci siamo recati nella comunit\u00e0 di Criuleni. Siamo stati accolti molto calorosamente e ...\t\t<\/div>\n\n\t\t\t\t\t<a class=\"uael-post__read-more elementor-button\" href=\"https:\/\/ht-ost.com\/it\/il-nostro-primo-giorno-di-lavoro\/\" target=\"_blank\" aria-labelledby=\"uael-post-30059\">\n\t\t\t\t\t<span class=\"elementor-button-content-wrapper\">\n\t\t\t\t\t\t\t\t\t\t\t\t\t\t<span class=\"elementor-button-icon elementor-align-icon-right\">\n\n\t\t\t\t\t\t\t\t\t<i aria-hidden=\"true\" class=\"fas fa-angle-right\"><\/i>\n\t\t\t\t\t\t\t\t<\/span>\n\t\t\t\t\t\t\t\t\t\t\t\t\t\n\t\t\t\t\t\t<span class=\"elementor-button-text\" id=uael-post-30059>Continua a leggere<\/span>\n\t\t\t\t\t<\/span>\n\t\t\t\t<\/a>\n\t\t\t\t\t\t<\/div>\n\t\t\t\n\t\t<\/div>\n\t\t\n\t<\/div>\n\n<\/div>\n\n<div class=\"uael-post-wrapper   aiuto-per-l\u2019inverno \">\n\t<div class=\"uael-post__bg-wrap uael-bg-wrap-disabled \">\n\n\t\t\t\t\t<a href=\"https:\/\/ht-ost.com\/it\/il-freddo-la-fame-e-la-guerra\/\" target=\"_self\" class=\"uael-post__complete-box-overlay\" aria-label=\"Link Complete Box\"><\/a>\n\t\t\t\t\n\t\t<div class=\"uael-post__inner-wrap uael-inner-wrap-disabled\">\n\n\t\t\t\t<div class=\"uael-post__thumbnail\">\n\t\t\t\n\t\t\t<a href=\"https:\/\/ht-ost.com\/it\/il-freddo-la-fame-e-la-guerra\/\" target=\"_self\" title=\"Il freddo, la fame e la guerra\"><img loading=\"lazy\" decoding=\"async\" width=\"750\" height=\"500\" src=\"https:\/\/ht-ost.com\/wp-content\/uploads\/2025\/11\/20251105001_beitragsbild_md-ua.jpg\" class=\"attachment-medium_large size-medium_large wp-image-29572\" alt=\"\" srcset=\"https:\/\/ht-ost.com\/wp-content\/uploads\/2025\/11\/20251105001_beitragsbild_md-ua.jpg 750w, https:\/\/ht-ost.com\/wp-content\/uploads\/2025\/11\/20251105001_beitragsbild_md-ua-300x200.jpg 300w\" sizes=\"(max-width: 750px) 100vw, 750px\" \/><\/a>\n\t\t\t\t\t<\/div>\n\t\t\n\t\t\t\n\t\t\t<div class=\"uael-post__content-wrap uael-content-wrap-disabled\">\n\t\t\t\t\t\t\t<div class=\"uael-post__terms-wrap\"><span class=\"uael-post__terms\"><a href=\"https:\/\/ht-ost.com\/it\/category\/aiuto-per-linverno\/\" class=\"uael-listing__terms-link\" id=\"uael-post-term-aiuto-per-linverno\" aria-labelledby=\"uael-post-term-aiuto-per-linverno\">Aiuto per l\u2019inverno<\/a><\/span><\/div>\n\t\t\t\t\t\t<h3 class=\"uael-post__title\">\n\n\t\t\n\t\t\t\t\t\t<a href=\"https:\/\/ht-ost.com\/it\/il-freddo-la-fame-e-la-guerra\/\" target=\"_self\">\n\t\t\t\tIl freddo, la fame e la guerra\t\t\t<\/a>\n\n\t\t\t\t<\/h3>\n\t\t\t\t\t<div class=\"uael-post__meta-data\">\n\t\t\t\t\t<span class=\"uael-post__date\">\n\t\t\t\t\t\t\t\t\t\t\t\t\t<i aria-hidden=\"true\" class=\"fa fa-calendar\"><\/i>\t\t\t\t\t\t\t\t\t\n\t\t\t5 Novembre 2025\t\t<\/span>\n\t\t\t\t<\/div>\n\t\t\n\t\t<div class=\"uael-post__excerpt\">\n\t\t\tL\u2019inverno minaccia i pi\u00f9 deboli in Moldavia e in Ucraina. Molti soffrono il freddo, la fame o restano senza abiti caldi. Con le donazioni possiamo portare direttamente alle persone cibo, materiale per il ...\t\t<\/div>\n\n\t\t\t\t\t<a class=\"uael-post__read-more elementor-button\" href=\"https:\/\/ht-ost.com\/it\/il-freddo-la-fame-e-la-guerra\/\" target=\"_blank\" aria-labelledby=\"uael-post-29730\">\n\t\t\t\t\t<span class=\"elementor-button-content-wrapper\">\n\t\t\t\t\t\t\t\t\t\t\t\t\t\t<span class=\"elementor-button-icon elementor-align-icon-right\">\n\n\t\t\t\t\t\t\t\t\t<i aria-hidden=\"true\" class=\"fas fa-angle-right\"><\/i>\n\t\t\t\t\t\t\t\t<\/span>\n\t\t\t\t\t\t\t\t\t\t\t\t\t\n\t\t\t\t\t\t<span class=\"elementor-button-text\" id=uael-post-29730>Continua a leggere<\/span>\n\t\t\t\t\t<\/span>\n\t\t\t\t<\/a>\n\t\t\t\t\t\t<\/div>\n\t\t\t\n\t\t<\/div>\n\t\t\n\t<\/div>\n\n<\/div>\n\n<div class=\"uael-post-wrapper   evangelizzazione \">\n\t<div class=\"uael-post__bg-wrap uael-bg-wrap-disabled \">\n\n\t\t\t\t\t<a href=\"https:\/\/ht-ost.com\/it\/costruiamo-case-dio-costruisce-comunita\/\" target=\"_self\" class=\"uael-post__complete-box-overlay\" aria-label=\"Link Complete Box\"><\/a>\n\t\t\t\t\n\t\t<div class=\"uael-post__inner-wrap uael-inner-wrap-disabled\">\n\n\t\t\t\t<div class=\"uael-post__thumbnail\">\n\t\t\t\n\t\t\t<a href=\"https:\/\/ht-ost.com\/it\/costruiamo-case-dio-costruisce-comunita\/\" target=\"_self\" title=\"Costruiamo case &#8211; Dio costruisce comunit\u00e0\"><img loading=\"lazy\" decoding=\"async\" width=\"750\" height=\"500\" src=\"https:\/\/ht-ost.com\/wp-content\/uploads\/2025\/11\/20251105001_beitragsbild_md.jpg\" class=\"attachment-medium_large size-medium_large wp-image-29567\" alt=\"\" srcset=\"https:\/\/ht-ost.com\/wp-content\/uploads\/2025\/11\/20251105001_beitragsbild_md.jpg 750w, https:\/\/ht-ost.com\/wp-content\/uploads\/2025\/11\/20251105001_beitragsbild_md-300x200.jpg 300w\" sizes=\"(max-width: 750px) 100vw, 750px\" \/><\/a>\n\t\t\t\t\t<\/div>\n\t\t\n\t\t\t\n\t\t\t<div class=\"uael-post__content-wrap uael-content-wrap-disabled\">\n\t\t\t\t\t\t\t<div class=\"uael-post__terms-wrap\"><span class=\"uael-post__terms\"><a href=\"https:\/\/ht-ost.com\/it\/category\/evangelizzazione\/\" class=\"uael-listing__terms-link\" id=\"uael-post-term-evangelizzazione\" aria-labelledby=\"uael-post-term-evangelizzazione\">Evangelizzazione<\/a><\/span><\/div>\n\t\t\t\t\t\t<h3 class=\"uael-post__title\">\n\n\t\t\n\t\t\t\t\t\t<a href=\"https:\/\/ht-ost.com\/it\/costruiamo-case-dio-costruisce-comunita\/\" target=\"_self\">\n\t\t\t\tCostruiamo case &#8211; Dio costruisce comunit\u00e0\t\t\t<\/a>\n\n\t\t\t\t<\/h3>\n\t\t\t\t\t<div class=\"uael-post__meta-data\">\n\t\t\t\t\t<span class=\"uael-post__date\">\n\t\t\t\t\t\t\t\t\t\t\t\t\t<i aria-hidden=\"true\" class=\"fa fa-calendar\"><\/i>\t\t\t\t\t\t\t\t\t\n\t\t\t4 Novembre 2025\t\t<\/span>\n\t\t\t\t<\/div>\n\t\t\n\t\t<div class=\"uael-post__excerpt\">\n\t\t\tDio pu\u00f2 sorprenderci sempre di nuovo: durante l\u2019intervento edilizio a Ma\u015fc\u0103u\u0163i, la ristrutturazione e un culto hanno portato a un grande miracolo! Leggi come Egli dona risposte alle preghiere e fa rifiorire le ...\t\t<\/div>\n\n\t\t\t\t\t<a class=\"uael-post__read-more elementor-button\" href=\"https:\/\/ht-ost.com\/it\/costruiamo-case-dio-costruisce-comunita\/\" target=\"_blank\" aria-labelledby=\"uael-post-29741\">\n\t\t\t\t\t<span class=\"elementor-button-content-wrapper\">\n\t\t\t\t\t\t\t\t\t\t\t\t\t\t<span class=\"elementor-button-icon elementor-align-icon-right\">\n\n\t\t\t\t\t\t\t\t\t<i aria-hidden=\"true\" class=\"fas fa-angle-right\"><\/i>\n\t\t\t\t\t\t\t\t<\/span>\n\t\t\t\t\t\t\t\t\t\t\t\t\t\n\t\t\t\t\t\t<span class=\"elementor-button-text\" id=uael-post-29741>Continua a leggere<\/span>\n\t\t\t\t\t<\/span>\n\t\t\t\t<\/a>\n\t\t\t\t\t\t<\/div>\n\t\t\t\n\t\t<\/div>\n\t\t\n\t<\/div>\n\n<\/div>\n\n<div class=\"uael-post-wrapper   aiuto-ai-profughi guerra-in-ucraina \">\n\t<div class=\"uael-post__bg-wrap uael-bg-wrap-disabled \">\n\n\t\t\t\t\t<a href=\"https:\/\/ht-ost.com\/it\/il-servizio-silenzioso\/\" target=\"_self\" class=\"uael-post__complete-box-overlay\" aria-label=\"Link Complete Box\"><\/a>\n\t\t\t\t\n\t\t<div class=\"uael-post__inner-wrap uael-inner-wrap-disabled\">\n\n\t\t\t\t<div class=\"uael-post__thumbnail\">\n\t\t\t\n\t\t\t<a href=\"https:\/\/ht-ost.com\/it\/il-servizio-silenzioso\/\" target=\"_self\" title=\"Il servizio silenzioso\"><img loading=\"lazy\" decoding=\"async\" width=\"750\" height=\"500\" src=\"https:\/\/ht-ost.com\/wp-content\/uploads\/2025\/11\/202511050c01_beitragsbild_ua.jpg\" class=\"attachment-medium_large size-medium_large wp-image-29562\" alt=\"\" srcset=\"https:\/\/ht-ost.com\/wp-content\/uploads\/2025\/11\/202511050c01_beitragsbild_ua.jpg 750w, https:\/\/ht-ost.com\/wp-content\/uploads\/2025\/11\/202511050c01_beitragsbild_ua-300x200.jpg 300w\" sizes=\"(max-width: 750px) 100vw, 750px\" \/><\/a>\n\t\t\t\t\t<\/div>\n\t\t\n\t\t\t\n\t\t\t<div class=\"uael-post__content-wrap uael-content-wrap-disabled\">\n\t\t\t\t\t\t\t<div class=\"uael-post__terms-wrap\"><span class=\"uael-post__terms\"><a href=\"https:\/\/ht-ost.com\/it\/category\/aiuto-ai-profughi\/\" class=\"uael-listing__terms-link\" id=\"uael-post-term-aiuto-ai-profughi\" aria-labelledby=\"uael-post-term-aiuto-ai-profughi\">aiuto ai profughi<\/a><a href=\"https:\/\/ht-ost.com\/it\/category\/guerra-in-ucraina\/\" class=\"uael-listing__terms-link\" id=\"uael-post-term-guerra-in-ucraina\" aria-labelledby=\"uael-post-term-guerra-in-ucraina\">Guerra in Ucraina<\/a><\/span><\/div>\n\t\t\t\t\t\t<h3 class=\"uael-post__title\">\n\n\t\t\n\t\t\t\t\t\t<a href=\"https:\/\/ht-ost.com\/it\/il-servizio-silenzioso\/\" target=\"_self\">\n\t\t\t\tIl servizio silenzioso\t\t\t<\/a>\n\n\t\t\t\t<\/h3>\n\t\t\t\t\t<div class=\"uael-post__meta-data\">\n\t\t\t\t\t<span class=\"uael-post__date\">\n\t\t\t\t\t\t\t\t\t\t\t\t\t<i aria-hidden=\"true\" class=\"fa fa-calendar\"><\/i>\t\t\t\t\t\t\t\t\t\n\t\t\t3 Novembre 2025\t\t<\/span>\n\t\t\t\t<\/div>\n\t\t\n\t\t<div class=\"uael-post__excerpt\">\n\t\t\tVadim percorre migliaia di chilometri con la cucina mobile, distribuisce aiuti umanitari e condivide il messaggio di Ges\u00f9 \u2013 nonostante la guerra e il pericolo. Scopri di pi\u00f9 sul suo servizio in realt\u00e0 ...\t\t<\/div>\n\n\t\t\t\t\t<a class=\"uael-post__read-more elementor-button\" href=\"https:\/\/ht-ost.com\/it\/il-servizio-silenzioso\/\" target=\"_blank\" aria-labelledby=\"uael-post-29749\">\n\t\t\t\t\t<span class=\"elementor-button-content-wrapper\">\n\t\t\t\t\t\t\t\t\t\t\t\t\t\t<span class=\"elementor-button-icon elementor-align-icon-right\">\n\n\t\t\t\t\t\t\t\t\t<i aria-hidden=\"true\" class=\"fas fa-angle-right\"><\/i>\n\t\t\t\t\t\t\t\t<\/span>\n\t\t\t\t\t\t\t\t\t\t\t\t\t\n\t\t\t\t\t\t<span class=\"elementor-button-text\" id=uael-post-29749>Continua a leggere<\/span>\n\t\t\t\t\t<\/span>\n\t\t\t\t<\/a>\n\t\t\t\t\t\t<\/div>\n\t\t\t\n\t\t<\/div>\n\t\t\n\t<\/div>\n\n<\/div>\n\n<div class=\"uael-post-wrapper   aiuto-ai-profughi evangelizzazione \">\n\t<div class=\"uael-post__bg-wrap uael-bg-wrap-disabled \">\n\n\t\t\t\t\t<a href=\"https:\/\/ht-ost.com\/it\/larca-della-speranza\/\" target=\"_self\" class=\"uael-post__complete-box-overlay\" aria-label=\"Link Complete Box\"><\/a>\n\t\t\t\t\n\t\t<div class=\"uael-post__inner-wrap uael-inner-wrap-disabled\">\n\n\t\t\t\t<div class=\"uael-post__thumbnail\">\n\t\t\t\n\t\t\t<a href=\"https:\/\/ht-ost.com\/it\/larca-della-speranza\/\" target=\"_self\" title=\"L&#8217;Arca della Speranza\"><img loading=\"lazy\" decoding=\"async\" width=\"750\" height=\"500\" src=\"https:\/\/ht-ost.com\/wp-content\/uploads\/2025\/11\/20251105001_beitragsbild_ua.jpg\" class=\"attachment-medium_large size-medium_large wp-image-29577\" alt=\"\" srcset=\"https:\/\/ht-ost.com\/wp-content\/uploads\/2025\/11\/20251105001_beitragsbild_ua.jpg 750w, https:\/\/ht-ost.com\/wp-content\/uploads\/2025\/11\/20251105001_beitragsbild_ua-300x200.jpg 300w\" sizes=\"(max-width: 750px) 100vw, 750px\" \/><\/a>\n\t\t\t\t\t<\/div>\n\t\t\n\t\t\t\n\t\t\t<div class=\"uael-post__content-wrap uael-content-wrap-disabled\">\n\t\t\t\t\t\t\t<div class=\"uael-post__terms-wrap\"><span class=\"uael-post__terms\"><a href=\"https:\/\/ht-ost.com\/it\/category\/aiuto-ai-profughi\/\" class=\"uael-listing__terms-link\" id=\"uael-post-term-aiuto-ai-profughi\" aria-labelledby=\"uael-post-term-aiuto-ai-profughi\">aiuto ai profughi<\/a><a href=\"https:\/\/ht-ost.com\/it\/category\/evangelizzazione\/\" class=\"uael-listing__terms-link\" id=\"uael-post-term-evangelizzazione\" aria-labelledby=\"uael-post-term-evangelizzazione\">Evangelizzazione<\/a><\/span><\/div>\n\t\t\t\t\t\t<h3 class=\"uael-post__title\">\n\n\t\t\n\t\t\t\t\t\t<a href=\"https:\/\/ht-ost.com\/it\/larca-della-speranza\/\" target=\"_self\">\n\t\t\t\tL&#8217;Arca della Speranza\t\t\t<\/a>\n\n\t\t\t\t<\/h3>\n\t\t\t\t\t<div class=\"uael-post__meta-data\">\n\t\t\t\t\t<span class=\"uael-post__date\">\n\t\t\t\t\t\t\t\t\t\t\t\t\t<i aria-hidden=\"true\" class=\"fa fa-calendar\"><\/i>\t\t\t\t\t\t\t\t\t\n\t\t\t1 Novembre 2025\t\t<\/span>\n\t\t\t\t<\/div>\n\t\t\n\t\t<div class=\"uael-post__excerpt\">\n\t\t\tDa un piccolo gruppo di casa \u00e8 nata a Chmelnitzkij una nuova comunit\u00e0 per i rifugiati. Qui le persone trovano conforto, comunione e speranza in Ges\u00f9. In questo reportage scoprirai di cosa si ...\t\t<\/div>\n\n\t\t\t\t\t<a class=\"uael-post__read-more elementor-button\" href=\"https:\/\/ht-ost.com\/it\/larca-della-speranza\/\" target=\"_blank\" aria-labelledby=\"uael-post-29751\">\n\t\t\t\t\t<span class=\"elementor-button-content-wrapper\">\n\t\t\t\t\t\t\t\t\t\t\t\t\t\t<span class=\"elementor-button-icon elementor-align-icon-right\">\n\n\t\t\t\t\t\t\t\t\t<i aria-hidden=\"true\" class=\"fas fa-angle-right\"><\/i>\n\t\t\t\t\t\t\t\t<\/span>\n\t\t\t\t\t\t\t\t\t\t\t\t\t\n\t\t\t\t\t\t<span class=\"elementor-button-text\" id=uael-post-29751>Continua a leggere<\/span>\n\t\t\t\t\t<\/span>\n\t\t\t\t<\/a>\n\t\t\t\t\t\t<\/div>\n\t\t\t\n\t\t<\/div>\n\t\t\n\t<\/div>\n\n<\/div>\n\n<div class=\"uael-post-wrapper   campi-per-bambini \">\n\t<div class=\"uael-post__bg-wrap uael-bg-wrap-disabled \">\n\n\t\t\t\t\t<a href=\"https:\/\/ht-ost.com\/it\/campi-estivi-per-bambini-anche-in-ucraina\/\" target=\"_self\" class=\"uael-post__complete-box-overlay\" aria-label=\"Link Complete Box\"><\/a>\n\t\t\t\t\n\t\t<div class=\"uael-post__inner-wrap uael-inner-wrap-disabled\">\n\n\t\t\t\t<div class=\"uael-post__thumbnail\">\n\t\t\t\n\t\t\t<a href=\"https:\/\/ht-ost.com\/it\/campi-estivi-per-bambini-anche-in-ucraina\/\" target=\"_self\" title=\"Campi estivi per bambini anche in Ucraina?\"><img loading=\"lazy\" decoding=\"async\" width=\"750\" height=\"500\" src=\"https:\/\/ht-ost.com\/wp-content\/uploads\/2025\/05\/20250522001_beitragsbild_md-ua.jpg\" class=\"attachment-medium_large size-medium_large wp-image-28277\" alt=\"\" srcset=\"https:\/\/ht-ost.com\/wp-content\/uploads\/2025\/05\/20250522001_beitragsbild_md-ua.jpg 750w, https:\/\/ht-ost.com\/wp-content\/uploads\/2025\/05\/20250522001_beitragsbild_md-ua-300x200.jpg 300w\" sizes=\"(max-width: 750px) 100vw, 750px\" \/><\/a>\n\t\t\t\t\t<\/div>\n\t\t\n\t\t\t\n\t\t\t<div class=\"uael-post__content-wrap uael-content-wrap-disabled\">\n\t\t\t\t\t\t\t<div class=\"uael-post__terms-wrap\"><span class=\"uael-post__terms\"><a href=\"https:\/\/ht-ost.com\/it\/category\/campi-per-bambini\/\" class=\"uael-listing__terms-link\" id=\"uael-post-term-campi-per-bambini\" aria-labelledby=\"uael-post-term-campi-per-bambini\">Campi per bambini<\/a><\/span><\/div>\n\t\t\t\t\t\t<h3 class=\"uael-post__title\">\n\n\t\t\n\t\t\t\t\t\t<a href=\"https:\/\/ht-ost.com\/it\/campi-estivi-per-bambini-anche-in-ucraina\/\" target=\"_self\">\n\t\t\t\tCampi estivi per bambini anche in Ucraina?\t\t\t<\/a>\n\n\t\t\t\t<\/h3>\n\t\t\t\t\t<div class=\"uael-post__meta-data\">\n\t\t\t\t\t<span class=\"uael-post__date\">\n\t\t\t\t\t\t\t\t\t\t\t\t\t<i aria-hidden=\"true\" class=\"fa fa-calendar\"><\/i>\t\t\t\t\t\t\t\t\t\n\t\t\t22 Maggio 2025\t\t<\/span>\n\t\t\t\t<\/div>\n\t\t\n\t\t<div class=\"uael-post__excerpt\">\n\t\t\tAnche quest'anno, il nostro personale in Moldavia e Ucraina vorrebbe organizzare attivit\u00e0 ricreative e campi diurni per bambini e ragazzi che soffrono a causa della povert\u00e0 e della guerra e hanno bisogno di ...\t\t<\/div>\n\n\t\t\t\t\t<a class=\"uael-post__read-more elementor-button\" href=\"https:\/\/ht-ost.com\/it\/campi-estivi-per-bambini-anche-in-ucraina\/\" target=\"_blank\" aria-labelledby=\"uael-post-28668\">\n\t\t\t\t\t<span class=\"elementor-button-content-wrapper\">\n\t\t\t\t\t\t\t\t\t\t\t\t\t\t<span class=\"elementor-button-icon elementor-align-icon-right\">\n\n\t\t\t\t\t\t\t\t\t<i aria-hidden=\"true\" class=\"fas fa-angle-right\"><\/i>\n\t\t\t\t\t\t\t\t<\/span>\n\t\t\t\t\t\t\t\t\t\t\t\t\t\n\t\t\t\t\t\t<span class=\"elementor-button-text\" id=uael-post-28668>Continua a leggere<\/span>\n\t\t\t\t\t<\/span>\n\t\t\t\t<\/a>\n\t\t\t\t\t\t<\/div>\n\t\t\t\n\t\t<\/div>\n\t\t\n\t<\/div>\n\n<\/div>\n\n<div class=\"uael-post-wrapper   missionare \">\n\t<div class=\"uael-post__bg-wrap uael-bg-wrap-disabled \">\n\n\t\t\t\t\t<a href=\"https:\/\/ht-ost.com\/it\/igor-un-missionario-che-simpegna-con-cuore-e-visioni\/\" target=\"_self\" class=\"uael-post__complete-box-overlay\" aria-label=\"Link Complete Box\"><\/a>\n\t\t\t\t\n\t\t<div class=\"uael-post__inner-wrap uael-inner-wrap-disabled\">\n\n\t\t\t\t<div class=\"uael-post__thumbnail\">\n\t\t\t\n\t\t\t<a href=\"https:\/\/ht-ost.com\/it\/igor-un-missionario-che-simpegna-con-cuore-e-visioni\/\" target=\"_self\" title=\"Igor &#8211; un missionario che s\u2018impegna \u201econ cuore\u201c e visioni\"><img loading=\"lazy\" decoding=\"async\" width=\"750\" height=\"500\" src=\"https:\/\/ht-ost.com\/wp-content\/uploads\/2025\/05\/20250522001a_beitragsbild_ua.jpg\" class=\"attachment-medium_large size-medium_large wp-image-28297\" alt=\"\" srcset=\"https:\/\/ht-ost.com\/wp-content\/uploads\/2025\/05\/20250522001a_beitragsbild_ua.jpg 750w, https:\/\/ht-ost.com\/wp-content\/uploads\/2025\/05\/20250522001a_beitragsbild_ua-300x200.jpg 300w\" sizes=\"(max-width: 750px) 100vw, 750px\" \/><\/a>\n\t\t\t\t\t<\/div>\n\t\t\n\t\t\t\n\t\t\t<div class=\"uael-post__content-wrap uael-content-wrap-disabled\">\n\t\t\t\t\t\t\t<div class=\"uael-post__terms-wrap\"><span class=\"uael-post__terms\"><a href=\"https:\/\/ht-ost.com\/de\/category\/missionare\/\" class=\"uael-listing__terms-link\" id=\"uael-post-term-missionare\" aria-labelledby=\"uael-post-term-missionare\">Missionare<\/a><\/span><\/div>\n\t\t\t\t\t\t<h3 class=\"uael-post__title\">\n\n\t\t\n\t\t\t\t\t\t<a href=\"https:\/\/ht-ost.com\/it\/igor-un-missionario-che-simpegna-con-cuore-e-visioni\/\" target=\"_self\">\n\t\t\t\tIgor &#8211; un missionario che s\u2018impegna \u201econ cuore\u201c e visioni\t\t\t<\/a>\n\n\t\t\t\t<\/h3>\n\t\t\t\t\t<div class=\"uael-post__meta-data\">\n\t\t\t\t\t<span class=\"uael-post__date\">\n\t\t\t\t\t\t\t\t\t\t\t\t\t<i aria-hidden=\"true\" class=\"fa fa-calendar\"><\/i>\t\t\t\t\t\t\t\t\t\n\t\t\t22 Maggio 2025\t\t<\/span>\n\t\t\t\t<\/div>\n\t\t\n\t\t<div class=\"uael-post__excerpt\">\n\t\t\tMia moglie Olga, i nostri due figli e io abbiamo dovuto fuggire dall'Ucraina orientale qualche anno fa a causa della guerra. Ma non avremmo mai osato sperare in ci\u00f2 che poi accadde nell'Ucraina ...\t\t<\/div>\n\n\t\t\t\t\t<a class=\"uael-post__read-more elementor-button\" href=\"https:\/\/ht-ost.com\/it\/igor-un-missionario-che-simpegna-con-cuore-e-visioni\/\" target=\"_blank\" aria-labelledby=\"uael-post-28676\">\n\t\t\t\t\t<span class=\"elementor-button-content-wrapper\">\n\t\t\t\t\t\t\t\t\t\t\t\t\t\t<span class=\"elementor-button-icon elementor-align-icon-right\">\n\n\t\t\t\t\t\t\t\t\t<i aria-hidden=\"true\" class=\"fas fa-angle-right\"><\/i>\n\t\t\t\t\t\t\t\t<\/span>\n\t\t\t\t\t\t\t\t\t\t\t\t\t\n\t\t\t\t\t\t<span class=\"elementor-button-text\" id=uael-post-28676>Continua a leggere<\/span>\n\t\t\t\t\t<\/span>\n\t\t\t\t<\/a>\n\t\t\t\t\t\t<\/div>\n\t\t\t\n\t\t<\/div>\n\t\t\n\t<\/div>\n\n<\/div>\n\n<div class=\"uael-post-wrapper   evangelisation krieg-in-der-ukraine \">\n\t<div class=\"uael-post__bg-wrap uael-bg-wrap-disabled \">\n\n\t\t\t\t\t<a href=\"https:\/\/ht-ost.com\/it\/missione-suppenpower\/\" target=\"_self\" class=\"uael-post__complete-box-overlay\" aria-label=\"Link Complete Box\"><\/a>\n\t\t\t\t\n\t\t<div class=\"uael-post__inner-wrap uael-inner-wrap-disabled\">\n\n\t\t\t\t<div class=\"uael-post__thumbnail\">\n\t\t\t\n\t\t\t<a href=\"https:\/\/ht-ost.com\/it\/missione-suppenpower\/\" target=\"_self\" title=\"Missione Soup Power\"><img loading=\"lazy\" decoding=\"async\" width=\"750\" height=\"500\" src=\"https:\/\/ht-ost.com\/wp-content\/uploads\/2025\/05\/20250522001_beitragsbild_ua.jpg\" class=\"attachment-medium_large size-medium_large wp-image-28282\" alt=\"\" srcset=\"https:\/\/ht-ost.com\/wp-content\/uploads\/2025\/05\/20250522001_beitragsbild_ua.jpg 750w, https:\/\/ht-ost.com\/wp-content\/uploads\/2025\/05\/20250522001_beitragsbild_ua-300x200.jpg 300w\" sizes=\"(max-width: 750px) 100vw, 750px\" \/><\/a>\n\t\t\t\t\t<\/div>\n\t\t\n\t\t\t\n\t\t\t<div class=\"uael-post__content-wrap uael-content-wrap-disabled\">\n\t\t\t\t\t\t\t<div class=\"uael-post__terms-wrap\"><span class=\"uael-post__terms\"><a href=\"https:\/\/ht-ost.com\/de\/category\/evangelisation\/\" class=\"uael-listing__terms-link\" id=\"uael-post-term-evangelisation\" aria-labelledby=\"uael-post-term-evangelisation\">Evangelisation<\/a><a href=\"https:\/\/ht-ost.com\/de\/category\/krieg-in-der-ukraine\/\" class=\"uael-listing__terms-link\" id=\"uael-post-term-krieg-in-der-ukraine\" aria-labelledby=\"uael-post-term-krieg-in-der-ukraine\">Krieg in der Ukraine<\/a><\/span><\/div>\n\t\t\t\t\t\t<h3 class=\"uael-post__title\">\n\n\t\t\n\t\t\t\t\t\t<a href=\"https:\/\/ht-ost.com\/it\/missione-suppenpower\/\" target=\"_self\">\n\t\t\t\tMissione Soup Power\t\t\t<\/a>\n\n\t\t\t\t<\/h3>\n\t\t\t\t\t<div class=\"uael-post__meta-data\">\n\t\t\t\t\t<span class=\"uael-post__date\">\n\t\t\t\t\t\t\t\t\t\t\t\t\t<i aria-hidden=\"true\" class=\"fa fa-calendar\"><\/i>\t\t\t\t\t\t\t\t\t\n\t\t\t22 Maggio 2025\t\t<\/span>\n\t\t\t\t<\/div>\n\t\t\n\t\t<div class=\"uael-post__excerpt\">\n\t\t\tDa oltre due anni un team di volontarie lavora intensamente a un progetto umanitario molto speciale in Ucraina.Dovrebbe aiutare il corpo e l'anima.\t\t<\/div>\n\n\t\t\t\t\t<a class=\"uael-post__read-more elementor-button\" href=\"https:\/\/ht-ost.com\/it\/missione-suppenpower\/\" target=\"_blank\" aria-labelledby=\"uael-post-28678\">\n\t\t\t\t\t<span class=\"elementor-button-content-wrapper\">\n\t\t\t\t\t\t\t\t\t\t\t\t\t\t<span class=\"elementor-button-icon elementor-align-icon-right\">\n\n\t\t\t\t\t\t\t\t\t<i aria-hidden=\"true\" class=\"fas fa-angle-right\"><\/i>\n\t\t\t\t\t\t\t\t<\/span>\n\t\t\t\t\t\t\t\t\t\t\t\t\t\n\t\t\t\t\t\t<span class=\"elementor-button-text\" id=uael-post-28678>Continua a leggere<\/span>\n\t\t\t\t\t<\/span>\n\t\t\t\t<\/a>\n\t\t\t\t\t\t<\/div>\n\t\t\t\n\t\t<\/div>\n\t\t\n\t<\/div>\n\n<\/div>\n\n<div class=\"uael-post-wrapper   evangelisation \">\n\t<div class=\"uael-post__bg-wrap uael-bg-wrap-disabled \">\n\n\t\t\t\t\t<a href=\"https:\/\/ht-ost.com\/it\/fondare-una-comunita-tra-poverta-e-tradizione\/\" target=\"_self\" class=\"uael-post__complete-box-overlay\" aria-label=\"Link Complete Box\"><\/a>\n\t\t\t\t\n\t\t<div class=\"uael-post__inner-wrap uael-inner-wrap-disabled\">\n\n\t\t\t\t<div class=\"uael-post__thumbnail\">\n\t\t\t\n\t\t\t<a href=\"https:\/\/ht-ost.com\/it\/fondare-una-comunita-tra-poverta-e-tradizione\/\" target=\"_self\" title=\"Fondare una comunit\u00e0 tra povert\u00e0 e tradizione\"><img loading=\"lazy\" decoding=\"async\" width=\"750\" height=\"501\" src=\"https:\/\/ht-ost.com\/wp-content\/uploads\/2025\/05\/20250522001a_beitragsbild_md.jpg\" class=\"attachment-medium_large size-medium_large wp-image-28287\" alt=\"\" srcset=\"https:\/\/ht-ost.com\/wp-content\/uploads\/2025\/05\/20250522001a_beitragsbild_md.jpg 750w, https:\/\/ht-ost.com\/wp-content\/uploads\/2025\/05\/20250522001a_beitragsbild_md-300x200.jpg 300w\" sizes=\"(max-width: 750px) 100vw, 750px\" \/><\/a>\n\t\t\t\t\t<\/div>\n\t\t\n\t\t\t\n\t\t\t<div class=\"uael-post__content-wrap uael-content-wrap-disabled\">\n\t\t\t\t\t\t\t<div class=\"uael-post__terms-wrap\"><span class=\"uael-post__terms\"><a href=\"https:\/\/ht-ost.com\/de\/category\/evangelisation\/\" class=\"uael-listing__terms-link\" id=\"uael-post-term-evangelisation\" aria-labelledby=\"uael-post-term-evangelisation\">Evangelisation<\/a><\/span><\/div>\n\t\t\t\t\t\t<h3 class=\"uael-post__title\">\n\n\t\t\n\t\t\t\t\t\t<a href=\"https:\/\/ht-ost.com\/it\/fondare-una-comunita-tra-poverta-e-tradizione\/\" target=\"_self\">\n\t\t\t\tFondare una comunit\u00e0 tra povert\u00e0 e tradizione\t\t\t<\/a>\n\n\t\t\t\t<\/h3>\n\t\t\t\t\t<div class=\"uael-post__meta-data\">\n\t\t\t\t\t<span class=\"uael-post__date\">\n\t\t\t\t\t\t\t\t\t\t\t\t\t<i aria-hidden=\"true\" class=\"fa fa-calendar\"><\/i>\t\t\t\t\t\t\t\t\t\n\t\t\t22 Maggio 2025\t\t<\/span>\n\t\t\t\t<\/div>\n\t\t\n\t\t<div class=\"uael-post__excerpt\">\n\t\t\tUno spettacolo interessante si pu\u00f2 ammirare guidando verso il villaggio di Ma\u0219c\u0103u\u021bi. Le case sono fatiscenti. Si stima che qui vivano circa 1.500 persone, molte delle quali intrappolate nelle tradizioni religiose e in ...\t\t<\/div>\n\n\t\t\t\t\t<a class=\"uael-post__read-more elementor-button\" href=\"https:\/\/ht-ost.com\/it\/fondare-una-comunita-tra-poverta-e-tradizione\/\" target=\"_blank\" aria-labelledby=\"uael-post-28664\">\n\t\t\t\t\t<span class=\"elementor-button-content-wrapper\">\n\t\t\t\t\t\t\t\t\t\t\t\t\t\t<span class=\"elementor-button-icon elementor-align-icon-right\">\n\n\t\t\t\t\t\t\t\t\t<i aria-hidden=\"true\" class=\"fas fa-angle-right\"><\/i>\n\t\t\t\t\t\t\t\t<\/span>\n\t\t\t\t\t\t\t\t\t\t\t\t\t\n\t\t\t\t\t\t<span class=\"elementor-button-text\" id=uael-post-28664>Continua a leggere<\/span>\n\t\t\t\t\t<\/span>\n\t\t\t\t<\/a>\n\t\t\t\t\t\t<\/div>\n\t\t\t\n\t\t<\/div>\n\t\t\n\t<\/div>\n\n<\/div>\n\n<div class=\"uael-post-wrapper   editorial \">\n\t<div class=\"uael-post__bg-wrap uael-bg-wrap-disabled \">\n\n\t\t\t\t\t<a href=\"https:\/\/ht-ost.com\/it\/cerniera-lampo-uninvenzione-che-unisce\/\" target=\"_self\" class=\"uael-post__complete-box-overlay\" aria-label=\"Link Complete Box\"><\/a>\n\t\t\t\t\n\t\t<div class=\"uael-post__inner-wrap uael-inner-wrap-disabled\">\n\n\t\t\t\t<div class=\"uael-post__thumbnail\">\n\t\t\t\n\t\t\t<a href=\"https:\/\/ht-ost.com\/it\/cerniera-lampo-uninvenzione-che-unisce\/\" target=\"_self\" title=\"Cerniera lampo: un&#8217;invenzione che unisce\"><img loading=\"lazy\" decoding=\"async\" width=\"768\" height=\"512\" src=\"https:\/\/ht-ost.com\/wp-content\/uploads\/2025\/05\/zipper-3484702_1280-768x512.jpg\" class=\"attachment-medium_large size-medium_large wp-image-28655\" alt=\"\" srcset=\"https:\/\/ht-ost.com\/wp-content\/uploads\/2025\/05\/zipper-3484702_1280-768x512.jpg 768w, https:\/\/ht-ost.com\/wp-content\/uploads\/2025\/05\/zipper-3484702_1280-300x200.jpg 300w, https:\/\/ht-ost.com\/wp-content\/uploads\/2025\/05\/zipper-3484702_1280-1024x683.jpg 1024w, https:\/\/ht-ost.com\/wp-content\/uploads\/2025\/05\/zipper-3484702_1280.jpg 1280w\" sizes=\"(max-width: 768px) 100vw, 768px\" \/><\/a>\n\t\t\t\t\t<\/div>\n\t\t\n\t\t\t\n\t\t\t<div class=\"uael-post__content-wrap uael-content-wrap-disabled\">\n\t\t\t\t\t\t\t<div class=\"uael-post__terms-wrap\"><span class=\"uael-post__terms\"><a href=\"https:\/\/ht-ost.com\/de\/category\/editorial\/\" class=\"uael-listing__terms-link\" id=\"uael-post-term-editorial\" aria-labelledby=\"uael-post-term-editorial\">Editorial<\/a><\/span><\/div>\n\t\t\t\t\t\t<h3 class=\"uael-post__title\">\n\n\t\t\n\t\t\t\t\t\t<a href=\"https:\/\/ht-ost.com\/it\/cerniera-lampo-uninvenzione-che-unisce\/\" target=\"_self\">\n\t\t\t\tCerniera lampo: un&#8217;invenzione che unisce\t\t\t<\/a>\n\n\t\t\t\t<\/h3>\n\t\t\t\t\t<div class=\"uael-post__meta-data\">\n\t\t\t\t\t<span class=\"uael-post__date\">\n\t\t\t\t\t\t\t\t\t\t\t\t\t<i aria-hidden=\"true\" class=\"fa fa-calendar\"><\/i>\t\t\t\t\t\t\t\t\t\n\t\t\t22 Maggio 2025\t\t<\/span>\n\t\t\t\t<\/div>\n\t\t\n\t\t<div class=\"uael-post__excerpt\">\n\t\t\tCi sono invenzioni che sono diventate cos\u00ec comuni che ormai quasi non ci pensiamo pi\u00f9. La cerniera lampo \u00e8 una di queste. Dal 1928, la Svizzera non funziona pi\u00f9 senza RiRi. \t\t<\/div>\n\n\t\t\t\t\t<a class=\"uael-post__read-more elementor-button\" href=\"https:\/\/ht-ost.com\/it\/cerniera-lampo-uninvenzione-che-unisce\/\" target=\"_blank\" aria-labelledby=\"uael-post-28688\">\n\t\t\t\t\t<span class=\"elementor-button-content-wrapper\">\n\t\t\t\t\t\t\t\t\t\t\t\t\t\t<span class=\"elementor-button-icon elementor-align-icon-right\">\n\n\t\t\t\t\t\t\t\t\t<i aria-hidden=\"true\" class=\"fas fa-angle-right\"><\/i>\n\t\t\t\t\t\t\t\t<\/span>\n\t\t\t\t\t\t\t\t\t\t\t\t\t\n\t\t\t\t\t\t<span class=\"elementor-button-text\" id=uael-post-28688>Continua a leggere<\/span>\n\t\t\t\t\t<\/span>\n\t\t\t\t<\/a>\n\t\t\t\t\t\t<\/div>\n\t\t\t\n\t\t<\/div>\n\t\t\n\t<\/div>\n\n<\/div>\n\n<div class=\"uael-post-wrapper   pacchetto-di-natale-24\/25 \">\n\t<div class=\"uael-post__bg-wrap uael-bg-wrap-disabled \">\n\n\t\t\t\t\t<a href=\"https:\/\/ht-ost.com\/it\/una-citta-senza-comunita-fino-ad-ora\/\" target=\"_self\" class=\"uael-post__complete-box-overlay\" aria-label=\"Link Complete Box\"><\/a>\n\t\t\t\t\n\t\t<div class=\"uael-post__inner-wrap uael-inner-wrap-disabled\">\n\n\t\t\t\t<div class=\"uael-post__thumbnail\">\n\t\t\t\n\t\t\t<a href=\"https:\/\/ht-ost.com\/it\/una-citta-senza-comunita-fino-ad-ora\/\" target=\"_self\" title=\"Una citt\u00e0 senza chiesa \u2013 fino ad ora!\"><img loading=\"lazy\" decoding=\"async\" width=\"750\" height=\"500\" src=\"https:\/\/ht-ost.com\/wp-content\/uploads\/2025\/01\/20250110001_beitragsbild_md.jpg\" class=\"attachment-medium_large size-medium_large wp-image-27174\" alt=\"\" srcset=\"https:\/\/ht-ost.com\/wp-content\/uploads\/2025\/01\/20250110001_beitragsbild_md.jpg 750w, https:\/\/ht-ost.com\/wp-content\/uploads\/2025\/01\/20250110001_beitragsbild_md-300x200.jpg 300w\" sizes=\"(max-width: 750px) 100vw, 750px\" \/><\/a>\n\t\t\t\t\t<\/div>\n\t\t\n\t\t\t\n\t\t\t<div class=\"uael-post__content-wrap uael-content-wrap-disabled\">\n\t\t\t\t\t\t\t<div class=\"uael-post__terms-wrap\"><span class=\"uael-post__terms\"><a href=\"https:\/\/ht-ost.com\/it\/category\/pacchetto-di-natale-24-25\/\" class=\"uael-listing__terms-link\" id=\"uael-post-term-pacchetto-di-natale-24-25\" aria-labelledby=\"uael-post-term-pacchetto-di-natale-24-25\">Pacchetto di Natale 24\/25<\/a><\/span><\/div>\n\t\t\t\t\t\t<h3 class=\"uael-post__title\">\n\n\t\t\n\t\t\t\t\t\t<a href=\"https:\/\/ht-ost.com\/it\/una-citta-senza-comunita-fino-ad-ora\/\" target=\"_self\">\n\t\t\t\tUna citt\u00e0 senza chiesa \u2013 fino ad ora!\t\t\t<\/a>\n\n\t\t\t\t<\/h3>\n\t\t\t\t\t<div class=\"uael-post__meta-data\">\n\t\t\t\t\t<span class=\"uael-post__date\">\n\t\t\t\t\t\t\t\t\t\t\t\t\t<i aria-hidden=\"true\" class=\"fa fa-calendar\"><\/i>\t\t\t\t\t\t\t\t\t\n\t\t\t9 Gennaio 2025\t\t<\/span>\n\t\t\t\t<\/div>\n\t\t\n\t\t<div class=\"uael-post__excerpt\">\n\t\t\tOggi abbiamo avuto l&#8217;opportunit\u00e0 di recarci a Cazangic \u2013 una piccola citt\u00e0 dove finora non c&#8217;\u00e8 una comunit\u00e0 cristiana. L&#8217;invito al centro culturale della citt\u00e0 \u00e8 stata per noi un&#8217;occasione speciale per entrare ...\t\t<\/div>\n\n\t\t\t\t\t<a class=\"uael-post__read-more elementor-button\" href=\"https:\/\/ht-ost.com\/it\/una-citta-senza-comunita-fino-ad-ora\/\" target=\"_blank\" aria-labelledby=\"uael-post-27229\">\n\t\t\t\t\t<span class=\"elementor-button-content-wrapper\">\n\t\t\t\t\t\t\t\t\t\t\t\t\t\t<span class=\"elementor-button-icon elementor-align-icon-right\">\n\n\t\t\t\t\t\t\t\t\t<i aria-hidden=\"true\" class=\"fas fa-angle-right\"><\/i>\n\t\t\t\t\t\t\t\t<\/span>\n\t\t\t\t\t\t\t\t\t\t\t\t\t\n\t\t\t\t\t\t<span class=\"elementor-button-text\" id=uael-post-27229>Continua a leggere<\/span>\n\t\t\t\t\t<\/span>\n\t\t\t\t<\/a>\n\t\t\t\t\t\t<\/div>\n\t\t\t\n\t\t<\/div>\n\t\t\n\t<\/div>\n\n<\/div>\n\n<div class=\"uael-post-wrapper   pacchetto-di-natale-24\/25 \">\n\t<div class=\"uael-post__bg-wrap uael-bg-wrap-disabled \">\n\n\t\t\t\t\t<a href=\"https:\/\/ht-ost.com\/it\/dalloscurita-alla-luce\/\" target=\"_self\" class=\"uael-post__complete-box-overlay\" aria-label=\"Link Complete Box\"><\/a>\n\t\t\t\t\n\t\t<div class=\"uael-post__inner-wrap uael-inner-wrap-disabled\">\n\n\t\t\t\t<div class=\"uael-post__thumbnail\">\n\t\t\t\n\t\t\t<a href=\"https:\/\/ht-ost.com\/it\/dalloscurita-alla-luce\/\" target=\"_self\" title=\"Dall&#8217;oscurit\u00e0 alla luce\"><img loading=\"lazy\" decoding=\"async\" width=\"750\" height=\"500\" src=\"https:\/\/ht-ost.com\/wp-content\/uploads\/2025\/01\/20250109001_beitragsbild_md.jpg\" class=\"attachment-medium_large size-medium_large wp-image-27018\" alt=\"\" srcset=\"https:\/\/ht-ost.com\/wp-content\/uploads\/2025\/01\/20250109001_beitragsbild_md.jpg 750w, https:\/\/ht-ost.com\/wp-content\/uploads\/2025\/01\/20250109001_beitragsbild_md-300x200.jpg 300w\" sizes=\"(max-width: 750px) 100vw, 750px\" \/><\/a>\n\t\t\t\t\t<\/div>\n\t\t\n\t\t\t\n\t\t\t<div class=\"uael-post__content-wrap uael-content-wrap-disabled\">\n\t\t\t\t\t\t\t<div class=\"uael-post__terms-wrap\"><span class=\"uael-post__terms\"><a href=\"https:\/\/ht-ost.com\/it\/category\/pacchetto-di-natale-24-25\/\" class=\"uael-listing__terms-link\" id=\"uael-post-term-pacchetto-di-natale-24-25\" aria-labelledby=\"uael-post-term-pacchetto-di-natale-24-25\">Pacchetto di Natale 24\/25<\/a><\/span><\/div>\n\t\t\t\t\t\t<h3 class=\"uael-post__title\">\n\n\t\t\n\t\t\t\t\t\t<a href=\"https:\/\/ht-ost.com\/it\/dalloscurita-alla-luce\/\" target=\"_self\">\n\t\t\t\tDall&#8217;oscurit\u00e0 alla luce\t\t\t<\/a>\n\n\t\t\t\t<\/h3>\n\t\t\t\t\t<div class=\"uael-post__meta-data\">\n\t\t\t\t\t<span class=\"uael-post__date\">\n\t\t\t\t\t\t\t\t\t\t\t\t\t<i aria-hidden=\"true\" class=\"fa fa-calendar\"><\/i>\t\t\t\t\t\t\t\t\t\n\t\t\t8 Gennaio 2025\t\t<\/span>\n\t\t\t\t<\/div>\n\t\t\n\t\t<div class=\"uael-post__excerpt\">\n\t\t\tDopo gli incontri inizialmente difficili, tra cui minacce di morte, non smise di pregare per questo villaggio e di distribuirvi pacchi natalizi.\t\t<\/div>\n\n\t\t\t\t\t<a class=\"uael-post__read-more elementor-button\" href=\"https:\/\/ht-ost.com\/it\/dalloscurita-alla-luce\/\" target=\"_blank\" aria-labelledby=\"uael-post-27233\">\n\t\t\t\t\t<span class=\"elementor-button-content-wrapper\">\n\t\t\t\t\t\t\t\t\t\t\t\t\t\t<span class=\"elementor-button-icon elementor-align-icon-right\">\n\n\t\t\t\t\t\t\t\t\t<i aria-hidden=\"true\" class=\"fas fa-angle-right\"><\/i>\n\t\t\t\t\t\t\t\t<\/span>\n\t\t\t\t\t\t\t\t\t\t\t\t\t\n\t\t\t\t\t\t<span class=\"elementor-button-text\" id=uael-post-27233>Continua a leggere<\/span>\n\t\t\t\t\t<\/span>\n\t\t\t\t<\/a>\n\t\t\t\t\t\t<\/div>\n\t\t\t\n\t\t<\/div>\n\t\t\n\t<\/div>\n\n<\/div>\n\n<div class=\"uael-post-wrapper   pacchetto-di-natale-24\/25 \">\n\t<div class=\"uael-post__bg-wrap uael-bg-wrap-disabled \">\n\n\t\t\t\t\t<a href=\"https:\/\/ht-ost.com\/it\/approfondimenti-da-lutsk-irpenj-e-kiev\/\" target=\"_self\" class=\"uael-post__complete-box-overlay\" aria-label=\"Link Complete Box\"><\/a>\n\t\t\t\t\n\t\t<div class=\"uael-post__inner-wrap uael-inner-wrap-disabled\">\n\n\t\t\t\t<div class=\"uael-post__thumbnail\">\n\t\t\t\n\t\t\t<a href=\"https:\/\/ht-ost.com\/it\/approfondimenti-da-lutsk-irpenj-e-kiev\/\" target=\"_self\" title=\"Approfondimenti da Lutsk, Irpenj e Kiev\"><img loading=\"lazy\" decoding=\"async\" width=\"750\" height=\"500\" src=\"https:\/\/ht-ost.com\/wp-content\/uploads\/2025\/01\/20250109001_beitragsbild_ua.jpg\" class=\"attachment-medium_large size-medium_large wp-image-26938\" alt=\"\" srcset=\"https:\/\/ht-ost.com\/wp-content\/uploads\/2025\/01\/20250109001_beitragsbild_ua.jpg 750w, https:\/\/ht-ost.com\/wp-content\/uploads\/2025\/01\/20250109001_beitragsbild_ua-300x200.jpg 300w\" sizes=\"(max-width: 750px) 100vw, 750px\" \/><\/a>\n\t\t\t\t\t<\/div>\n\t\t\n\t\t\t\n\t\t\t<div class=\"uael-post__content-wrap uael-content-wrap-disabled\">\n\t\t\t\t\t\t\t<div class=\"uael-post__terms-wrap\"><span class=\"uael-post__terms\"><a href=\"https:\/\/ht-ost.com\/it\/category\/pacchetto-di-natale-24-25\/\" class=\"uael-listing__terms-link\" id=\"uael-post-term-pacchetto-di-natale-24-25\" aria-labelledby=\"uael-post-term-pacchetto-di-natale-24-25\">Pacchetto di Natale 24\/25<\/a><\/span><\/div>\n\t\t\t\t\t\t<h3 class=\"uael-post__title\">\n\n\t\t\n\t\t\t\t\t\t<a href=\"https:\/\/ht-ost.com\/it\/approfondimenti-da-lutsk-irpenj-e-kiev\/\" target=\"_self\">\n\t\t\t\tApprofondimenti da Lutsk, Irpenj e Kiev\t\t\t<\/a>\n\n\t\t\t\t<\/h3>\n\t\t\t\t\t<div class=\"uael-post__meta-data\">\n\t\t\t\t\t<span class=\"uael-post__date\">\n\t\t\t\t\t\t\t\t\t\t\t\t\t<i aria-hidden=\"true\" class=\"fa fa-calendar\"><\/i>\t\t\t\t\t\t\t\t\t\n\t\t\t8 Gennaio 2025\t\t<\/span>\n\t\t\t\t<\/div>\n\t\t\n\t\t<div class=\"uael-post__excerpt\">\n\t\t\tNonostante le sfide audaci sulla strada, soprattutto per i nostri compagni ucraini ai posti di blocco militari, siamo arrivati \u200b\u200bsani e salvi alla nostra destinazione.\t\t<\/div>\n\n\t\t\t\t\t<a class=\"uael-post__read-more elementor-button\" href=\"https:\/\/ht-ost.com\/it\/approfondimenti-da-lutsk-irpenj-e-kiev\/\" target=\"_blank\" aria-labelledby=\"uael-post-27169\">\n\t\t\t\t\t<span class=\"elementor-button-content-wrapper\">\n\t\t\t\t\t\t\t\t\t\t\t\t\t\t<span class=\"elementor-button-icon elementor-align-icon-right\">\n\n\t\t\t\t\t\t\t\t\t<i aria-hidden=\"true\" class=\"fas fa-angle-right\"><\/i>\n\t\t\t\t\t\t\t\t<\/span>\n\t\t\t\t\t\t\t\t\t\t\t\t\t\n\t\t\t\t\t\t<span class=\"elementor-button-text\" id=uael-post-27169>Continua a leggere<\/span>\n\t\t\t\t\t<\/span>\n\t\t\t\t<\/a>\n\t\t\t\t\t\t<\/div>\n\t\t\t\n\t\t<\/div>\n\t\t\n\t<\/div>\n\n<\/div>\n\n<div class=\"uael-post-wrapper   pacchetto-di-natale-24\/25 \">\n\t<div class=\"uael-post__bg-wrap uael-bg-wrap-disabled \">\n\n\t\t\t\t\t<a href=\"https:\/\/ht-ost.com\/it\/da-giovane-dotato-a-pastore\/\" target=\"_self\" class=\"uael-post__complete-box-overlay\" aria-label=\"Link Complete Box\"><\/a>\n\t\t\t\t\n\t\t<div class=\"uael-post__inner-wrap uael-inner-wrap-disabled\">\n\n\t\t\t\t<div class=\"uael-post__thumbnail\">\n\t\t\t\n\t\t\t<a href=\"https:\/\/ht-ost.com\/it\/da-giovane-dotato-a-pastore\/\" target=\"_self\" title=\"Da giovane dotato a pastore\"><img loading=\"lazy\" decoding=\"async\" width=\"750\" height=\"500\" src=\"https:\/\/ht-ost.com\/wp-content\/uploads\/2025\/01\/20250107001_beitragsbild_md.jpg\" class=\"attachment-medium_large size-medium_large wp-image-26770\" alt=\"\" srcset=\"https:\/\/ht-ost.com\/wp-content\/uploads\/2025\/01\/20250107001_beitragsbild_md.jpg 750w, https:\/\/ht-ost.com\/wp-content\/uploads\/2025\/01\/20250107001_beitragsbild_md-300x200.jpg 300w\" sizes=\"(max-width: 750px) 100vw, 750px\" \/><\/a>\n\t\t\t\t\t<\/div>\n\t\t\n\t\t\t\n\t\t\t<div class=\"uael-post__content-wrap uael-content-wrap-disabled\">\n\t\t\t\t\t\t\t<div class=\"uael-post__terms-wrap\"><span class=\"uael-post__terms\"><a href=\"https:\/\/ht-ost.com\/it\/category\/pacchetto-di-natale-24-25\/\" class=\"uael-listing__terms-link\" id=\"uael-post-term-pacchetto-di-natale-24-25\" aria-labelledby=\"uael-post-term-pacchetto-di-natale-24-25\">Pacchetto di Natale 24\/25<\/a><\/span><\/div>\n\t\t\t\t\t\t<h3 class=\"uael-post__title\">\n\n\t\t\n\t\t\t\t\t\t<a href=\"https:\/\/ht-ost.com\/it\/da-giovane-dotato-a-pastore\/\" target=\"_self\">\n\t\t\t\tDa giovane dotato a pastore\t\t\t<\/a>\n\n\t\t\t\t<\/h3>\n\t\t\t\t\t<div class=\"uael-post__meta-data\">\n\t\t\t\t\t<span class=\"uael-post__date\">\n\t\t\t\t\t\t\t\t\t\t\t\t\t<i aria-hidden=\"true\" class=\"fa fa-calendar\"><\/i>\t\t\t\t\t\t\t\t\t\n\t\t\t6 Gennaio 2025\t\t<\/span>\n\t\t\t\t<\/div>\n\t\t\n\t\t<div class=\"uael-post__excerpt\">\n\t\t\tQuesta mattina, la nostra giornata \u00e8 iniziata presto quando ci siamo riuniti alle 7:45 con i volti stanchi per caricare oltre 180 pacchi natalizi nei nostri veicoli. Dopo una deliziosa colazione, ci siamo ...\t\t<\/div>\n\n\t\t\t\t\t<a class=\"uael-post__read-more elementor-button\" href=\"https:\/\/ht-ost.com\/it\/da-giovane-dotato-a-pastore\/\" target=\"_blank\" aria-labelledby=\"uael-post-27237\">\n\t\t\t\t\t<span class=\"elementor-button-content-wrapper\">\n\t\t\t\t\t\t\t\t\t\t\t\t\t\t<span class=\"elementor-button-icon elementor-align-icon-right\">\n\n\t\t\t\t\t\t\t\t\t<i aria-hidden=\"true\" class=\"fas fa-angle-right\"><\/i>\n\t\t\t\t\t\t\t\t<\/span>\n\t\t\t\t\t\t\t\t\t\t\t\t\t\n\t\t\t\t\t\t<span class=\"elementor-button-text\" id=uael-post-27237>Continua a leggere<\/span>\n\t\t\t\t\t<\/span>\n\t\t\t\t<\/a>\n\t\t\t\t\t\t<\/div>\n\t\t\t\n\t\t<\/div>\n\t\t\n\t<\/div>\n\n<\/div>\n\n<div class=\"uael-post-wrapper   pacchetto-di-natale-24\/25 \">\n\t<div class=\"uael-post__bg-wrap uael-bg-wrap-disabled \">\n\n\t\t\t\t\t<a href=\"https:\/\/ht-ost.com\/it\/festa-di-natale-per-bambini-a-yarmolyntsi\/\" target=\"_self\" class=\"uael-post__complete-box-overlay\" aria-label=\"Link Complete Box\"><\/a>\n\t\t\t\t\n\t\t<div class=\"uael-post__inner-wrap uael-inner-wrap-disabled\">\n\n\t\t\t\t<div class=\"uael-post__thumbnail\">\n\t\t\t\n\t\t\t<a href=\"https:\/\/ht-ost.com\/it\/festa-di-natale-per-bambini-a-yarmolyntsi\/\" target=\"_self\" title=\"Festa di Natale per bambini a Yarmolyntsi\"><img loading=\"lazy\" decoding=\"async\" width=\"750\" height=\"500\" src=\"https:\/\/ht-ost.com\/wp-content\/uploads\/2025\/01\/20250107001_beitragsbild_ua.jpg\" class=\"attachment-medium_large size-medium_large wp-image-26724\" alt=\"\" srcset=\"https:\/\/ht-ost.com\/wp-content\/uploads\/2025\/01\/20250107001_beitragsbild_ua.jpg 750w, https:\/\/ht-ost.com\/wp-content\/uploads\/2025\/01\/20250107001_beitragsbild_ua-300x200.jpg 300w\" sizes=\"(max-width: 750px) 100vw, 750px\" \/><\/a>\n\t\t\t\t\t<\/div>\n\t\t\n\t\t\t\n\t\t\t<div class=\"uael-post__content-wrap uael-content-wrap-disabled\">\n\t\t\t\t\t\t\t<div class=\"uael-post__terms-wrap\"><span class=\"uael-post__terms\"><a href=\"https:\/\/ht-ost.com\/it\/category\/pacchetto-di-natale-24-25\/\" class=\"uael-listing__terms-link\" id=\"uael-post-term-pacchetto-di-natale-24-25\" aria-labelledby=\"uael-post-term-pacchetto-di-natale-24-25\">Pacchetto di Natale 24\/25<\/a><\/span><\/div>\n\t\t\t\t\t\t<h3 class=\"uael-post__title\">\n\n\t\t\n\t\t\t\t\t\t<a href=\"https:\/\/ht-ost.com\/it\/festa-di-natale-per-bambini-a-yarmolyntsi\/\" target=\"_self\">\n\t\t\t\tFesta di Natale per bambini a Yarmolyntsi\t\t\t<\/a>\n\n\t\t\t\t<\/h3>\n\t\t\t\t\t<div class=\"uael-post__meta-data\">\n\t\t\t\t\t<span class=\"uael-post__date\">\n\t\t\t\t\t\t\t\t\t\t\t\t\t<i aria-hidden=\"true\" class=\"fa fa-calendar\"><\/i>\t\t\t\t\t\t\t\t\t\n\t\t\t5 Gennaio 2025\t\t<\/span>\n\t\t\t\t<\/div>\n\t\t\n\t\t<div class=\"uael-post__excerpt\">\n\t\t\tOggi siamo stati nel villaggio di Yarmolyntsi. L\u00ec c&#8217;\u00e8 una chiesa meravigliosa che aiuta attivamente i bambini e le famiglie con un reddito basso. Oggi, insieme a questa chiesa, abbiamo organizzato un giorno ...\t\t<\/div>\n\n\t\t\t\t\t<a class=\"uael-post__read-more elementor-button\" href=\"https:\/\/ht-ost.com\/it\/festa-di-natale-per-bambini-a-yarmolyntsi\/\" target=\"_blank\" aria-labelledby=\"uael-post-26933\">\n\t\t\t\t\t<span class=\"elementor-button-content-wrapper\">\n\t\t\t\t\t\t\t\t\t\t\t\t\t\t<span class=\"elementor-button-icon elementor-align-icon-right\">\n\n\t\t\t\t\t\t\t\t\t<i aria-hidden=\"true\" class=\"fas fa-angle-right\"><\/i>\n\t\t\t\t\t\t\t\t<\/span>\n\t\t\t\t\t\t\t\t\t\t\t\t\t\n\t\t\t\t\t\t<span class=\"elementor-button-text\" id=uael-post-26933>Continua a leggere<\/span>\n\t\t\t\t\t<\/span>\n\t\t\t\t<\/a>\n\t\t\t\t\t\t<\/div>\n\t\t\t\n\t\t<\/div>\n\t\t\n\t<\/div>\n\n<\/div>\n\n<div class=\"uael-post-wrapper   pacchetto-di-natale-24\/25 \">\n\t<div class=\"uael-post__bg-wrap uael-bg-wrap-disabled \">\n\n\t\t\t\t\t<a href=\"https:\/\/ht-ost.com\/it\/una-giornata-piena-di-musica-giochi-e-regali\/\" target=\"_self\" class=\"uael-post__complete-box-overlay\" aria-label=\"Link Complete Box\"><\/a>\n\t\t\t\t\n\t\t<div class=\"uael-post__inner-wrap uael-inner-wrap-disabled\">\n\n\t\t\t\t<div class=\"uael-post__thumbnail\">\n\t\t\t\n\t\t\t<a href=\"https:\/\/ht-ost.com\/it\/una-giornata-piena-di-musica-giochi-e-regali\/\" target=\"_self\" title=\"Una giornata piena di musica, giochi e regali\"><img loading=\"lazy\" decoding=\"async\" width=\"400\" height=\"267\" src=\"https:\/\/ht-ost.com\/wp-content\/uploads\/2025\/01\/iuztdgfhjklohgj.jpg\" class=\"attachment-medium_large size-medium_large wp-image-26370\" alt=\"\" srcset=\"https:\/\/ht-ost.com\/wp-content\/uploads\/2025\/01\/iuztdgfhjklohgj.jpg 400w, https:\/\/ht-ost.com\/wp-content\/uploads\/2025\/01\/iuztdgfhjklohgj-300x200.jpg 300w\" sizes=\"(max-width: 400px) 100vw, 400px\" \/><\/a>\n\t\t\t\t\t<\/div>\n\t\t\n\t\t\t\n\t\t\t<div class=\"uael-post__content-wrap uael-content-wrap-disabled\">\n\t\t\t\t\t\t\t<div class=\"uael-post__terms-wrap\"><span class=\"uael-post__terms\"><a href=\"https:\/\/ht-ost.com\/it\/category\/pacchetto-di-natale-24-25\/\" class=\"uael-listing__terms-link\" id=\"uael-post-term-pacchetto-di-natale-24-25\" aria-labelledby=\"uael-post-term-pacchetto-di-natale-24-25\">Pacchetto di Natale 24\/25<\/a><\/span><\/div>\n\t\t\t\t\t\t<h3 class=\"uael-post__title\">\n\n\t\t\n\t\t\t\t\t\t<a href=\"https:\/\/ht-ost.com\/it\/una-giornata-piena-di-musica-giochi-e-regali\/\" target=\"_self\">\n\t\t\t\tUna giornata piena di musica, giochi e regali\t\t\t<\/a>\n\n\t\t\t\t<\/h3>\n\t\t\t\t\t<div class=\"uael-post__meta-data\">\n\t\t\t\t\t<span class=\"uael-post__date\">\n\t\t\t\t\t\t\t\t\t\t\t\t\t<i aria-hidden=\"true\" class=\"fa fa-calendar\"><\/i>\t\t\t\t\t\t\t\t\t\n\t\t\t4 Gennaio 2025\t\t<\/span>\n\t\t\t\t<\/div>\n\t\t\n\t\t<div class=\"uael-post__excerpt\">\n\t\t\tLa giornata \u00e8 iniziata su una strada appena innevata, che incorniciava perfettamente l&#8217;atmosfera invernale. Il primo evento era rivolto alle famiglie di rifugiati ed \u00e8 iniziato con un festoso canto natalizio accompagnato da ...\t\t<\/div>\n\n\t\t\t\t\t<a class=\"uael-post__read-more elementor-button\" href=\"https:\/\/ht-ost.com\/it\/una-giornata-piena-di-musica-giochi-e-regali\/\" target=\"_blank\" aria-labelledby=\"uael-post-26595\">\n\t\t\t\t\t<span class=\"elementor-button-content-wrapper\">\n\t\t\t\t\t\t\t\t\t\t\t\t\t\t<span class=\"elementor-button-icon elementor-align-icon-right\">\n\n\t\t\t\t\t\t\t\t\t<i aria-hidden=\"true\" class=\"fas fa-angle-right\"><\/i>\n\t\t\t\t\t\t\t\t<\/span>\n\t\t\t\t\t\t\t\t\t\t\t\t\t\n\t\t\t\t\t\t<span class=\"elementor-button-text\" id=uael-post-26595>Continua a leggere<\/span>\n\t\t\t\t\t<\/span>\n\t\t\t\t<\/a>\n\t\t\t\t\t\t<\/div>\n\t\t\t\n\t\t<\/div>\n\t\t\n\t<\/div>\n\n<\/div>\n\n<div class=\"uael-post-wrapper   pacchetto-di-natale-24\/25 \">\n\t<div class=\"uael-post__bg-wrap uael-bg-wrap-disabled \">\n\n\t\t\t\t\t<a href=\"https:\/\/ht-ost.com\/it\/dalla-visione-alla-realta\/\" target=\"_self\" class=\"uael-post__complete-box-overlay\" aria-label=\"Link Complete Box\"><\/a>\n\t\t\t\t\n\t\t<div class=\"uael-post__inner-wrap uael-inner-wrap-disabled\">\n\n\t\t\t\t<div class=\"uael-post__thumbnail\">\n\t\t\t\n\t\t\t<a href=\"https:\/\/ht-ost.com\/it\/dalla-visione-alla-realta\/\" target=\"_self\" title=\"Dalla visione alla realt\u00e0\"><img loading=\"lazy\" decoding=\"async\" width=\"400\" height=\"267\" src=\"https:\/\/ht-ost.com\/wp-content\/uploads\/2025\/01\/ghjgfdrztuihji.jpg\" class=\"attachment-medium_large size-medium_large wp-image-26365\" alt=\"\" srcset=\"https:\/\/ht-ost.com\/wp-content\/uploads\/2025\/01\/ghjgfdrztuihji.jpg 400w, https:\/\/ht-ost.com\/wp-content\/uploads\/2025\/01\/ghjgfdrztuihji-300x200.jpg 300w\" sizes=\"(max-width: 400px) 100vw, 400px\" \/><\/a>\n\t\t\t\t\t<\/div>\n\t\t\n\t\t\t\n\t\t\t<div class=\"uael-post__content-wrap uael-content-wrap-disabled\">\n\t\t\t\t\t\t\t<div class=\"uael-post__terms-wrap\"><span class=\"uael-post__terms\"><a href=\"https:\/\/ht-ost.com\/it\/category\/pacchetto-di-natale-24-25\/\" class=\"uael-listing__terms-link\" id=\"uael-post-term-pacchetto-di-natale-24-25\" aria-labelledby=\"uael-post-term-pacchetto-di-natale-24-25\">Pacchetto di Natale 24\/25<\/a><\/span><\/div>\n\t\t\t\t\t\t<h3 class=\"uael-post__title\">\n\n\t\t\n\t\t\t\t\t\t<a href=\"https:\/\/ht-ost.com\/it\/dalla-visione-alla-realta\/\" target=\"_self\">\n\t\t\t\tDalla visione alla realt\u00e0\t\t\t<\/a>\n\n\t\t\t\t<\/h3>\n\t\t\t\t\t<div class=\"uael-post__meta-data\">\n\t\t\t\t\t<span class=\"uael-post__date\">\n\t\t\t\t\t\t\t\t\t\t\t\t\t<i aria-hidden=\"true\" class=\"fa fa-calendar\"><\/i>\t\t\t\t\t\t\t\t\t\n\t\t\t4 Gennaio 2025\t\t<\/span>\n\t\t\t\t<\/div>\n\t\t\n\t\t<div class=\"uael-post__excerpt\">\n\t\t\tA Criuleni i pacchi di Natale hanno cambiato la vita di tanti bambini. In che modo tali azioni possono rafforzare la fiducia e la solidariet\u00e0 oltre il momento di gioia?\t\t<\/div>\n\n\t\t\t\t\t<a class=\"uael-post__read-more elementor-button\" href=\"https:\/\/ht-ost.com\/it\/dalla-visione-alla-realta\/\" target=\"_blank\" aria-labelledby=\"uael-post-26708\">\n\t\t\t\t\t<span class=\"elementor-button-content-wrapper\">\n\t\t\t\t\t\t\t\t\t\t\t\t\t\t<span class=\"elementor-button-icon elementor-align-icon-right\">\n\n\t\t\t\t\t\t\t\t\t<i aria-hidden=\"true\" class=\"fas fa-angle-right\"><\/i>\n\t\t\t\t\t\t\t\t<\/span>\n\t\t\t\t\t\t\t\t\t\t\t\t\t\n\t\t\t\t\t\t<span class=\"elementor-button-text\" id=uael-post-26708>Continua a leggere<\/span>\n\t\t\t\t\t<\/span>\n\t\t\t\t<\/a>\n\t\t\t\t\t\t<\/div>\n\t\t\t\n\t\t<\/div>\n\t\t\n\t<\/div>\n\n<\/div>\n\t\t\t\t<\/div>\n\t\t\t\t\t\t\n\t\t<\/div>\n\n\t\t\t\t\t\t<\/div>\n\t\t<div class=\"uael-post__footer\">\n\t\t\t\t\t<\/div>\n\t\t\t\t\t\t<\/div>\n\t\t\t\t<\/div>\n\t\t\t\t\t<\/div>\n\t\t<\/div>\n\t\t\t\t<div class=\"elementor-column elementor-col-33 elementor-inner-column elementor-element elementor-element-faf9c6b\" data-id=\"faf9c6b\" data-element_type=\"column\" data-e-type=\"column\">\n\t\t\t<div class=\"elementor-widget-wrap\">\n\t\t\t\t\t\t\t<\/div>\n\t\t<\/div>\n\t\t\t\t\t<\/div>\n\t\t<\/section>\n\t\t\t\t<div class=\"elementor-element elementor-element-b577f79 elementor-widget elementor-widget-spacer\" data-id=\"b577f79\" data-element_type=\"widget\" data-e-type=\"widget\" data-widget_type=\"spacer.default\">\n\t\t\t\t<div class=\"elementor-widget-container\">\n\t\t\t\t\t\t\t<div class=\"elementor-spacer\">\n\t\t\t<div class=\"elementor-spacer-inner\"><\/div>\n\t\t<\/div>\n\t\t\t\t\t\t<\/div>\n\t\t\t\t<\/div>\n\t\t\t\t<div class=\"elementor-element elementor-element-579bea4 elementor-widget elementor-widget-spacer\" data-id=\"579bea4\" data-element_type=\"widget\" data-e-type=\"widget\" data-widget_type=\"spacer.default\">\n\t\t\t\t<div class=\"elementor-widget-container\">\n\t\t\t\t\t\t\t<div class=\"elementor-spacer\">\n\t\t\t<div class=\"elementor-spacer-inner\"><\/div>\n\t\t<\/div>\n\t\t\t\t\t\t<\/div>\n\t\t\t\t<\/div>\n\t\t\t\t\t<\/div>\n\t\t<\/div>\n\t\t\t\t\t<\/div>\n\t\t<\/section>\n\t\t\t\t<\/div>\n\t\t","protected":false},"excerpt":{"rendered":"<p>Attualit\u00e0 Tutte le novit\u00e0 Padrinati Opportunit\u00e0 per una vita migliore 26. Mai 2025 \u00c8 uno dei nostri progetti pi\u00f9 importanti. Apre le porte ed \u00e8 il modo migliore per l&#8217;evangelizzazione personale. Cambia la vita e crea nuove prospettive per le [&hellip;]<\/p>\n","protected":false},"author":1,"featured_media":0,"parent":0,"menu_order":0,"comment_status":"closed","ping_status":"closed","template":"elementor_header_footer","meta":{"site-sidebar-layout":"no-sidebar","site-content-layout":"page-builder","ast-site-content-layout":"default","site-content-style":"default","site-sidebar-style":"default","ast-global-header-display":"","ast-banner-title-visibility":"","ast-main-header-display":"","ast-hfb-above-header-display":"","ast-hfb-below-header-display":"","ast-hfb-mobile-header-display":"","site-post-title":"disabled","ast-breadcrumbs-content":"","ast-featured-img":"disabled","footer-sml-layout":"","ast-disable-related-posts":"","theme-transparent-header-meta":"enabled","adv-header-id-meta":"","stick-header-meta":"default","header-above-stick-meta":"","header-main-stick-meta":"","header-below-stick-meta":"","astra-migrate-meta-layouts":"default","ast-page-background-enabled":"default","ast-page-background-meta":{"desktop":{"background-color":"","background-image":"","background-repeat":"repeat","background-position":"center center","background-size":"auto","background-attachment":"scroll","background-type":"","background-media":"","overlay-type":"","overlay-color":"","overlay-opacity":"","overlay-gradient":""},"tablet":{"background-color":"","background-image":"","background-repeat":"repeat","background-position":"center center","background-size":"auto","background-attachment":"scroll","background-type":"","background-media":"","overlay-type":"","overlay-color":"","overlay-opacity":"","overlay-gradient":""},"mobile":{"background-color":"","background-image":"","background-repeat":"repeat","background-position":"center center","background-size":"auto","background-attachment":"scroll","background-type":"","background-media":"","overlay-type":"","overlay-color":"","overlay-opacity":"","overlay-gradient":""}},"ast-content-background-meta":{"desktop":{"background-color":"var(--ast-global-color-5)","background-image":"","background-repeat":"repeat","background-position":"center center","background-size":"auto","background-attachment":"scroll","background-type":"","background-media":"","overlay-type":"","overlay-color":"","overlay-opacity":"","overlay-gradient":""},"tablet":{"background-color":"var(--ast-global-color-5)","background-image":"","background-repeat":"repeat","background-position":"center center","background-size":"auto","background-attachment":"scroll","background-type":"","background-media":"","overlay-type":"","overlay-color":"","overlay-opacity":"","overlay-gradient":""},"mobile":{"background-color":"var(--ast-global-color-5)","background-image":"","background-repeat":"repeat","background-position":"center center","background-size":"auto","background-attachment":"scroll","background-type":"","background-media":"","overlay-type":"","overlay-color":"","overlay-opacity":"","overlay-gradient":""}},"footnotes":""},"class_list":["post-7936","page","type-page","status-publish","hentry"],"_links":{"self":[{"href":"https:\/\/ht-ost.com\/it\/wp-json\/wp\/v2\/pages\/7936","targetHints":{"allow":["GET"]}}],"collection":[{"href":"https:\/\/ht-ost.com\/it\/wp-json\/wp\/v2\/pages"}],"about":[{"href":"https:\/\/ht-ost.com\/it\/wp-json\/wp\/v2\/types\/page"}],"author":[{"embeddable":true,"href":"https:\/\/ht-ost.com\/it\/wp-json\/wp\/v2\/users\/1"}],"replies":[{"embeddable":true,"href":"https:\/\/ht-ost.com\/it\/wp-json\/wp\/v2\/comments?post=7936"}],"version-history":[{"count":22,"href":"https:\/\/ht-ost.com\/it\/wp-json\/wp\/v2\/pages\/7936\/revisions"}],"predecessor-version":[{"id":28693,"href":"https:\/\/ht-ost.com\/it\/wp-json\/wp\/v2\/pages\/7936\/revisions\/28693"}],"wp:attachment":[{"href":"https:\/\/ht-ost.com\/it\/wp-json\/wp\/v2\/media?parent=7936"}],"curies":[{"name":"wp","href":"https:\/\/api.w.org\/{rel}","templated":true}]}}